
{"id":915,"date":"2019-11-06T11:52:46","date_gmt":"2019-11-06T10:52:46","guid":{"rendered":"https:\/\/www.carmelitesenfantjesus.fr\/sp\/?page_id=915"},"modified":"2019-11-06T16:48:28","modified_gmt":"2019-11-06T15:48:28","slug":"protectiondesdonnes","status":"publish","type":"page","link":"https:\/\/www.carmelitesenfantjesus.fr\/sp\/protectiondesdonnes\/","title":{"rendered":"Protection des donn\u00e9es"},"content":{"rendered":"\t\t<div data-elementor-type=\"wp-post\" data-elementor-id=\"915\" class=\"elementor elementor-915\" data-elementor-settings=\"[]\">\n\t\t\t\t\t\t<div class=\"elementor-inner\">\n\t\t\t\t\t\t\t<div class=\"elementor-section-wrap\">\n\t\t\t\t\t\t\t<section class=\"elementor-section elementor-top-section elementor-element elementor-element-4d8b9a9 elementor-section-boxed elementor-section-height-default elementor-section-height-default\" data-id=\"4d8b9a9\" data-element_type=\"section\">\n\t\t\t\t\t\t<div class=\"elementor-container elementor-column-gap-default\">\n\t\t\t\t\t\t\t<div class=\"elementor-row\">\n\t\t\t\t\t<div class=\"elementor-column elementor-col-100 elementor-top-column elementor-element elementor-element-669bde3\" data-id=\"669bde3\" data-element_type=\"column\">\n\t\t\t<div class=\"elementor-column-wrap elementor-element-populated\">\n\t\t\t\t\t\t\t<div class=\"elementor-widget-wrap\">\n\t\t\t\t\t\t<div class=\"elementor-element elementor-element-5d8d48f elementor-widget elementor-widget-heading\" data-id=\"5d8d48f\" data-element_type=\"widget\" data-widget_type=\"heading.default\">\n\t\t\t\t<div class=\"elementor-widget-container\">\n\t\t\t<h1 class=\"elementor-heading-title elementor-size-default\">PROTECTION DES DONNEES<\/h1>\t\t<\/div>\n\t\t\t\t<\/div>\n\t\t\t\t<div class=\"elementor-element elementor-element-effe6b7 elementor-widget elementor-widget-heading\" data-id=\"effe6b7\" data-element_type=\"widget\" data-widget_type=\"heading.default\">\n\t\t\t\t<div class=\"elementor-widget-container\">\n\t\t\t<h1 class=\"elementor-heading-title elementor-size-default\">POLITIQUE DE CONFIDENTIALITE<\/h1>\t\t<\/div>\n\t\t\t\t<\/div>\n\t\t\t\t<div class=\"elementor-element elementor-element-35aec4c elementor-widget elementor-widget-heading\" data-id=\"35aec4c\" data-element_type=\"widget\" data-widget_type=\"heading.default\">\n\t\t\t\t<div class=\"elementor-widget-container\">\n\t\t\t<h1 class=\"elementor-heading-title elementor-size-default\">Communaut\u00e9 des S\u0153urs Carm\u00e9lites de l'Enfant-J\u00e9sus<\/h1>\t\t<\/div>\n\t\t\t\t<\/div>\n\t\t\t\t<div class=\"elementor-element elementor-element-1cba202 elementor-widget elementor-widget-text-editor\" data-id=\"1cba202\" data-element_type=\"widget\" data-widget_type=\"text-editor.default\">\n\t\t\t\t<div class=\"elementor-widget-container\">\n\t\t\t\t\t\t\t\t<div class=\"elementor-text-editor elementor-clearfix\">\n\t\t\t\t\t<p>Depuis le 25 mai 2018, le \u00ab\u00a0R\u00e8glement G\u00e9n\u00e9ral pour la Protection des Donn\u00e9es\u00a0\u00bb est entr\u00e9 en vigueur. Il garantit aux citoyens europ\u00e9ens de nouveaux droits concernant l\u2019utilisation de leurs donn\u00e9es personnelles par des Tiers. Nous vous assurons de l\u2019engagement de notre communaut\u00e9 des <b>S\u0153urs Carm\u00e9lites de l&#8217;Enfant-J\u00e9sus<\/b> dans ce domaine.<\/p><p>Notre communaut\u00e9 des <b>S\u0153urs Carm\u00e9lites de l&#8217;Enfant-J\u00e9sus<\/b> prot\u00e8ge vos donn\u00e9es et en reste la seule propri\u00e9taire. Vos donn\u00e9es ne sont ni vendues \u00e0 des Tiers, ni \u00e9chang\u00e9es. Elles sont utilis\u00e9es pour vous informer de nos actions, g\u00e9rer vos dons, ou faire appel \u00e0 votre g\u00e9n\u00e9rosit\u00e9. Nous les conservons pendant la dur\u00e9e strictement n\u00e9cessaire \u00e0 la r\u00e9alisation des finalit\u00e9s mentionn\u00e9es ci-dessus.<\/p><p>Sachez \u00e9galement que vous b\u00e9n\u00e9ficiez d\u2019un droit d\u2019acc\u00e8s \u00e0 vos donn\u00e9es pour leur rectification ou leur effacement, en contactant la communaut\u00e9 des <b>S\u0153urs Carm\u00e9lites de l&#8217;Enfant-J\u00e9sus<\/b> par courrier, par e-mail ou par t\u00e9l\u00e9phone.<\/p><p><b>S\u0153urs Carm\u00e9lites de l&#8217;Enfant-J\u00e9sus<\/b><\/p><p>5 ter rue Gambetta \u2013 65200 Bagn\u00e8res de Bigorre &#8211; 05 62 41 49 89 \u2013 <a href=\"mailto:cejesusbb@free.fr\">cejesusbb@free.fr<\/a><\/p><p>14, rue de Chorey \u2013 21200 Beaune \u2013 03 80 22 27 43 \u2013 <a href=\"mailto:cej.beaune@gmail.com\">cej.beaune@gmail.com<\/a><\/p><p>311 avenue du Carmel \u2013 83200 Toulon \u2013 04 94 24 51 98 \u2013 <a href=\"mailto:cejesusbb@free.fr\">cej.toulon@gmail.com<\/a><\/p>\t\t\t\t\t<\/div>\n\t\t\t\t\t\t<\/div>\n\t\t\t\t<\/div>\n\t\t\t\t<div class=\"elementor-element elementor-element-5804e0e elementor-widget elementor-widget-spacer\" data-id=\"5804e0e\" data-element_type=\"widget\" data-widget_type=\"spacer.default\">\n\t\t\t\t<div class=\"elementor-widget-container\">\n\t\t\t\t\t<div class=\"elementor-spacer\">\n\t\t\t<div class=\"elementor-spacer-inner\"><\/div>\n\t\t<\/div>\n\t\t\t\t<\/div>\n\t\t\t\t<\/div>\n\t\t\t\t\t\t<\/div>\n\t\t\t\t\t<\/div>\n\t\t<\/div>\n\t\t\t\t\t\t\t\t<\/div>\n\t\t\t\t\t<\/div>\n\t\t<\/section>\n\t\t\t\t\t\t<\/div>\n\t\t\t\t\t\t<\/div>\n\t\t\t\t\t<\/div>\n\t\t","protected":false},"excerpt":{"rendered":"<p>PROTECTION DES DONNEES POLITIQUE DE CONFIDENTIALITE Communaut\u00e9 des S\u0153urs Carm\u00e9lites de l&#8217;Enfant-J\u00e9sus Depuis le 25 mai 2018, le \u00ab&nbsp;R\u00e8glement G\u00e9n\u00e9ral pour la Protection des Donn\u00e9es&nbsp;\u00bb est entr\u00e9 en vigueur. Il garantit aux citoyens europ\u00e9ens de nouveaux droits concernant l\u2019utilisation de leurs donn\u00e9es personnelles par des Tiers. Nous vous assurons de l\u2019engagement de notre communaut\u00e9 des [&hellip;]<\/p>\n","protected":false},"author":2,"featured_media":0,"parent":0,"menu_order":0,"comment_status":"closed","ping_status":"closed","template":"","meta":{"ghostkit_customizer_options":"","ghostkit_custom_css":"","ghostkit_custom_js_head":"","ghostkit_custom_js_foot":"","ghostkit_typography":""},"_links":{"self":[{"href":"https:\/\/www.carmelitesenfantjesus.fr\/sp\/wp-json\/wp\/v2\/pages\/915"}],"collection":[{"href":"https:\/\/www.carmelitesenfantjesus.fr\/sp\/wp-json\/wp\/v2\/pages"}],"about":[{"href":"https:\/\/www.carmelitesenfantjesus.fr\/sp\/wp-json\/wp\/v2\/types\/page"}],"author":[{"embeddable":true,"href":"https:\/\/www.carmelitesenfantjesus.fr\/sp\/wp-json\/wp\/v2\/users\/2"}],"replies":[{"embeddable":true,"href":"https:\/\/www.carmelitesenfantjesus.fr\/sp\/wp-json\/wp\/v2\/comments?post=915"}],"version-history":[{"count":10,"href":"https:\/\/www.carmelitesenfantjesus.fr\/sp\/wp-json\/wp\/v2\/pages\/915\/revisions"}],"predecessor-version":[{"id":928,"href":"https:\/\/www.carmelitesenfantjesus.fr\/sp\/wp-json\/wp\/v2\/pages\/915\/revisions\/928"}],"wp:attachment":[{"href":"https:\/\/www.carmelitesenfantjesus.fr\/sp\/wp-json\/wp\/v2\/media?parent=915"}],"curies":[{"name":"wp","href":"https:\/\/api.w.org\/{rel}","templated":true}]}}