
{"id":513,"date":"2018-04-13T05:07:23","date_gmt":"2018-04-13T03:07:23","guid":{"rendered":"https:\/\/www.carmelitesenfantjesus.fr\/sp\/?page_id=513"},"modified":"2024-08-15T15:04:08","modified_gmt":"2024-08-15T13:04:08","slug":"nous-soutenir","status":"publish","type":"page","link":"https:\/\/www.carmelitesenfantjesus.fr\/sp\/nous-soutenir\/","title":{"rendered":"Association"},"content":{"rendered":"\t\t<div data-elementor-type=\"wp-post\" data-elementor-id=\"513\" class=\"elementor elementor-513\" data-elementor-settings=\"[]\">\n\t\t\t\t\t\t<div class=\"elementor-inner\">\n\t\t\t\t\t\t\t<div class=\"elementor-section-wrap\">\n\t\t\t\t\t\t\t<section class=\"elementor-section elementor-top-section elementor-element elementor-element-fa391d2 elementor-section-boxed elementor-section-height-default elementor-section-height-default\" data-id=\"fa391d2\" data-element_type=\"section\">\n\t\t\t\t\t\t<div class=\"elementor-container elementor-column-gap-default\">\n\t\t\t\t\t\t\t<div class=\"elementor-row\">\n\t\t\t\t\t<div class=\"elementor-column elementor-col-100 elementor-top-column elementor-element elementor-element-3321ac7\" data-id=\"3321ac7\" data-element_type=\"column\">\n\t\t\t<div class=\"elementor-column-wrap elementor-element-populated\">\n\t\t\t\t\t\t\t<div class=\"elementor-widget-wrap\">\n\t\t\t\t\t\t<div class=\"elementor-element elementor-element-86caf6a elementor-widget elementor-widget-heading\" data-id=\"86caf6a\" data-element_type=\"widget\" data-widget_type=\"heading.default\">\n\t\t\t\t<div class=\"elementor-widget-container\">\n\t\t\t<h2 class=\"elementor-heading-title elementor-size-large\">Vous souhaitez nous soutenir ? Vous pouvez faire un don \u00e0 notre Congr\u00e9gation.<\/h2>\t\t<\/div>\n\t\t\t\t<\/div>\n\t\t\t\t<div class=\"elementor-element elementor-element-e218c41 elementor-widget elementor-widget-text-editor\" data-id=\"e218c41\" data-element_type=\"widget\" data-widget_type=\"text-editor.default\">\n\t\t\t\t<div class=\"elementor-widget-container\">\n\t\t\t\t\t\t\t\t<div class=\"elementor-text-editor elementor-clearfix\">\n\t\t\t\t\t<h2><br><strong><span style=\"color: #000000;\"><\/span><\/strong><\/h2><h2><strong><span style=\"color: #000000;\">Si vous souhaitez b\u00e9n\u00e9ficier d\u2019une d\u00e9duction fiscale et donc d\u2019une r\u00e9duction d\u2019imp\u00f4ts, vous pouvez faire un don&nbsp;:<\/span><\/strong><\/h2><div><br><\/div>\n\n\n<h5><span style=\"text-decoration: underline;\"><strong>Par ch\u00e8que \u00e0 l\u2019ordre de \u00ab&nbsp;La Fondation des Monast\u00e8res&nbsp;\u00bb<\/strong><\/span> en indiquant au dos que vous souhaitez <strong>l\u2019affecter \u00e0 la Congr\u00e9gation des S\u0153urs Carm\u00e9lites de l\u2019Enfant-J\u00e9sus de Bagn\u00e8res de Bigorre, Toulon ou Beaune. Le ch\u00e8que devra \u00eatre adress\u00e9 \u00e0&nbsp;:<\/strong><\/h5>\n<h5 style=\"text-align: center;\"><em><strong>Fondation des Monast\u00e8res <\/strong><\/em><\/h5>\n<h5 style=\"text-align: center;\"><em><strong>14 rue Brunel <\/strong><\/em><\/h5>\n<h5 style=\"text-align: center;\"><em><strong>75017 PARIS<\/strong><\/em><\/h5>\n<h5><strong><span style=\"text-decoration: underline;\">En ligne : sur le site web de la &#8220;Fondation des Monast\u00e8res&#8221; :<\/span> <\/strong><a href=\"https:\/\/don.fondationdesmonasteres.org\/soutenir\"><strong><span style=\"color: #333399;\">https:\/\/don.fondationdesmonasteres.org\/soutenir<\/span><\/strong><\/a><\/h5>\n<h5><strong>Il faudra cocher la case \u00ab&nbsp;J<\/strong>e pr\u00e9f\u00e8re consacrer mon don \u00e0 une communaut\u00e9 monastique&nbsp;\u00bb et pr\u00e9ciser \u00ab&nbsp;Carm\u00e9lites de l\u2019Enfant-J\u00e9sus&nbsp;\u00bb de Bagn\u00e8res de Bigorre, Beaune ou Toulon.<\/h5>\n<h5>Vous recevrez un re\u00e7u fiscal, vous permettant de b\u00e9n\u00e9ficier d\u2019une r\u00e9duction d\u2019imp\u00f4t.<\/h5>\n<h6><i>La d\u00e9duction fiscale : u<\/i><i>ne personne imposable donne trois fois plus que cela ne lui co\u00fbte ! <\/i><i>Si vous \u00eates imposable, 66 % de votre don est d\u00e9ductible de votre imp\u00f4t sur le revenu dans la limite de 20 % de votre revenu imposable. <\/i><i>Les entreprises assujetties \u00e0 l\u2019imp\u00f4t sur le revenu ou \u00e0 l\u2019imp\u00f4t sur les soci\u00e9t\u00e9s b\u00e9n\u00e9ficient d\u2019une r\u00e9duction d\u2019imp\u00f4t de 60 % pris dans la limite de 0,5 % du chiffre d\u2019affaires.<\/i><\/h6>\t\t\t\t\t<\/div>\n\t\t\t\t\t\t<\/div>\n\t\t\t\t<\/div>\n\t\t\t\t\t\t<\/div>\n\t\t\t\t\t<\/div>\n\t\t<\/div>\n\t\t\t\t\t\t\t\t<\/div>\n\t\t\t\t\t<\/div>\n\t\t<\/section>\n\t\t\t\t\t\t<\/div>\n\t\t\t\t\t\t<\/div>\n\t\t\t\t\t<\/div>\n\t\t","protected":false},"excerpt":{"rendered":"<p>Vous souhaitez nous soutenir ? Vous pouvez faire un don \u00e0 notre Congr\u00e9gation. Si vous souhaitez b\u00e9n\u00e9ficier d\u2019une d\u00e9duction fiscale et donc d\u2019une r\u00e9duction d\u2019imp\u00f4ts, vous pouvez faire un don&nbsp;: Par ch\u00e8que \u00e0 l\u2019ordre de \u00ab&nbsp;La Fondation des Monast\u00e8res&nbsp;\u00bb en indiquant au dos que vous souhaitez l\u2019affecter \u00e0 la Congr\u00e9gation des S\u0153urs Carm\u00e9lites de l\u2019Enfant-J\u00e9sus [&hellip;]<\/p>\n","protected":false},"author":2,"featured_media":0,"parent":0,"menu_order":0,"comment_status":"closed","ping_status":"closed","template":"","meta":{"ghostkit_customizer_options":"","ghostkit_custom_css":"","ghostkit_custom_js_head":"","ghostkit_custom_js_foot":"","ghostkit_typography":""},"_links":{"self":[{"href":"https:\/\/www.carmelitesenfantjesus.fr\/sp\/wp-json\/wp\/v2\/pages\/513"}],"collection":[{"href":"https:\/\/www.carmelitesenfantjesus.fr\/sp\/wp-json\/wp\/v2\/pages"}],"about":[{"href":"https:\/\/www.carmelitesenfantjesus.fr\/sp\/wp-json\/wp\/v2\/types\/page"}],"author":[{"embeddable":true,"href":"https:\/\/www.carmelitesenfantjesus.fr\/sp\/wp-json\/wp\/v2\/users\/2"}],"replies":[{"embeddable":true,"href":"https:\/\/www.carmelitesenfantjesus.fr\/sp\/wp-json\/wp\/v2\/comments?post=513"}],"version-history":[{"count":56,"href":"https:\/\/www.carmelitesenfantjesus.fr\/sp\/wp-json\/wp\/v2\/pages\/513\/revisions"}],"predecessor-version":[{"id":2528,"href":"https:\/\/www.carmelitesenfantjesus.fr\/sp\/wp-json\/wp\/v2\/pages\/513\/revisions\/2528"}],"wp:attachment":[{"href":"https:\/\/www.carmelitesenfantjesus.fr\/sp\/wp-json\/wp\/v2\/media?parent=513"}],"curies":[{"name":"wp","href":"https:\/\/api.w.org\/{rel}","templated":true}]}}