
{"id":482,"date":"2018-04-13T04:43:03","date_gmt":"2018-04-13T02:43:03","guid":{"rendered":"https:\/\/www.carmelitesenfantjesus.fr\/sp\/?page_id=482"},"modified":"2026-03-07T11:14:37","modified_gmt":"2026-03-07T10:14:37","slug":"nos-maisons","status":"publish","type":"page","link":"https:\/\/www.carmelitesenfantjesus.fr\/sp\/nos-maisons\/","title":{"rendered":"Nous contacter"},"content":{"rendered":"\t\t<div data-elementor-type=\"wp-post\" data-elementor-id=\"482\" class=\"elementor elementor-482\" data-elementor-settings=\"[]\">\n\t\t\t\t\t\t<div class=\"elementor-inner\">\n\t\t\t\t\t\t\t<div class=\"elementor-section-wrap\">\n\t\t\t\t\t\t\t<section class=\"elementor-section elementor-top-section elementor-element elementor-element-3736876 elementor-section-boxed elementor-section-height-default elementor-section-height-default\" data-id=\"3736876\" data-element_type=\"section\">\n\t\t\t\t\t\t<div class=\"elementor-container elementor-column-gap-default\">\n\t\t\t\t\t\t\t<div class=\"elementor-row\">\n\t\t\t\t\t<div class=\"elementor-column elementor-col-100 elementor-top-column elementor-element elementor-element-a8211f7\" data-id=\"a8211f7\" data-element_type=\"column\">\n\t\t\t<div class=\"elementor-column-wrap elementor-element-populated\">\n\t\t\t\t\t\t\t<div class=\"elementor-widget-wrap\">\n\t\t\t\t\t\t<div class=\"elementor-element elementor-element-9a5b79d elementor-widget elementor-widget-text-editor\" data-id=\"9a5b79d\" data-element_type=\"widget\" data-widget_type=\"text-editor.default\">\n\t\t\t\t<div class=\"elementor-widget-container\">\n\t\t\t\t\t\t\t\t<div class=\"elementor-text-editor elementor-clearfix\">\n\t\t\t\t\t<p>Cliquez sur les photos ou les noms pour d\u00e9couvrir nos communaut\u00e9s<\/p>\t\t\t\t\t<\/div>\n\t\t\t\t\t\t<\/div>\n\t\t\t\t<\/div>\n\t\t\t\t\t\t<\/div>\n\t\t\t\t\t<\/div>\n\t\t<\/div>\n\t\t\t\t\t\t\t\t<\/div>\n\t\t\t\t\t<\/div>\n\t\t<\/section>\n\t\t\t\t<section class=\"elementor-section elementor-top-section elementor-element elementor-element-df10ac5 elementor-section-boxed elementor-section-height-default elementor-section-height-default\" data-id=\"df10ac5\" data-element_type=\"section\">\n\t\t\t\t\t\t<div class=\"elementor-container elementor-column-gap-default\">\n\t\t\t\t\t\t\t<div class=\"elementor-row\">\n\t\t\t\t\t<div class=\"elementor-column elementor-col-50 elementor-top-column elementor-element elementor-element-d7a4ead\" data-id=\"d7a4ead\" data-element_type=\"column\">\n\t\t\t<div class=\"elementor-column-wrap elementor-element-populated\">\n\t\t\t\t\t\t\t<div class=\"elementor-widget-wrap\">\n\t\t\t\t\t\t<div class=\"elementor-element elementor-element-294017b elementor-widget elementor-widget-heading\" data-id=\"294017b\" data-element_type=\"widget\" data-widget_type=\"heading.default\">\n\t\t\t\t<div class=\"elementor-widget-container\">\n\t\t\t<h1 class=\"elementor-heading-title elementor-size-default\"><a href=\"https:\/\/www.carmelitesenfantjesus.fr\/bn\/\" target=\"_blank\">Bagn\u00e8res-de-Bigorre<\/a><\/h1>\t\t<\/div>\n\t\t\t\t<\/div>\n\t\t\t\t<div class=\"elementor-element elementor-element-96104b8 elementor-widget elementor-widget-text-editor\" data-id=\"96104b8\" data-element_type=\"widget\" data-widget_type=\"text-editor.default\">\n\t\t\t\t<div class=\"elementor-widget-container\">\n\t\t\t\t\t\t\t\t<div class=\"elementor-text-editor elementor-clearfix\">\n\t\t\t\t\t<p>Monast\u00e8re du Carmel<br \/>5 ter, rue Gambetta<br \/>65200 BAGNERES-DE-BIGORRE<br \/><strong style=\"font-size: 16px;\"><span style=\"text-decoration: underline;\">Mail<\/span> : cej.bagneres@gmail.com<\/strong><\/p><p>T\u00e9l (<em>en panne<\/em>) 05 62 41 49 89<\/p><p><em>Maison de formation pour les s\u0153urs postulantes et novices<\/em><\/p>\t\t\t\t\t<\/div>\n\t\t\t\t\t\t<\/div>\n\t\t\t\t<\/div>\n\t\t\t\t\t\t<\/div>\n\t\t\t\t\t<\/div>\n\t\t<\/div>\n\t\t\t\t<div class=\"elementor-column elementor-col-50 elementor-top-column elementor-element elementor-element-9f1bc5d\" data-id=\"9f1bc5d\" data-element_type=\"column\">\n\t\t\t<div class=\"elementor-column-wrap elementor-element-populated\">\n\t\t\t\t\t\t\t<div class=\"elementor-widget-wrap\">\n\t\t\t\t\t\t<div class=\"elementor-element elementor-element-29606d7 elementor-widget elementor-widget-image\" data-id=\"29606d7\" data-element_type=\"widget\" data-widget_type=\"image.default\">\n\t\t\t\t<div class=\"elementor-widget-container\">\n\t\t\t\t\t\t\t\t<div class=\"elementor-image\">\n\t\t\t\t\t\t\t\t\t\t\t\t\t<a href=\"https:\/\/www.ascej.info\/la-maison-de-formation\/\" target=\"_blank\">\n\t\t\t\t\t\t\t<img width=\"300\" height=\"225\" src=\"https:\/\/www.carmelitesenfantjesus.fr\/sp\/wp-content\/uploads\/Communuate-BB-4-300x225.jpg\" class=\"attachment-medium size-medium\" alt=\"\" decoding=\"async\" loading=\"lazy\" srcset=\"https:\/\/www.carmelitesenfantjesus.fr\/sp\/wp-content\/uploads\/Communuate-BB-4-300x225.jpg 300w, https:\/\/www.carmelitesenfantjesus.fr\/sp\/wp-content\/uploads\/Communuate-BB-4-1024x768.jpg 1024w, https:\/\/www.carmelitesenfantjesus.fr\/sp\/wp-content\/uploads\/Communuate-BB-4-768x576.jpg 768w, https:\/\/www.carmelitesenfantjesus.fr\/sp\/wp-content\/uploads\/Communuate-BB-4-1536x1152.jpg 1536w, https:\/\/www.carmelitesenfantjesus.fr\/sp\/wp-content\/uploads\/Communuate-BB-4-2048x1536.jpg 2048w, https:\/\/www.carmelitesenfantjesus.fr\/sp\/wp-content\/uploads\/Communuate-BB-4-500x375.jpg 500w, https:\/\/www.carmelitesenfantjesus.fr\/sp\/wp-content\/uploads\/Communuate-BB-4-800x600.jpg 800w, https:\/\/www.carmelitesenfantjesus.fr\/sp\/wp-content\/uploads\/Communuate-BB-4-1280x960.jpg 1280w, https:\/\/www.carmelitesenfantjesus.fr\/sp\/wp-content\/uploads\/Communuate-BB-4-1920x1440.jpg 1920w\" sizes=\"(max-width: 300px) 100vw, 300px\" \/>\t\t\t\t\t\t\t\t<\/a>\n\t\t\t\t\t\t\t\t\t\t\t\t\t\t<\/div>\n\t\t\t\t\t\t<\/div>\n\t\t\t\t<\/div>\n\t\t\t\t\t\t<\/div>\n\t\t\t\t\t<\/div>\n\t\t<\/div>\n\t\t\t\t\t\t\t\t<\/div>\n\t\t\t\t\t<\/div>\n\t\t<\/section>\n\t\t\t\t<section class=\"elementor-section elementor-top-section elementor-element elementor-element-9d7ffa4 elementor-section-boxed elementor-section-height-default elementor-section-height-default\" data-id=\"9d7ffa4\" data-element_type=\"section\">\n\t\t\t\t\t\t<div class=\"elementor-container elementor-column-gap-default\">\n\t\t\t\t\t\t\t<div class=\"elementor-row\">\n\t\t\t\t\t<div class=\"elementor-column elementor-col-50 elementor-top-column elementor-element elementor-element-6d33634\" data-id=\"6d33634\" data-element_type=\"column\">\n\t\t\t<div class=\"elementor-column-wrap elementor-element-populated\">\n\t\t\t\t\t\t\t<div class=\"elementor-widget-wrap\">\n\t\t\t\t\t\t<div class=\"elementor-element elementor-element-ce7005f elementor-widget elementor-widget-heading\" data-id=\"ce7005f\" data-element_type=\"widget\" data-widget_type=\"heading.default\">\n\t\t\t\t<div class=\"elementor-widget-container\">\n\t\t\t<h1 class=\"elementor-heading-title elementor-size-default\"><a href=\"https:\/\/www.sanctuaire-beaune.org\/\" target=\"_blank\">Beaune<\/a><\/h1>\t\t<\/div>\n\t\t\t\t<\/div>\n\t\t\t\t<div class=\"elementor-element elementor-element-2d85d29 elementor-widget elementor-widget-text-editor\" data-id=\"2d85d29\" data-element_type=\"widget\" data-widget_type=\"text-editor.default\">\n\t\t\t\t<div class=\"elementor-widget-container\">\n\t\t\t\t\t\t\t\t<div class=\"elementor-text-editor elementor-clearfix\">\n\t\t\t\t\t<p>Sanctuaire de l\u2019Enfant J\u00e9sus de Beaune<br \/>14 rue de Chorey<br \/>21200 BEAUNE<br \/>T\u00e9l : 03 80 22 27 43<\/p>\t\t\t\t\t<\/div>\n\t\t\t\t\t\t<\/div>\n\t\t\t\t<\/div>\n\t\t\t\t\t\t<\/div>\n\t\t\t\t\t<\/div>\n\t\t<\/div>\n\t\t\t\t<div class=\"elementor-column elementor-col-50 elementor-top-column elementor-element elementor-element-d63f54c\" data-id=\"d63f54c\" data-element_type=\"column\">\n\t\t\t<div class=\"elementor-column-wrap elementor-element-populated\">\n\t\t\t\t\t\t\t<div class=\"elementor-widget-wrap\">\n\t\t\t\t\t\t<div class=\"elementor-element elementor-element-309a9c4 elementor-widget elementor-widget-image\" data-id=\"309a9c4\" data-element_type=\"widget\" data-widget_type=\"image.default\">\n\t\t\t\t<div class=\"elementor-widget-container\">\n\t\t\t\t\t\t\t\t<div class=\"elementor-image\">\n\t\t\t\t\t\t\t\t\t\t\t\t\t<a href=\"https:\/\/www.sanctuaire-beaune.org\/presentation\" target=\"_blank\">\n\t\t\t\t\t\t\t<img width=\"300\" height=\"230\" src=\"https:\/\/www.carmelitesenfantjesus.fr\/sp\/wp-content\/uploads\/20230511_145110-300x230.jpg\" class=\"attachment-medium size-medium\" alt=\"\" decoding=\"async\" loading=\"lazy\" srcset=\"https:\/\/www.carmelitesenfantjesus.fr\/sp\/wp-content\/uploads\/20230511_145110-300x230.jpg 300w, https:\/\/www.carmelitesenfantjesus.fr\/sp\/wp-content\/uploads\/20230511_145110-1001x768.jpg 1001w, https:\/\/www.carmelitesenfantjesus.fr\/sp\/wp-content\/uploads\/20230511_145110-768x589.jpg 768w, https:\/\/www.carmelitesenfantjesus.fr\/sp\/wp-content\/uploads\/20230511_145110-1536x1179.jpg 1536w, https:\/\/www.carmelitesenfantjesus.fr\/sp\/wp-content\/uploads\/20230511_145110-2048x1572.jpg 2048w, https:\/\/www.carmelitesenfantjesus.fr\/sp\/wp-content\/uploads\/20230511_145110-500x384.jpg 500w, https:\/\/www.carmelitesenfantjesus.fr\/sp\/wp-content\/uploads\/20230511_145110-800x614.jpg 800w, https:\/\/www.carmelitesenfantjesus.fr\/sp\/wp-content\/uploads\/20230511_145110-1280x982.jpg 1280w, https:\/\/www.carmelitesenfantjesus.fr\/sp\/wp-content\/uploads\/20230511_145110-1920x1474.jpg 1920w\" sizes=\"(max-width: 300px) 100vw, 300px\" \/>\t\t\t\t\t\t\t\t<\/a>\n\t\t\t\t\t\t\t\t\t\t\t\t\t\t<\/div>\n\t\t\t\t\t\t<\/div>\n\t\t\t\t<\/div>\n\t\t\t\t\t\t<\/div>\n\t\t\t\t\t<\/div>\n\t\t<\/div>\n\t\t\t\t\t\t\t\t<\/div>\n\t\t\t\t\t<\/div>\n\t\t<\/section>\n\t\t\t\t<section class=\"elementor-section elementor-top-section elementor-element elementor-element-6b4a0a8 elementor-section-boxed elementor-section-height-default elementor-section-height-default\" data-id=\"6b4a0a8\" data-element_type=\"section\">\n\t\t\t\t\t\t<div class=\"elementor-container elementor-column-gap-default\">\n\t\t\t\t\t\t\t<div class=\"elementor-row\">\n\t\t\t\t\t<div class=\"elementor-column elementor-col-50 elementor-top-column elementor-element elementor-element-d8348c6\" data-id=\"d8348c6\" data-element_type=\"column\">\n\t\t\t<div class=\"elementor-column-wrap elementor-element-populated\">\n\t\t\t\t\t\t\t<div class=\"elementor-widget-wrap\">\n\t\t\t\t\t\t<div class=\"elementor-element elementor-element-07e15af elementor-widget elementor-widget-heading\" data-id=\"07e15af\" data-element_type=\"widget\" data-widget_type=\"heading.default\">\n\t\t\t\t<div class=\"elementor-widget-container\">\n\t\t\t<h1 class=\"elementor-heading-title elementor-size-default\"><a href=\"https:\/\/sites.google.com\/view\/ndr-internet\/participez\/activites-carmel?authuser=0\" target=\"_blank\">Toulon<\/a><\/h1>\t\t<\/div>\n\t\t\t\t<\/div>\n\t\t\t\t<div class=\"elementor-element elementor-element-d8ae302 elementor-widget elementor-widget-text-editor\" data-id=\"d8ae302\" data-element_type=\"widget\" data-widget_type=\"text-editor.default\">\n\t\t\t\t<div class=\"elementor-widget-container\">\n\t\t\t\t\t\t\t\t<div class=\"elementor-text-editor elementor-clearfix\">\n\t\t\t\t\t<p>Monast\u00e8re du Carmel<br \/>311 avenue du Carmel<br \/>83200 TOULON<br \/>T\u00e9l : 04 94 24 51 98<\/p>\t\t\t\t\t<\/div>\n\t\t\t\t\t\t<\/div>\n\t\t\t\t<\/div>\n\t\t\t\t\t\t<\/div>\n\t\t\t\t\t<\/div>\n\t\t<\/div>\n\t\t\t\t<div class=\"elementor-column elementor-col-50 elementor-top-column elementor-element elementor-element-7bafbe2\" data-id=\"7bafbe2\" data-element_type=\"column\">\n\t\t\t<div class=\"elementor-column-wrap elementor-element-populated\">\n\t\t\t\t\t\t\t<div class=\"elementor-widget-wrap\">\n\t\t\t\t\t\t<div class=\"elementor-element elementor-element-6f68469 elementor-widget elementor-widget-image\" data-id=\"6f68469\" data-element_type=\"widget\" data-widget_type=\"image.default\">\n\t\t\t\t<div class=\"elementor-widget-container\">\n\t\t\t\t\t\t\t\t<div class=\"elementor-image\">\n\t\t\t\t\t\t\t\t\t\t\t\t\t<a href=\"https:\/\/sites.google.com\/view\/ndr-internet\/participez\/activites-carmel?authuser=0\" target=\"_blank\">\n\t\t\t\t\t\t\t<img width=\"300\" height=\"237\" src=\"https:\/\/www.carmelitesenfantjesus.fr\/sp\/wp-content\/uploads\/toulon-ok-300x237.jpg\" class=\"attachment-medium size-medium\" alt=\"\" decoding=\"async\" loading=\"lazy\" srcset=\"https:\/\/www.carmelitesenfantjesus.fr\/sp\/wp-content\/uploads\/toulon-ok-300x237.jpg 300w, https:\/\/www.carmelitesenfantjesus.fr\/sp\/wp-content\/uploads\/toulon-ok-973x768.jpg 973w, https:\/\/www.carmelitesenfantjesus.fr\/sp\/wp-content\/uploads\/toulon-ok-768x606.jpg 768w, https:\/\/www.carmelitesenfantjesus.fr\/sp\/wp-content\/uploads\/toulon-ok-500x395.jpg 500w, https:\/\/www.carmelitesenfantjesus.fr\/sp\/wp-content\/uploads\/toulon-ok-800x631.jpg 800w, https:\/\/www.carmelitesenfantjesus.fr\/sp\/wp-content\/uploads\/toulon-ok.jpg 1200w\" sizes=\"(max-width: 300px) 100vw, 300px\" \/>\t\t\t\t\t\t\t\t<\/a>\n\t\t\t\t\t\t\t\t\t\t\t\t\t\t<\/div>\n\t\t\t\t\t\t<\/div>\n\t\t\t\t<\/div>\n\t\t\t\t\t\t<\/div>\n\t\t\t\t\t<\/div>\n\t\t<\/div>\n\t\t\t\t\t\t\t\t<\/div>\n\t\t\t\t\t<\/div>\n\t\t<\/section>\n\t\t\t\t<section class=\"elementor-section elementor-top-section elementor-element elementor-element-835261e elementor-section-boxed elementor-section-height-default elementor-section-height-default\" data-id=\"835261e\" data-element_type=\"section\">\n\t\t\t\t\t\t<div class=\"elementor-container elementor-column-gap-default\">\n\t\t\t\t\t\t\t<div class=\"elementor-row\">\n\t\t\t\t\t<div class=\"elementor-column elementor-col-100 elementor-top-column elementor-element elementor-element-425128b\" data-id=\"425128b\" data-element_type=\"column\">\n\t\t\t<div class=\"elementor-column-wrap elementor-element-populated\">\n\t\t\t\t\t\t\t<div class=\"elementor-widget-wrap\">\n\t\t\t\t\t\t<div class=\"elementor-element elementor-element-47e0bc2 elementor-widget elementor-widget-text-editor\" data-id=\"47e0bc2\" data-element_type=\"widget\" data-widget_type=\"text-editor.default\">\n\t\t\t\t<div class=\"elementor-widget-container\">\n\t\t\t\t\t\t\t\t<div class=\"elementor-text-editor elementor-clearfix\">\n\t\t\t\t\t<p><span style=\"color: #993300;\"><strong>Dans le monde, nous sommes surtout pr\u00e9sentes en Europe de l&#8217;est et en Afrique :<\/strong> <\/span><\/p>\n<ul>\n<li><span style=\"color: #000000;\">site de notre Congr\u00e9gation en Pologne : <\/span><span style=\"color: #993300;\"><a style=\"color: #993300;\" href=\"https:\/\/www.karmelitanki.pl\/fr\">https:\/\/www.karmelitanki.pl\/fr<\/a><\/span><\/li>\n<li><span style=\"color: #993300;\"><span style=\"color: #000000;\">site de nos missions en Afrique :<\/span> <a style=\"color: #993300;\" href=\"https:\/\/misje.karmelitanki.pl\/archiwum.html\/\">https:\/\/misje.karmelitanki.pl\/archiwum.html\/<\/a><\/span><\/li>\n<\/ul>\t\t\t\t\t<\/div>\n\t\t\t\t\t\t<\/div>\n\t\t\t\t<\/div>\n\t\t\t\t\t\t<\/div>\n\t\t\t\t\t<\/div>\n\t\t<\/div>\n\t\t\t\t\t\t\t\t<\/div>\n\t\t\t\t\t<\/div>\n\t\t<\/section>\n\t\t\t\t\t\t<\/div>\n\t\t\t\t\t\t<\/div>\n\t\t\t\t\t<\/div>\n\t\t","protected":false},"excerpt":{"rendered":"<p>Cliquez sur les photos ou les noms pour d\u00e9couvrir nos communaut\u00e9s Bagn\u00e8res-de-Bigorre Monast\u00e8re du Carmel 5 ter, rue Gambetta 65200 BAGNERES-DE-BIGORRE Mail : cej.bagneres@gmail.com T\u00e9l (en panne) 05 62 41 49 89 Maison de formation pour les s\u0153urs postulantes et novices Beaune Sanctuaire de l\u2019Enfant J\u00e9sus de Beaune 14 rue de Chorey 21200 BEAUNE T\u00e9l [&hellip;]<\/p>\n","protected":false},"author":2,"featured_media":0,"parent":0,"menu_order":0,"comment_status":"closed","ping_status":"closed","template":"","meta":{"ghostkit_customizer_options":"","ghostkit_custom_css":"","ghostkit_custom_js_head":"","ghostkit_custom_js_foot":"","ghostkit_typography":""},"_links":{"self":[{"href":"https:\/\/www.carmelitesenfantjesus.fr\/sp\/wp-json\/wp\/v2\/pages\/482"}],"collection":[{"href":"https:\/\/www.carmelitesenfantjesus.fr\/sp\/wp-json\/wp\/v2\/pages"}],"about":[{"href":"https:\/\/www.carmelitesenfantjesus.fr\/sp\/wp-json\/wp\/v2\/types\/page"}],"author":[{"embeddable":true,"href":"https:\/\/www.carmelitesenfantjesus.fr\/sp\/wp-json\/wp\/v2\/users\/2"}],"replies":[{"embeddable":true,"href":"https:\/\/www.carmelitesenfantjesus.fr\/sp\/wp-json\/wp\/v2\/comments?post=482"}],"version-history":[{"count":86,"href":"https:\/\/www.carmelitesenfantjesus.fr\/sp\/wp-json\/wp\/v2\/pages\/482\/revisions"}],"predecessor-version":[{"id":2549,"href":"https:\/\/www.carmelitesenfantjesus.fr\/sp\/wp-json\/wp\/v2\/pages\/482\/revisions\/2549"}],"wp:attachment":[{"href":"https:\/\/www.carmelitesenfantjesus.fr\/sp\/wp-json\/wp\/v2\/media?parent=482"}],"curies":[{"name":"wp","href":"https:\/\/api.w.org\/{rel}","templated":true}]}}