
{"id":453,"date":"2018-04-13T04:24:27","date_gmt":"2018-04-13T02:24:27","guid":{"rendered":"https:\/\/www.carmelitesenfantjesus.fr\/sp\/?page_id=453"},"modified":"2024-05-01T16:42:32","modified_gmt":"2024-05-01T14:42:32","slug":"lapostola","status":"publish","type":"page","link":"https:\/\/www.carmelitesenfantjesus.fr\/sp\/lapostola\/","title":{"rendered":"L&#8217;apostolat"},"content":{"rendered":"\t\t<div data-elementor-type=\"wp-post\" data-elementor-id=\"453\" class=\"elementor elementor-453\" data-elementor-settings=\"[]\">\n\t\t\t\t\t\t<div class=\"elementor-inner\">\n\t\t\t\t\t\t\t<div class=\"elementor-section-wrap\">\n\t\t\t\t\t\t\t<section class=\"elementor-section elementor-top-section elementor-element elementor-element-9c2157d elementor-section-boxed elementor-section-height-default elementor-section-height-default\" data-id=\"9c2157d\" data-element_type=\"section\">\n\t\t\t\t\t\t<div class=\"elementor-container elementor-column-gap-default\">\n\t\t\t\t\t\t\t<div class=\"elementor-row\">\n\t\t\t\t\t<div class=\"elementor-column elementor-col-100 elementor-top-column elementor-element elementor-element-0738804\" data-id=\"0738804\" data-element_type=\"column\">\n\t\t\t<div class=\"elementor-column-wrap elementor-element-populated\">\n\t\t\t\t\t\t\t<div class=\"elementor-widget-wrap\">\n\t\t\t\t\t\t<div class=\"elementor-element elementor-element-618ba7f elementor-widget elementor-widget-heading\" data-id=\"618ba7f\" data-element_type=\"widget\" data-widget_type=\"heading.default\">\n\t\t\t\t<div class=\"elementor-widget-container\">\n\t\t\t<h1 class=\"elementor-heading-title elementor-size-default\">Les apostolats<\/h1>\t\t<\/div>\n\t\t\t\t<\/div>\n\t\t\t\t<div class=\"elementor-element elementor-element-a21985f elementor-widget elementor-widget-heading\" data-id=\"a21985f\" data-element_type=\"widget\" data-widget_type=\"heading.default\">\n\t\t\t\t<div class=\"elementor-widget-container\">\n\t\t\t<h4 class=\"elementor-heading-title elementor-size-default\">\"Ma vocation c'est l'Amour ! J'ai trouv\u00e9 ma place dans l'Eglise et Toi mon Dieu, tu me l'as donn\u00e9e.<\/h4>\t\t<\/div>\n\t\t\t\t<\/div>\n\t\t\t\t<div class=\"elementor-element elementor-element-b23b629 elementor-widget elementor-widget-heading\" data-id=\"b23b629\" data-element_type=\"widget\" data-widget_type=\"heading.default\">\n\t\t\t\t<div class=\"elementor-widget-container\">\n\t\t\t<h4 class=\"elementor-heading-title elementor-size-default\">Dans le c\u0153ur de l'Eglise, ma M\u00e8re, je  serai l'Amour\"<\/h4>\t\t<\/div>\n\t\t\t\t<\/div>\n\t\t\t\t<div class=\"elementor-element elementor-element-e131ea3 elementor-widget elementor-widget-text-editor\" data-id=\"e131ea3\" data-element_type=\"widget\" data-widget_type=\"text-editor.default\">\n\t\t\t\t<div class=\"elementor-widget-container\">\n\t\t\t\t\t\t\t\t<div class=\"elementor-text-editor elementor-clearfix\">\n\t\t\t\t\t<p><em>Ste Th\u00e9r\u00e8se de l\u2019Enfant J\u00e9sus<\/em><\/p>\t\t\t\t\t<\/div>\n\t\t\t\t\t\t<\/div>\n\t\t\t\t<\/div>\n\t\t\t\t<div class=\"elementor-element elementor-element-55a7049 elementor-widget elementor-widget-text-editor\" data-id=\"55a7049\" data-element_type=\"widget\" data-widget_type=\"text-editor.default\">\n\t\t\t\t<div class=\"elementor-widget-container\">\n\t\t\t\t\t\t\t\t<div class=\"elementor-text-editor elementor-clearfix\">\n\t\t\t\t\t<p>Notre premier apostolat au sein de l\u2019Eglise en tant que Carm\u00e9lites est la pri\u00e8re et l\u2019offrande, dans un esprit de p\u00e9nitence, pour le salut des \u00e2mes et la croissance des vocations sacerdotales.<\/p><p>Nous incarnons l\u2019esprit de l\u2019enfance spirituelle \u00e0 travers diff\u00e9rents apostolats, surtout aupr\u00e8s des enfants et des jeunes. Ci-dessous nos apostolats :<\/p>\t\t\t\t\t<\/div>\n\t\t\t\t\t\t<\/div>\n\t\t\t\t<\/div>\n\t\t\t\t\t\t<\/div>\n\t\t\t\t\t<\/div>\n\t\t<\/div>\n\t\t\t\t\t\t\t\t<\/div>\n\t\t\t\t\t<\/div>\n\t\t<\/section>\n\t\t\t\t<section class=\"elementor-section elementor-top-section elementor-element elementor-element-cb7d618 elementor-section-boxed elementor-section-height-default elementor-section-height-default\" data-id=\"cb7d618\" data-element_type=\"section\">\n\t\t\t\t\t\t<div class=\"elementor-container elementor-column-gap-default\">\n\t\t\t\t\t\t\t<div class=\"elementor-row\">\n\t\t\t\t\t<div class=\"elementor-column elementor-col-50 elementor-top-column elementor-element elementor-element-e7e8b3d\" data-id=\"e7e8b3d\" data-element_type=\"column\">\n\t\t\t<div class=\"elementor-column-wrap elementor-element-populated\">\n\t\t\t\t\t\t\t<div class=\"elementor-widget-wrap\">\n\t\t\t\t\t\t<div class=\"elementor-element elementor-element-3ba43fd elementor-widget elementor-widget-text-editor\" data-id=\"3ba43fd\" data-element_type=\"widget\" data-widget_type=\"text-editor.default\">\n\t\t\t\t<div class=\"elementor-widget-container\">\n\t\t\t\t\t\t\t\t<div class=\"elementor-text-editor elementor-clearfix\">\n\t\t\t\t\t<h2>Dans les paroisses<\/h2>\n<ul>\n<li>collaboration avec les \u00e9quipes paroissiales<br><\/li>\n<li>cat\u00e9ch\u00e8se des enfants<\/li>\n<li>aum\u00f4nerie des jeunes<\/li>\n<li>animation liturgique (orgue, chorale, etc.)<\/li>\n<li>pr\u00e9paration aux sacrements (enfants et adultes)<\/li>\n<li>accompagnement spirituel (jeunes et adultes)<\/li>\n<li>visite et communion aux malades<\/li>\n<li>sacristie et art floral<\/li>\n<\/ul>\n<div><br><\/div>\n<ul>\n<\/ul>\n<h2>Dans nos couvents<\/h2>\n<ul>\n<li>patronage<\/li>\n<li>enfants-adorateurs<\/li>\n<li>retraites spirituelles<\/li>\n<li>journ\u00e9es des mamans<\/li>\n<li>\u00e9coles maternelles (Pologne)<\/li>\n<li>pr\u00e9paration \u00e0 l\u2019imposition du scapulaire<\/li>\n<li>groupes de pri\u00e8re (enfants, jeunes et adultes)<\/li>\n<li>famille de l\u2019Enfant J\u00e9sus<\/li>\n<\/ul>\n<div><br><\/div>\n<ul>\n<\/ul>\n<h2>Dans les pays de mission, en Afrique<\/h2>\n<ul>\n<li>cat\u00e9chum\u00e9nat des enfants et des adultes<\/li>\n<li>\u00e9coles maternelles, primaires et professionnelles<\/li>\n<li>dispensaires et h\u00f4pitaux<\/li>\n<\/ul>\n<div>&nbsp;<\/div>\t\t\t\t\t<\/div>\n\t\t\t\t\t\t<\/div>\n\t\t\t\t<\/div>\n\t\t\t\t\t\t<\/div>\n\t\t\t\t\t<\/div>\n\t\t<\/div>\n\t\t\t\t<div class=\"elementor-column elementor-col-50 elementor-top-column elementor-element elementor-element-7f76e45\" data-id=\"7f76e45\" data-element_type=\"column\">\n\t\t\t<div class=\"elementor-column-wrap elementor-element-populated\">\n\t\t\t\t\t\t\t<div class=\"elementor-widget-wrap\">\n\t\t\t\t\t\t<div class=\"elementor-element elementor-element-0c44c0e elementor-widget elementor-widget-image-gallery\" data-id=\"0c44c0e\" data-element_type=\"widget\" data-widget_type=\"image-gallery.default\">\n\t\t\t\t<div class=\"elementor-widget-container\">\n\t\t\t\t\t<div class=\"elementor-image-gallery\">\n\t\t\t<div id='gallery-1' class='gallery galleryid-453 gallery-columns-1 gallery-size-thumbnail'><figure class='gallery-item'>\n\t\t\t<div class='gallery-icon landscape'>\n\t\t\t\t<a data-elementor-open-lightbox=\"yes\" data-elementor-lightbox-slideshow=\"0c44c0e\" data-elementor-lightbox-title=\"img1\" href='https:\/\/www.carmelitesenfantjesus.fr\/sp\/wp-content\/uploads\/img1.jpg'><img width=\"150\" height=\"150\" src=\"https:\/\/www.carmelitesenfantjesus.fr\/sp\/wp-content\/uploads\/img1-150x150.jpg\" class=\"attachment-thumbnail size-thumbnail\" alt=\"\" decoding=\"async\" loading=\"lazy\" srcset=\"https:\/\/www.carmelitesenfantjesus.fr\/sp\/wp-content\/uploads\/img1-150x150.jpg 150w, https:\/\/www.carmelitesenfantjesus.fr\/sp\/wp-content\/uploads\/img1-300x300.jpg 300w, https:\/\/www.carmelitesenfantjesus.fr\/sp\/wp-content\/uploads\/img1-768x768.jpg 768w, https:\/\/www.carmelitesenfantjesus.fr\/sp\/wp-content\/uploads\/img1-560x560.jpg 560w, https:\/\/www.carmelitesenfantjesus.fr\/sp\/wp-content\/uploads\/img1.jpg 1024w\" sizes=\"(max-width: 150px) 100vw, 150px\" \/><\/a>\n\t\t\t<\/div><\/figure><figure class='gallery-item'>\n\t\t\t<div class='gallery-icon landscape'>\n\t\t\t\t<a data-elementor-open-lightbox=\"yes\" data-elementor-lightbox-slideshow=\"0c44c0e\" data-elementor-lightbox-title=\"img2\" href='https:\/\/www.carmelitesenfantjesus.fr\/sp\/wp-content\/uploads\/img2.jpg'><img width=\"150\" height=\"150\" src=\"https:\/\/www.carmelitesenfantjesus.fr\/sp\/wp-content\/uploads\/img2-150x150.jpg\" class=\"attachment-thumbnail size-thumbnail\" alt=\"\" decoding=\"async\" loading=\"lazy\" srcset=\"https:\/\/www.carmelitesenfantjesus.fr\/sp\/wp-content\/uploads\/img2-150x150.jpg 150w, https:\/\/www.carmelitesenfantjesus.fr\/sp\/wp-content\/uploads\/img2-300x300.jpg 300w, https:\/\/www.carmelitesenfantjesus.fr\/sp\/wp-content\/uploads\/img2-768x768.jpg 768w, https:\/\/www.carmelitesenfantjesus.fr\/sp\/wp-content\/uploads\/img2-560x560.jpg 560w, https:\/\/www.carmelitesenfantjesus.fr\/sp\/wp-content\/uploads\/img2.jpg 1024w\" sizes=\"(max-width: 150px) 100vw, 150px\" \/><\/a>\n\t\t\t<\/div><\/figure><figure class='gallery-item'>\n\t\t\t<div class='gallery-icon landscape'>\n\t\t\t\t<a data-elementor-open-lightbox=\"yes\" data-elementor-lightbox-slideshow=\"0c44c0e\" data-elementor-lightbox-title=\"img4\" href='https:\/\/www.carmelitesenfantjesus.fr\/sp\/wp-content\/uploads\/img4.jpg'><img width=\"150\" height=\"150\" src=\"https:\/\/www.carmelitesenfantjesus.fr\/sp\/wp-content\/uploads\/img4-150x150.jpg\" class=\"attachment-thumbnail size-thumbnail\" alt=\"\" decoding=\"async\" loading=\"lazy\" srcset=\"https:\/\/www.carmelitesenfantjesus.fr\/sp\/wp-content\/uploads\/img4-150x150.jpg 150w, https:\/\/www.carmelitesenfantjesus.fr\/sp\/wp-content\/uploads\/img4-300x300.jpg 300w, https:\/\/www.carmelitesenfantjesus.fr\/sp\/wp-content\/uploads\/img4-768x768.jpg 768w, https:\/\/www.carmelitesenfantjesus.fr\/sp\/wp-content\/uploads\/img4-560x560.jpg 560w, https:\/\/www.carmelitesenfantjesus.fr\/sp\/wp-content\/uploads\/img4.jpg 1024w\" sizes=\"(max-width: 150px) 100vw, 150px\" \/><\/a>\n\t\t\t<\/div><\/figure><figure class='gallery-item'>\n\t\t\t<div class='gallery-icon landscape'>\n\t\t\t\t<a data-elementor-open-lightbox=\"yes\" data-elementor-lightbox-slideshow=\"0c44c0e\" data-elementor-lightbox-title=\"img9\" href='https:\/\/www.carmelitesenfantjesus.fr\/sp\/wp-content\/uploads\/img9.jpg'><img width=\"150\" height=\"150\" src=\"https:\/\/www.carmelitesenfantjesus.fr\/sp\/wp-content\/uploads\/img9-150x150.jpg\" class=\"attachment-thumbnail size-thumbnail\" alt=\"\" decoding=\"async\" loading=\"lazy\" srcset=\"https:\/\/www.carmelitesenfantjesus.fr\/sp\/wp-content\/uploads\/img9-150x150.jpg 150w, https:\/\/www.carmelitesenfantjesus.fr\/sp\/wp-content\/uploads\/img9-300x300.jpg 300w, https:\/\/www.carmelitesenfantjesus.fr\/sp\/wp-content\/uploads\/img9-768x768.jpg 768w, https:\/\/www.carmelitesenfantjesus.fr\/sp\/wp-content\/uploads\/img9-560x560.jpg 560w, https:\/\/www.carmelitesenfantjesus.fr\/sp\/wp-content\/uploads\/img9.jpg 1024w\" sizes=\"(max-width: 150px) 100vw, 150px\" \/><\/a>\n\t\t\t<\/div><\/figure><figure class='gallery-item'>\n\t\t\t<div class='gallery-icon landscape'>\n\t\t\t\t<a data-elementor-open-lightbox=\"yes\" data-elementor-lightbox-slideshow=\"0c44c0e\" data-elementor-lightbox-title=\"img5\" href='https:\/\/www.carmelitesenfantjesus.fr\/sp\/wp-content\/uploads\/img5.jpg'><img width=\"150\" height=\"150\" src=\"https:\/\/www.carmelitesenfantjesus.fr\/sp\/wp-content\/uploads\/img5-150x150.jpg\" class=\"attachment-thumbnail size-thumbnail\" alt=\"\" decoding=\"async\" loading=\"lazy\" srcset=\"https:\/\/www.carmelitesenfantjesus.fr\/sp\/wp-content\/uploads\/img5-150x150.jpg 150w, https:\/\/www.carmelitesenfantjesus.fr\/sp\/wp-content\/uploads\/img5-300x300.jpg 300w, https:\/\/www.carmelitesenfantjesus.fr\/sp\/wp-content\/uploads\/img5-768x767.jpg 768w, https:\/\/www.carmelitesenfantjesus.fr\/sp\/wp-content\/uploads\/img5-770x768.jpg 770w, https:\/\/www.carmelitesenfantjesus.fr\/sp\/wp-content\/uploads\/img5-560x560.jpg 560w, https:\/\/www.carmelitesenfantjesus.fr\/sp\/wp-content\/uploads\/img5.jpg 1024w\" sizes=\"(max-width: 150px) 100vw, 150px\" \/><\/a>\n\t\t\t<\/div><\/figure><figure class='gallery-item'>\n\t\t\t<div class='gallery-icon landscape'>\n\t\t\t\t<a data-elementor-open-lightbox=\"yes\" data-elementor-lightbox-slideshow=\"0c44c0e\" data-elementor-lightbox-title=\"img8\" href='https:\/\/www.carmelitesenfantjesus.fr\/sp\/wp-content\/uploads\/img8.jpg'><img width=\"150\" height=\"150\" src=\"https:\/\/www.carmelitesenfantjesus.fr\/sp\/wp-content\/uploads\/img8-150x150.jpg\" class=\"attachment-thumbnail size-thumbnail\" alt=\"\" decoding=\"async\" loading=\"lazy\" srcset=\"https:\/\/www.carmelitesenfantjesus.fr\/sp\/wp-content\/uploads\/img8-150x150.jpg 150w, https:\/\/www.carmelitesenfantjesus.fr\/sp\/wp-content\/uploads\/img8-300x300.jpg 300w, https:\/\/www.carmelitesenfantjesus.fr\/sp\/wp-content\/uploads\/img8-768x768.jpg 768w, https:\/\/www.carmelitesenfantjesus.fr\/sp\/wp-content\/uploads\/img8-560x560.jpg 560w, https:\/\/www.carmelitesenfantjesus.fr\/sp\/wp-content\/uploads\/img8.jpg 1024w\" sizes=\"(max-width: 150px) 100vw, 150px\" \/><\/a>\n\t\t\t<\/div><\/figure>\n\t\t<\/div>\n\t\t<\/div>\n\t\t\t\t<\/div>\n\t\t\t\t<\/div>\n\t\t\t\t\t\t<\/div>\n\t\t\t\t\t<\/div>\n\t\t<\/div>\n\t\t\t\t\t\t\t\t<\/div>\n\t\t\t\t\t<\/div>\n\t\t<\/section>\n\t\t\t\t\t\t<\/div>\n\t\t\t\t\t\t<\/div>\n\t\t\t\t\t<\/div>\n\t\t","protected":false},"excerpt":{"rendered":"<p>Les apostolats &#8220;Ma vocation c&#8217;est l&#8217;Amour ! J&#8217;ai trouv\u00e9 ma place dans l&#8217;Eglise et Toi mon Dieu, tu me l&#8217;as donn\u00e9e. Dans le c\u0153ur de l&#8217;Eglise, ma M\u00e8re, je serai l&#8217;Amour&#8221; Ste Th\u00e9r\u00e8se de l\u2019Enfant J\u00e9sus Notre premier apostolat au sein de l\u2019Eglise en tant que Carm\u00e9lites est la pri\u00e8re et l\u2019offrande, dans un esprit [&hellip;]<\/p>\n","protected":false},"author":2,"featured_media":0,"parent":0,"menu_order":0,"comment_status":"closed","ping_status":"closed","template":"","meta":{"ghostkit_customizer_options":"","ghostkit_custom_css":"","ghostkit_custom_js_head":"","ghostkit_custom_js_foot":"","ghostkit_typography":""},"_links":{"self":[{"href":"https:\/\/www.carmelitesenfantjesus.fr\/sp\/wp-json\/wp\/v2\/pages\/453"}],"collection":[{"href":"https:\/\/www.carmelitesenfantjesus.fr\/sp\/wp-json\/wp\/v2\/pages"}],"about":[{"href":"https:\/\/www.carmelitesenfantjesus.fr\/sp\/wp-json\/wp\/v2\/types\/page"}],"author":[{"embeddable":true,"href":"https:\/\/www.carmelitesenfantjesus.fr\/sp\/wp-json\/wp\/v2\/users\/2"}],"replies":[{"embeddable":true,"href":"https:\/\/www.carmelitesenfantjesus.fr\/sp\/wp-json\/wp\/v2\/comments?post=453"}],"version-history":[{"count":40,"href":"https:\/\/www.carmelitesenfantjesus.fr\/sp\/wp-json\/wp\/v2\/pages\/453\/revisions"}],"predecessor-version":[{"id":2513,"href":"https:\/\/www.carmelitesenfantjesus.fr\/sp\/wp-json\/wp\/v2\/pages\/453\/revisions\/2513"}],"wp:attachment":[{"href":"https:\/\/www.carmelitesenfantjesus.fr\/sp\/wp-json\/wp\/v2\/media?parent=453"}],"curies":[{"name":"wp","href":"https:\/\/api.w.org\/{rel}","templated":true}]}}