
{"id":421,"date":"2018-04-12T18:34:02","date_gmt":"2018-04-12T16:34:02","guid":{"rendered":"https:\/\/www.carmelitesenfantjesus.fr\/sp\/?page_id=421"},"modified":"2023-08-03T16:33:23","modified_gmt":"2023-08-03T14:33:23","slug":"priere","status":"publish","type":"page","link":"https:\/\/www.carmelitesenfantjesus.fr\/sp\/priere\/","title":{"rendered":"Pri\u00e8re"},"content":{"rendered":"\t\t<div data-elementor-type=\"wp-post\" data-elementor-id=\"421\" class=\"elementor elementor-421\" data-elementor-settings=\"[]\">\n\t\t\t\t\t\t<div class=\"elementor-inner\">\n\t\t\t\t\t\t\t<div class=\"elementor-section-wrap\">\n\t\t\t\t\t\t\t<section class=\"elementor-section elementor-top-section elementor-element elementor-element-6eb9069 elementor-section-boxed elementor-section-height-default elementor-section-height-default\" data-id=\"6eb9069\" data-element_type=\"section\">\n\t\t\t\t\t\t<div class=\"elementor-container elementor-column-gap-default\">\n\t\t\t\t\t\t\t<div class=\"elementor-row\">\n\t\t\t\t\t<div class=\"elementor-column elementor-col-100 elementor-top-column elementor-element elementor-element-a9010bd\" data-id=\"a9010bd\" data-element_type=\"column\">\n\t\t\t<div class=\"elementor-column-wrap elementor-element-populated\">\n\t\t\t\t\t\t\t<div class=\"elementor-widget-wrap\">\n\t\t\t\t\t\t<div class=\"elementor-element elementor-element-b6f5ff3 elementor-widget elementor-widget-heading\" data-id=\"b6f5ff3\" data-element_type=\"widget\" data-widget_type=\"heading.default\">\n\t\t\t\t<div class=\"elementor-widget-container\">\n\t\t\t<h1 class=\"elementor-heading-title elementor-size-default\">La pri\u00e8re<\/h1>\t\t<\/div>\n\t\t\t\t<\/div>\n\t\t\t\t<div class=\"elementor-element elementor-element-0173569 elementor-widget elementor-widget-text-editor\" data-id=\"0173569\" data-element_type=\"widget\" data-widget_type=\"text-editor.default\">\n\t\t\t\t<div class=\"elementor-widget-container\">\n\t\t\t\t\t\t\t\t<div class=\"elementor-text-editor elementor-clearfix\">\n\t\t\t\t\t<p><em>\u00ab La pri\u00e8re est un \u00e9lan du c\u0153ur, un simple regard jet\u00e9 vers le Ciel, un cri de reconnaissance et d\u2019amour au sein de l\u2019\u00e9preuve comme au sein de la joie, qui me dilate l\u2019\u00e2me et m\u2019unit \u00e0 J\u00e9sus \u00bb.<\/em><\/p>\t\t\t\t\t<\/div>\n\t\t\t\t\t\t<\/div>\n\t\t\t\t<\/div>\n\t\t\t\t<div class=\"elementor-element elementor-element-bc564b2 elementor-widget elementor-widget-text-editor\" data-id=\"bc564b2\" data-element_type=\"widget\" data-widget_type=\"text-editor.default\">\n\t\t\t\t<div class=\"elementor-widget-container\">\n\t\t\t\t\t\t\t\t<div class=\"elementor-text-editor elementor-clearfix\">\n\t\t\t\t\t<p>(Ste Th\u00e9r\u00e8se de l\u2019Enfant-J\u00e9sus).<\/p>\t\t\t\t\t<\/div>\n\t\t\t\t\t\t<\/div>\n\t\t\t\t<\/div>\n\t\t\t\t<div class=\"elementor-element elementor-element-3020552 elementor-widget elementor-widget-text-editor\" data-id=\"3020552\" data-element_type=\"widget\" data-widget_type=\"text-editor.default\">\n\t\t\t\t<div class=\"elementor-widget-container\">\n\t\t\t\t\t\t\t\t<div class=\"elementor-text-editor elementor-clearfix\">\n\t\t\t\t\t<p>La contemplation de Dieu et l\u2019union constante \u00e0 Lui dans la pri\u00e8re est le premier et principal devoir des s\u0153urs. La fid\u00e9lit\u00e9 \u00e0 la pri\u00e8re est un crit\u00e8re de vitalit\u00e9 de la vie religieuse. Les s\u0153urs prient : avec la liturgie, l&#8217;oraison mentale et les pri\u00e8res vocales. Elles puisent l\u2019esprit de pri\u00e8re dans la lecture et la m\u00e9ditation de la Parole de Dieu, dans la liturgie de l\u2019\u00c9glise, surtout le myst\u00e8re de l\u2019Eucharistie, et dans la vie de la Bienheureuse Vierge Marie. Les s\u0153urs prient : avec la liturgie, l\u2019oraison, les pri\u00e8res vocales.<\/p>\t\t\t\t\t<\/div>\n\t\t\t\t\t\t<\/div>\n\t\t\t\t<\/div>\n\t\t\t\t\t\t<\/div>\n\t\t\t\t\t<\/div>\n\t\t<\/div>\n\t\t\t\t\t\t\t\t<\/div>\n\t\t\t\t\t<\/div>\n\t\t<\/section>\n\t\t\t\t<section class=\"elementor-section elementor-top-section elementor-element elementor-element-7b093b1 elementor-section-boxed elementor-section-height-default elementor-section-height-default\" data-id=\"7b093b1\" data-element_type=\"section\">\n\t\t\t\t\t\t<div class=\"elementor-container elementor-column-gap-default\">\n\t\t\t\t\t\t\t<div class=\"elementor-row\">\n\t\t\t\t\t<div class=\"elementor-column elementor-col-33 elementor-top-column elementor-element elementor-element-35b504b\" data-id=\"35b504b\" data-element_type=\"column\">\n\t\t\t<div class=\"elementor-column-wrap\">\n\t\t\t\t\t\t\t<div class=\"elementor-widget-wrap\">\n\t\t\t\t\t\t\t\t<\/div>\n\t\t\t\t\t<\/div>\n\t\t<\/div>\n\t\t\t\t<div class=\"elementor-column elementor-col-33 elementor-top-column elementor-element elementor-element-afddd10\" data-id=\"afddd10\" data-element_type=\"column\">\n\t\t\t<div class=\"elementor-column-wrap elementor-element-populated\">\n\t\t\t\t\t\t\t<div class=\"elementor-widget-wrap\">\n\t\t\t\t\t\t<div class=\"elementor-element elementor-element-43da251 elementor-arrows-position-inside elementor-widget elementor-widget-image-carousel\" data-id=\"43da251\" data-element_type=\"widget\" data-settings=\"{&quot;slides_to_show&quot;:&quot;3&quot;,&quot;slides_to_show_tablet&quot;:&quot;3&quot;,&quot;slides_to_scroll&quot;:&quot;3&quot;,&quot;navigation&quot;:&quot;arrows&quot;,&quot;autoplay&quot;:&quot;no&quot;,&quot;infinite&quot;:&quot;yes&quot;,&quot;speed&quot;:500}\" data-widget_type=\"image-carousel.default\">\n\t\t\t\t<div class=\"elementor-widget-container\">\n\t\t\t\t\t<div class=\"elementor-image-carousel-wrapper swiper-container\" dir=\"ltr\">\n\t\t\t<div class=\"elementor-image-carousel swiper-wrapper\">\n\t\t\t\t<div class=\"swiper-slide\"><a data-elementor-open-lightbox=\"yes\" data-elementor-lightbox-slideshow=\"43da251\" data-elementor-lightbox-title=\"gpriere1\" href=\"https:\/\/www.carmelitesenfantjesus.fr\/sp\/wp-content\/uploads\/gpriere1.jpg\"><figure class=\"swiper-slide-inner\"><img decoding=\"async\" class=\"swiper-slide-image\" src=\"https:\/\/www.carmelitesenfantjesus.fr\/sp\/wp-content\/uploads\/gpriere1-150x150.jpg\" alt=\"gpriere1\" \/><\/figure><\/a><\/div><div class=\"swiper-slide\"><a data-elementor-open-lightbox=\"yes\" data-elementor-lightbox-slideshow=\"43da251\" data-elementor-lightbox-title=\"gpriere2\" href=\"https:\/\/www.carmelitesenfantjesus.fr\/sp\/wp-content\/uploads\/gpriere2.jpg\"><figure class=\"swiper-slide-inner\"><img decoding=\"async\" class=\"swiper-slide-image\" src=\"https:\/\/www.carmelitesenfantjesus.fr\/sp\/wp-content\/uploads\/gpriere2-150x150.jpg\" alt=\"gpriere2\" \/><\/figure><\/a><\/div><div class=\"swiper-slide\"><a data-elementor-open-lightbox=\"yes\" data-elementor-lightbox-slideshow=\"43da251\" data-elementor-lightbox-title=\"gpriere3\" href=\"https:\/\/www.carmelitesenfantjesus.fr\/sp\/wp-content\/uploads\/gpriere3.jpg\"><figure class=\"swiper-slide-inner\"><img decoding=\"async\" class=\"swiper-slide-image\" src=\"https:\/\/www.carmelitesenfantjesus.fr\/sp\/wp-content\/uploads\/gpriere3-150x150.jpg\" alt=\"gpriere3\" \/><\/figure><\/a><\/div>\t\t\t<\/div>\n\t\t\t\t\t\t\t\t\t\t\t\t\t\t\t\t<div class=\"elementor-swiper-button elementor-swiper-button-prev\">\n\t\t\t\t\t\t<i class=\"eicon-chevron-left\" aria-hidden=\"true\"><\/i>\n\t\t\t\t\t\t<span class=\"elementor-screen-only\">Pr\u00e9c\u00e9dent<\/span>\n\t\t\t\t\t<\/div>\n\t\t\t\t\t<div class=\"elementor-swiper-button elementor-swiper-button-next\">\n\t\t\t\t\t\t<i class=\"eicon-chevron-right\" aria-hidden=\"true\"><\/i>\n\t\t\t\t\t\t<span class=\"elementor-screen-only\">Suivant<\/span>\n\t\t\t\t\t<\/div>\n\t\t\t\t\t\t\t\t\t<\/div>\n\t\t\t\t<\/div>\n\t\t\t\t<\/div>\n\t\t\t\t\t\t<\/div>\n\t\t\t\t\t<\/div>\n\t\t<\/div>\n\t\t\t\t<div class=\"elementor-column elementor-col-33 elementor-top-column elementor-element elementor-element-5eb69b6\" data-id=\"5eb69b6\" data-element_type=\"column\">\n\t\t\t<div class=\"elementor-column-wrap\">\n\t\t\t\t\t\t\t<div class=\"elementor-widget-wrap\">\n\t\t\t\t\t\t\t\t<\/div>\n\t\t\t\t\t<\/div>\n\t\t<\/div>\n\t\t\t\t\t\t\t\t<\/div>\n\t\t\t\t\t<\/div>\n\t\t<\/section>\n\t\t\t\t<section class=\"elementor-section elementor-top-section elementor-element elementor-element-1afc27b elementor-section-boxed elementor-section-height-default elementor-section-height-default\" data-id=\"1afc27b\" data-element_type=\"section\">\n\t\t\t\t\t\t<div class=\"elementor-container elementor-column-gap-default\">\n\t\t\t\t\t\t\t<div class=\"elementor-row\">\n\t\t\t\t\t<div class=\"elementor-column elementor-col-66 elementor-top-column elementor-element elementor-element-3f69955\" data-id=\"3f69955\" data-element_type=\"column\">\n\t\t\t<div class=\"elementor-column-wrap elementor-element-populated\">\n\t\t\t\t\t\t\t<div class=\"elementor-widget-wrap\">\n\t\t\t\t\t\t<div class=\"elementor-element elementor-element-da49f74 elementor-widget elementor-widget-heading\" data-id=\"da49f74\" data-element_type=\"widget\" data-widget_type=\"heading.default\">\n\t\t\t\t<div class=\"elementor-widget-container\">\n\t\t\t<h2 class=\"elementor-heading-title elementor-size-default\">La liturgie :<\/h2>\t\t<\/div>\n\t\t\t\t<\/div>\n\t\t\t\t<div class=\"elementor-element elementor-element-3a9855f elementor-widget elementor-widget-text-editor\" data-id=\"3a9855f\" data-element_type=\"widget\" data-widget_type=\"text-editor.default\">\n\t\t\t\t<div class=\"elementor-widget-container\">\n\t\t\t\t\t\t\t\t<div class=\"elementor-text-editor elementor-clearfix\">\n\t\t\t\t\t<p>La liturgie est la source et le sommet de la vie spirituelle des s\u0153urs. Elles s\u2019appliquent \u00e0 la comprendre et \u00e0 la vivre avant tout dans l\u2019Eucharistie, dans la Liturgie des Heures \u00e0 travers les myst\u00e8res de l\u2019ann\u00e9e liturgique.<\/p>\n<p>La Liturgie des Heures, comme pri\u00e8re publique de l\u2019Eglise, est source de pi\u00e9t\u00e9 et de vitalit\u00e9 pour la pri\u00e8re personnelle.<\/p>La liturgie est soutenue par une heure d&#8217;adoration eucharistique, l&#8217;Heure Sainte, le premier jeudi de chaque mois, offerte en r\u00e9paration des blessures inflig\u00e9es au Coeur agonisant de J\u00e9sus.<br>\t\t\t\t\t<\/div>\n\t\t\t\t\t\t<\/div>\n\t\t\t\t<\/div>\n\t\t\t\t\t\t<\/div>\n\t\t\t\t\t<\/div>\n\t\t<\/div>\n\t\t\t\t<div class=\"elementor-column elementor-col-33 elementor-top-column elementor-element elementor-element-530a26a\" data-id=\"530a26a\" data-element_type=\"column\">\n\t\t\t<div class=\"elementor-column-wrap elementor-element-populated\">\n\t\t\t\t\t\t\t<div class=\"elementor-widget-wrap\">\n\t\t\t\t\t\t<div class=\"elementor-element elementor-element-50ab4a6 elementor-widget elementor-widget-image\" data-id=\"50ab4a6\" data-element_type=\"widget\" data-widget_type=\"image.default\">\n\t\t\t\t<div class=\"elementor-widget-container\">\n\t\t\t\t\t\t\t\t<div class=\"elementor-image\">\n\t\t\t\t\t\t\t\t\t\t\t\t<img width=\"250\" height=\"250\" src=\"https:\/\/www.carmelitesenfantjesus.fr\/sp\/wp-content\/uploads\/priere1-e1490303281195-250x250.png\" class=\"attachment-full size-full\" alt=\"\" decoding=\"async\" loading=\"lazy\" srcset=\"https:\/\/www.carmelitesenfantjesus.fr\/sp\/wp-content\/uploads\/priere1-e1490303281195-250x250.png 250w, https:\/\/www.carmelitesenfantjesus.fr\/sp\/wp-content\/uploads\/priere1-e1490303281195-250x250-150x150.png 150w\" sizes=\"(max-width: 250px) 100vw, 250px\" \/>\t\t\t\t\t\t\t\t\t\t\t\t\t\t<\/div>\n\t\t\t\t\t\t<\/div>\n\t\t\t\t<\/div>\n\t\t\t\t\t\t<\/div>\n\t\t\t\t\t<\/div>\n\t\t<\/div>\n\t\t\t\t\t\t\t\t<\/div>\n\t\t\t\t\t<\/div>\n\t\t<\/section>\n\t\t\t\t<section class=\"elementor-section elementor-top-section elementor-element elementor-element-6ac9fbc elementor-section-boxed elementor-section-height-default elementor-section-height-default\" data-id=\"6ac9fbc\" data-element_type=\"section\">\n\t\t\t\t\t\t<div class=\"elementor-container elementor-column-gap-default\">\n\t\t\t\t\t\t\t<div class=\"elementor-row\">\n\t\t\t\t\t<div class=\"elementor-column elementor-col-66 elementor-top-column elementor-element elementor-element-854ab3d\" data-id=\"854ab3d\" data-element_type=\"column\">\n\t\t\t<div class=\"elementor-column-wrap elementor-element-populated\">\n\t\t\t\t\t\t\t<div class=\"elementor-widget-wrap\">\n\t\t\t\t\t\t<div class=\"elementor-element elementor-element-56abffc elementor-widget elementor-widget-heading\" data-id=\"56abffc\" data-element_type=\"widget\" data-widget_type=\"heading.default\">\n\t\t\t\t<div class=\"elementor-widget-container\">\n\t\t\t<h2 class=\"elementor-heading-title elementor-size-default\">L\u2019oraison :<\/h2>\t\t<\/div>\n\t\t\t\t<\/div>\n\t\t\t\t<div class=\"elementor-element elementor-element-44e8234 elementor-widget elementor-widget-text-editor\" data-id=\"44e8234\" data-element_type=\"widget\" data-widget_type=\"text-editor.default\">\n\t\t\t\t<div class=\"elementor-widget-container\">\n\t\t\t\t\t\t\t\t<div class=\"elementor-text-editor elementor-clearfix\">\n\t\t\t\t\t<p><em>\u00ab L\u2019oraison n\u2019est qu\u2019un commerce d\u2019amiti\u00e9, o\u00f9 l\u2019\u00e2me s\u2019entretient seule \u00e0 seul avec Celui dont elle se sait aim\u00e9e \u00bb<\/em>\u00a0(Th\u00e9r\u00e8se d\u2019Avila).<\/p><p>Chaque matin et chaque soir, les s\u0153urs font une demi-heure d\u2019oraison qu\u2019elles appr\u00e9cient comme leur tr\u00e9sor le plus cher. M\u00e8re fondatrice disait : <em>\u00ab\u00a0Apprenons \u00e0 bien faire oraison et nous serons heureuses d\u00e9j\u00e0 ici sur terre\u00a0\u00bb.<\/em><\/p><p>Afin de rendre la pri\u00e8re plus fervente et efficace, les s\u0153urs demeurent en pr\u00e9sence de Dieu tout au long du jour par des oraisons jaculatoires, par le recueillement et la solitude int\u00e9rieure.<\/p>\t\t\t\t\t<\/div>\n\t\t\t\t\t\t<\/div>\n\t\t\t\t<\/div>\n\t\t\t\t\t\t<\/div>\n\t\t\t\t\t<\/div>\n\t\t<\/div>\n\t\t\t\t<div class=\"elementor-column elementor-col-33 elementor-top-column elementor-element elementor-element-7848f53\" data-id=\"7848f53\" data-element_type=\"column\">\n\t\t\t<div class=\"elementor-column-wrap elementor-element-populated\">\n\t\t\t\t\t\t\t<div class=\"elementor-widget-wrap\">\n\t\t\t\t\t\t<div class=\"elementor-element elementor-element-1c1bd0a elementor-widget elementor-widget-image\" data-id=\"1c1bd0a\" data-element_type=\"widget\" data-widget_type=\"image.default\">\n\t\t\t\t<div class=\"elementor-widget-container\">\n\t\t\t\t\t\t\t\t<div class=\"elementor-image\">\n\t\t\t\t\t\t\t\t\t\t\t\t<img width=\"250\" height=\"250\" src=\"https:\/\/www.carmelitesenfantjesus.fr\/sp\/wp-content\/uploads\/priere2-e1490304173863-250x250.png\" class=\"attachment-medium size-medium\" alt=\"\" decoding=\"async\" loading=\"lazy\" srcset=\"https:\/\/www.carmelitesenfantjesus.fr\/sp\/wp-content\/uploads\/priere2-e1490304173863-250x250.png 250w, https:\/\/www.carmelitesenfantjesus.fr\/sp\/wp-content\/uploads\/priere2-e1490304173863-250x250-150x150.png 150w\" sizes=\"(max-width: 250px) 100vw, 250px\" \/>\t\t\t\t\t\t\t\t\t\t\t\t\t\t<\/div>\n\t\t\t\t\t\t<\/div>\n\t\t\t\t<\/div>\n\t\t\t\t\t\t<\/div>\n\t\t\t\t\t<\/div>\n\t\t<\/div>\n\t\t\t\t\t\t\t\t<\/div>\n\t\t\t\t\t<\/div>\n\t\t<\/section>\n\t\t\t\t<section class=\"elementor-section elementor-top-section elementor-element elementor-element-1971deb elementor-section-boxed elementor-section-height-default elementor-section-height-default\" data-id=\"1971deb\" data-element_type=\"section\">\n\t\t\t\t\t\t<div class=\"elementor-container elementor-column-gap-default\">\n\t\t\t\t\t\t\t<div class=\"elementor-row\">\n\t\t\t\t\t<div class=\"elementor-column elementor-col-100 elementor-top-column elementor-element elementor-element-8d9779f\" data-id=\"8d9779f\" data-element_type=\"column\">\n\t\t\t<div class=\"elementor-column-wrap elementor-element-populated\">\n\t\t\t\t\t\t\t<div class=\"elementor-widget-wrap\">\n\t\t\t\t\t\t<div class=\"elementor-element elementor-element-aec44b3 elementor-widget elementor-widget-heading\" data-id=\"aec44b3\" data-element_type=\"widget\" data-widget_type=\"heading.default\">\n\t\t\t\t<div class=\"elementor-widget-container\">\n\t\t\t<h2 class=\"elementor-heading-title elementor-size-default\">Les pri\u00e8res vocales :<\/h2>\t\t<\/div>\n\t\t\t\t<\/div>\n\t\t\t\t<div class=\"elementor-element elementor-element-4f5a038 elementor-widget elementor-widget-text-editor\" data-id=\"4f5a038\" data-element_type=\"widget\" data-widget_type=\"text-editor.default\">\n\t\t\t\t<div class=\"elementor-widget-container\">\n\t\t\t\t\t\t\t\t<div class=\"elementor-text-editor elementor-clearfix\">\n\t\t\t\t\t<p>Tous les jours, les s\u0153urs r\u00e9citent le chapelet et les litanies de la Sainte Vierge. <br><\/p>\n<p>Chaque mercredi, les s\u0153urs r\u00e9citent les litanies en l\u2019honneur de Saint Joseph.<\/p>\n<p>Chaque jour, \u00e0 15h00, les s\u0153urs s\u2019unissent \u00e0 J\u00e9sus agonisant.<\/p>\n<p>Tous les 25 du mois, elles m\u00e9ditent les douze myst\u00e8res de l&#8217;Enfance de J\u00e9sus et r\u00e9citent les litanies du Saint Nom de J\u00e9sus.<\/p>\n<p>Sainte Th\u00e9r\u00e8se de l\u2019Enfant-J\u00e9sus reste un guide \u00e9minent pour la vie de pri\u00e8re des s\u0153urs.<\/p>\n<p>Voici quelques unes de ses pens\u00e9es:<\/p>\t\t\t\t\t<\/div>\n\t\t\t\t\t\t<\/div>\n\t\t\t\t<\/div>\n\t\t\t\t\t\t<\/div>\n\t\t\t\t\t<\/div>\n\t\t<\/div>\n\t\t\t\t\t\t\t\t<\/div>\n\t\t\t\t\t<\/div>\n\t\t<\/section>\n\t\t\t\t<section class=\"elementor-section elementor-top-section elementor-element elementor-element-075f1eb elementor-reverse-mobile elementor-section-boxed elementor-section-height-default elementor-section-height-default\" data-id=\"075f1eb\" data-element_type=\"section\">\n\t\t\t\t\t\t<div class=\"elementor-container elementor-column-gap-default\">\n\t\t\t\t\t\t\t<div class=\"elementor-row\">\n\t\t\t\t\t<div class=\"elementor-column elementor-col-33 elementor-top-column elementor-element elementor-element-6e079b3\" data-id=\"6e079b3\" data-element_type=\"column\">\n\t\t\t<div class=\"elementor-column-wrap elementor-element-populated\">\n\t\t\t\t\t\t\t<div class=\"elementor-widget-wrap\">\n\t\t\t\t\t\t<div class=\"elementor-element elementor-element-b39f3b5 elementor-widget elementor-widget-image\" data-id=\"b39f3b5\" data-element_type=\"widget\" data-widget_type=\"image.default\">\n\t\t\t\t<div class=\"elementor-widget-container\">\n\t\t\t\t\t\t\t\t<div class=\"elementor-image\">\n\t\t\t\t\t\t\t\t\t\t\t\t<img width=\"250\" height=\"250\" src=\"https:\/\/www.carmelitesenfantjesus.fr\/sp\/wp-content\/uploads\/priere3-e1490304141464-250x250.png\" class=\"attachment-medium size-medium\" alt=\"\" decoding=\"async\" loading=\"lazy\" srcset=\"https:\/\/www.carmelitesenfantjesus.fr\/sp\/wp-content\/uploads\/priere3-e1490304141464-250x250.png 250w, https:\/\/www.carmelitesenfantjesus.fr\/sp\/wp-content\/uploads\/priere3-e1490304141464-250x250-150x150.png 150w\" sizes=\"(max-width: 250px) 100vw, 250px\" \/>\t\t\t\t\t\t\t\t\t\t\t\t\t\t<\/div>\n\t\t\t\t\t\t<\/div>\n\t\t\t\t<\/div>\n\t\t\t\t\t\t<\/div>\n\t\t\t\t\t<\/div>\n\t\t<\/div>\n\t\t\t\t<div class=\"elementor-column elementor-col-66 elementor-top-column elementor-element elementor-element-522e8be\" data-id=\"522e8be\" data-element_type=\"column\">\n\t\t\t<div class=\"elementor-column-wrap elementor-element-populated\">\n\t\t\t\t\t\t\t<div class=\"elementor-widget-wrap\">\n\t\t\t\t\t\t<div class=\"elementor-element elementor-element-bf3c1d0 elementor-widget elementor-widget-text-editor\" data-id=\"bf3c1d0\" data-element_type=\"widget\" data-widget_type=\"text-editor.default\">\n\t\t\t\t<div class=\"elementor-widget-container\">\n\t\t\t\t\t\t\t\t<div class=\"elementor-text-editor elementor-clearfix\">\n\t\t\t\t\t<p><em>\u00ab\u00a0Souvent le silence seul est capable d\u2019exprimer ma pri\u00e8re, mais l\u2019h\u00f4te divin du tabernacle comprend tout, m\u00eame le silence d\u2019une \u00e2me d\u2019enfant\u00a0\u00bb (LT 138)<\/em><\/p><p><em>\u00ab Il n\u2019est point n\u00e9cessaire pour \u00eatre exauc\u00e9e de lire dans un livre une belle formule compos\u00e9e pour la circonstance ; s\u2019il en \u00e9tait ainsi&#8230; h\u00e9las ! Que je serais \u00e0 plaindre ! Je n\u2019ai pas le courage de m\u2019astreindre \u00e0 chercher dans les livres de belles pri\u00e8res\u2026 il y en a tant ! Et puis elles sont toutes plus belles les unes que les autres. Ne sachant laquelle choisir, je fais comme les enfants qui ne savent pas lire, je dis tout simplement au bon Dieu ce que je veux lui dire, sans faire de belles phrases, et toujours Il me comprend \u00bb (Ms C 25 r\u00b0).<\/em><\/p>\t\t\t\t\t<\/div>\n\t\t\t\t\t\t<\/div>\n\t\t\t\t<\/div>\n\t\t\t\t\t\t<\/div>\n\t\t\t\t\t<\/div>\n\t\t<\/div>\n\t\t\t\t\t\t\t\t<\/div>\n\t\t\t\t\t<\/div>\n\t\t<\/section>\n\t\t\t\t<section class=\"elementor-section elementor-top-section elementor-element elementor-element-5194b54 elementor-section-boxed elementor-section-height-default elementor-section-height-default\" data-id=\"5194b54\" data-element_type=\"section\">\n\t\t\t\t\t\t<div class=\"elementor-container elementor-column-gap-default\">\n\t\t\t\t\t\t\t<div class=\"elementor-row\">\n\t\t\t\t\t<div class=\"elementor-column elementor-col-100 elementor-top-column elementor-element elementor-element-0c2cd26\" data-id=\"0c2cd26\" data-element_type=\"column\">\n\t\t\t<div class=\"elementor-column-wrap elementor-element-populated\">\n\t\t\t\t\t\t\t<div class=\"elementor-widget-wrap\">\n\t\t\t\t\t\t<div class=\"elementor-element elementor-element-60bb89f elementor-widget elementor-widget-text-editor\" data-id=\"60bb89f\" data-element_type=\"widget\" data-widget_type=\"text-editor.default\">\n\t\t\t\t<div class=\"elementor-widget-container\">\n\t\t\t\t\t\t\t\t<div class=\"elementor-text-editor elementor-clearfix\">\n\t\t\t\t\t<p><em>\u00ab Donne bien tout ton c\u0153ur \u00e0 J\u00e9sus, Il en a soif, Il en est affam\u00e9 ; ton c\u0153ur, voil\u00e0 ce qu\u2019Il ambitionne \u00bb (LT 109).<\/em><\/p><p><em>\u00ab Voici ma pri\u00e8re : je demande \u00e0 J\u00e9sus de m\u2019attirer dans les flammes de son amour, de m\u2019unir si \u00e9troitement \u00e0 Lui, qu\u2019Il vive et agisse en moi \u00bb.<\/em><\/p><p><em>\u00ab Mon Ciel est de rester toujours en sa pr\u00e9sence, de l\u2019appeler mon P\u00e8re et d\u2019\u00eatre son enfant. Entre ses bras divins, je ne crains pas l\u2019orage, le total abandon voil\u00e0 ma seule loi \u00bb (PN 32).<\/em><\/p><p><em>\u00ab J\u2019en ai fait l\u2019exp\u00e9rience : quand je ne sens rien, que je suis incapable de prier, je veux au moins Lui dire souvent que je L\u2019aime, ce n\u2019est pas difficile et cela entretient le feu ; quand m\u00eame il semblerait \u00e9teint, ce feu d\u2019amour je voudrais y jeter quelque chose et J\u00e9sus saurait bien alors le rallumer \u00bb (LT 143).<\/em><\/p><p><em>\u00ab Je r\u00e9cite un Ave Maria pour offrir mon travail \u00e0 la Sainte vierge. J\u2019ai pris l\u2019habitude d\u2019agir ainsi chaque fois que je me remets \u00e0 l\u2019ouvrage \u00bb (CS p.90).<\/em><\/p>\t\t\t\t\t<\/div>\n\t\t\t\t\t\t<\/div>\n\t\t\t\t<\/div>\n\t\t\t\t<div class=\"elementor-element elementor-element-1cf9ebd elementor-widget elementor-widget-image\" data-id=\"1cf9ebd\" data-element_type=\"widget\" data-widget_type=\"image.default\">\n\t\t\t\t<div class=\"elementor-widget-container\">\n\t\t\t\t\t\t\t\t<div class=\"elementor-image\">\n\t\t\t\t\t\t\t\t\t\t\t\t<img width=\"540\" height=\"540\" src=\"https:\/\/www.carmelitesenfantjesus.fr\/sp\/wp-content\/uploads\/priere4-e1490304752412.png\" class=\"attachment-audioigniter_cover size-audioigniter_cover\" alt=\"\" decoding=\"async\" loading=\"lazy\" srcset=\"https:\/\/www.carmelitesenfantjesus.fr\/sp\/wp-content\/uploads\/priere4-e1490304752412.png 540w, https:\/\/www.carmelitesenfantjesus.fr\/sp\/wp-content\/uploads\/priere4-e1490304752412-150x150.png 150w, https:\/\/www.carmelitesenfantjesus.fr\/sp\/wp-content\/uploads\/priere4-e1490304752412-300x300.png 300w\" sizes=\"(max-width: 540px) 100vw, 540px\" \/>\t\t\t\t\t\t\t\t\t\t\t\t\t\t<\/div>\n\t\t\t\t\t\t<\/div>\n\t\t\t\t<\/div>\n\t\t\t\t\t\t<\/div>\n\t\t\t\t\t<\/div>\n\t\t<\/div>\n\t\t\t\t\t\t\t\t<\/div>\n\t\t\t\t\t<\/div>\n\t\t<\/section>\n\t\t\t\t\t\t<\/div>\n\t\t\t\t\t\t<\/div>\n\t\t\t\t\t<\/div>\n\t\t","protected":false},"excerpt":{"rendered":"<p>La pri\u00e8re \u00ab La pri\u00e8re est un \u00e9lan du c\u0153ur, un simple regard jet\u00e9 vers le Ciel, un cri de reconnaissance et d\u2019amour au sein de l\u2019\u00e9preuve comme au sein de la joie, qui me dilate l\u2019\u00e2me et m\u2019unit \u00e0 J\u00e9sus \u00bb. (Ste Th\u00e9r\u00e8se de l\u2019Enfant-J\u00e9sus). La contemplation de Dieu et l\u2019union constante \u00e0 Lui [&hellip;]<\/p>\n","protected":false},"author":2,"featured_media":0,"parent":0,"menu_order":0,"comment_status":"closed","ping_status":"closed","template":"","meta":{"ghostkit_customizer_options":"","ghostkit_custom_css":"","ghostkit_custom_js_head":"","ghostkit_custom_js_foot":"","ghostkit_typography":""},"_links":{"self":[{"href":"https:\/\/www.carmelitesenfantjesus.fr\/sp\/wp-json\/wp\/v2\/pages\/421"}],"collection":[{"href":"https:\/\/www.carmelitesenfantjesus.fr\/sp\/wp-json\/wp\/v2\/pages"}],"about":[{"href":"https:\/\/www.carmelitesenfantjesus.fr\/sp\/wp-json\/wp\/v2\/types\/page"}],"author":[{"embeddable":true,"href":"https:\/\/www.carmelitesenfantjesus.fr\/sp\/wp-json\/wp\/v2\/users\/2"}],"replies":[{"embeddable":true,"href":"https:\/\/www.carmelitesenfantjesus.fr\/sp\/wp-json\/wp\/v2\/comments?post=421"}],"version-history":[{"count":37,"href":"https:\/\/www.carmelitesenfantjesus.fr\/sp\/wp-json\/wp\/v2\/pages\/421\/revisions"}],"predecessor-version":[{"id":2444,"href":"https:\/\/www.carmelitesenfantjesus.fr\/sp\/wp-json\/wp\/v2\/pages\/421\/revisions\/2444"}],"wp:attachment":[{"href":"https:\/\/www.carmelitesenfantjesus.fr\/sp\/wp-json\/wp\/v2\/media?parent=421"}],"curies":[{"name":"wp","href":"https:\/\/api.w.org\/{rel}","templated":true}]}}