
{"id":390,"date":"2018-04-12T18:15:09","date_gmt":"2018-04-12T16:15:09","guid":{"rendered":"https:\/\/www.carmelitesenfantjesus.fr\/sp\/?page_id=390"},"modified":"2023-09-08T16:11:22","modified_gmt":"2023-09-08T14:11:22","slug":"formation","status":"publish","type":"page","link":"https:\/\/www.carmelitesenfantjesus.fr\/sp\/formation\/","title":{"rendered":"Formation"},"content":{"rendered":"\t\t<div data-elementor-type=\"wp-page\" data-elementor-id=\"390\" class=\"elementor elementor-390\" data-elementor-settings=\"[]\">\n\t\t\t\t\t\t<div class=\"elementor-inner\">\n\t\t\t\t\t\t\t<div class=\"elementor-section-wrap\">\n\t\t\t\t\t\t\t<section class=\"elementor-section elementor-top-section elementor-element elementor-element-0d4aa39 elementor-section-boxed elementor-section-height-default elementor-section-height-default\" data-id=\"0d4aa39\" data-element_type=\"section\">\n\t\t\t\t\t\t<div class=\"elementor-container elementor-column-gap-default\">\n\t\t\t\t\t\t\t<div class=\"elementor-row\">\n\t\t\t\t\t<div class=\"elementor-column elementor-col-100 elementor-top-column elementor-element elementor-element-d014569\" data-id=\"d014569\" data-element_type=\"column\">\n\t\t\t<div class=\"elementor-column-wrap elementor-element-populated\">\n\t\t\t\t\t\t\t<div class=\"elementor-widget-wrap\">\n\t\t\t\t\t\t<div class=\"elementor-element elementor-element-324e285 elementor-widget elementor-widget-heading\" data-id=\"324e285\" data-element_type=\"widget\" data-widget_type=\"heading.default\">\n\t\t\t\t<div class=\"elementor-widget-container\">\n\t\t\t<h1 class=\"elementor-heading-title elementor-size-default\">Formation<\/h1>\t\t<\/div>\n\t\t\t\t<\/div>\n\t\t\t\t<div class=\"elementor-element elementor-element-2f3be4e elementor-widget elementor-widget-image-carousel\" data-id=\"2f3be4e\" data-element_type=\"widget\" data-settings=\"{&quot;slides_to_show&quot;:&quot;6&quot;,&quot;slides_to_scroll&quot;:&quot;6&quot;,&quot;navigation&quot;:&quot;none&quot;,&quot;autoplay&quot;:&quot;no&quot;,&quot;infinite&quot;:&quot;yes&quot;,&quot;speed&quot;:500}\" data-widget_type=\"image-carousel.default\">\n\t\t\t\t<div class=\"elementor-widget-container\">\n\t\t\t\t\t<div class=\"elementor-image-carousel-wrapper swiper-container\" dir=\"ltr\">\n\t\t\t<div class=\"elementor-image-carousel swiper-wrapper\">\n\t\t\t\t<div class=\"swiper-slide\"><a data-elementor-open-lightbox=\"yes\" data-elementor-lightbox-slideshow=\"2f3be4e\" data-elementor-lightbox-title=\"20170217_173857-e1487350451977\" href=\"https:\/\/www.carmelitesenfantjesus.fr\/sp\/wp-content\/uploads\/20170217_173857-e1487350451977.jpg\"><figure class=\"swiper-slide-inner\"><img decoding=\"async\" class=\"swiper-slide-image\" src=\"https:\/\/www.carmelitesenfantjesus.fr\/sp\/wp-content\/uploads\/20170217_173857-e1487350451977-150x150.jpg\" alt=\"20170217_173857-e1487350451977\" \/><\/figure><\/a><\/div><div class=\"swiper-slide\"><a data-elementor-open-lightbox=\"yes\" data-elementor-lightbox-slideshow=\"2f3be4e\" data-elementor-lightbox-title=\"scej-formation-3\" href=\"https:\/\/www.carmelitesenfantjesus.fr\/sp\/wp-content\/uploads\/scej-formation-3.jpg\"><figure class=\"swiper-slide-inner\"><img decoding=\"async\" class=\"swiper-slide-image\" src=\"https:\/\/www.carmelitesenfantjesus.fr\/sp\/wp-content\/uploads\/scej-formation-3-150x150.jpg\" alt=\"scej-formation-3\" \/><\/figure><\/a><\/div><div class=\"swiper-slide\"><a data-elementor-open-lightbox=\"yes\" data-elementor-lightbox-slideshow=\"2f3be4e\" data-elementor-lightbox-title=\"P1020209\" href=\"https:\/\/www.carmelitesenfantjesus.fr\/sp\/wp-content\/uploads\/P1020209.jpg\"><figure class=\"swiper-slide-inner\"><img decoding=\"async\" class=\"swiper-slide-image\" src=\"https:\/\/www.carmelitesenfantjesus.fr\/sp\/wp-content\/uploads\/P1020209-150x150.jpg\" alt=\"P1020209\" \/><\/figure><\/a><\/div><div class=\"swiper-slide\"><a data-elementor-open-lightbox=\"yes\" data-elementor-lightbox-slideshow=\"2f3be4e\" data-elementor-lightbox-title=\"NOUS\" href=\"https:\/\/www.carmelitesenfantjesus.fr\/sp\/wp-content\/uploads\/NOUS.jpg\"><figure class=\"swiper-slide-inner\"><img decoding=\"async\" class=\"swiper-slide-image\" src=\"https:\/\/www.carmelitesenfantjesus.fr\/sp\/wp-content\/uploads\/NOUS-150x150.jpg\" alt=\"NOUS\" \/><\/figure><\/a><\/div><div class=\"swiper-slide\"><a data-elementor-open-lightbox=\"yes\" data-elementor-lightbox-slideshow=\"2f3be4e\" data-elementor-lightbox-title=\"IMG-20190224-WA0007\" href=\"https:\/\/www.carmelitesenfantjesus.fr\/sp\/wp-content\/uploads\/IMG-20190224-WA0007.jpg\"><figure class=\"swiper-slide-inner\"><img decoding=\"async\" class=\"swiper-slide-image\" src=\"https:\/\/www.carmelitesenfantjesus.fr\/sp\/wp-content\/uploads\/IMG-20190224-WA0007-150x150.jpg\" alt=\"IMG-20190224-WA0007\" \/><\/figure><\/a><\/div><div class=\"swiper-slide\"><a data-elementor-open-lightbox=\"yes\" data-elementor-lightbox-slideshow=\"2f3be4e\" data-elementor-lightbox-title=\"IMG-20211017-WA0007\" href=\"https:\/\/www.carmelitesenfantjesus.fr\/sp\/wp-content\/uploads\/IMG-20211017-WA0007.jpg\"><figure class=\"swiper-slide-inner\"><img decoding=\"async\" class=\"swiper-slide-image\" src=\"https:\/\/www.carmelitesenfantjesus.fr\/sp\/wp-content\/uploads\/IMG-20211017-WA0007-150x150.jpg\" alt=\"IMG-20211017-WA0007\" \/><\/figure><\/a><\/div>\t\t\t<\/div>\n\t\t\t\t\t\t\t\t\t\t\t\t\t\t\t\t<\/div>\n\t\t\t\t<\/div>\n\t\t\t\t<\/div>\n\t\t\t\t<div class=\"elementor-element elementor-element-d06ea90 elementor-widget elementor-widget-heading\" data-id=\"d06ea90\" data-element_type=\"widget\" data-widget_type=\"heading.default\">\n\t\t\t\t<div class=\"elementor-widget-container\">\n\t\t\t<h2 class=\"elementor-heading-title elementor-size-default\">Avant de s\u2019engager d\u00e9finitivement dans la vie religieuse,<\/h2>\t\t<\/div>\n\t\t\t\t<\/div>\n\t\t\t\t<div class=\"elementor-element elementor-element-ef2e106 elementor-widget elementor-widget-heading\" data-id=\"ef2e106\" data-element_type=\"widget\" data-widget_type=\"heading.default\">\n\t\t\t\t<div class=\"elementor-widget-container\">\n\t\t\t<h2 class=\"elementor-heading-title elementor-size-default\">chaque s\u0153ur suit une formation initiale qui comprend plusieurs \u00e9tapes.<\/h2>\t\t<\/div>\n\t\t\t\t<\/div>\n\t\t\t\t<div class=\"elementor-element elementor-element-e68adf8 elementor-widget elementor-widget-heading\" data-id=\"e68adf8\" data-element_type=\"widget\" data-widget_type=\"heading.default\">\n\t\t\t\t<div class=\"elementor-widget-container\">\n\t\t\t<h3 class=\"elementor-heading-title elementor-size-default\">L\u2019aspirantat<\/h3>\t\t<\/div>\n\t\t\t\t<\/div>\n\t\t\t\t<div class=\"elementor-element elementor-element-c4f8014 elementor-widget elementor-widget-text-editor\" data-id=\"c4f8014\" data-element_type=\"widget\" data-widget_type=\"text-editor.default\">\n\t\t\t\t<div class=\"elementor-widget-container\">\n\t\t\t\t\t\t\t\t<div class=\"elementor-text-editor elementor-clearfix\">\n\t\t\t\t\t<p>Apr\u00e8s un temps de stage, de retraite ou de contacts r\u00e9guliers avec la Congr\u00e9gation, la jeune fille est invit\u00e9e \u00e0 vivre un temps d\u2019aspirantat qui se passe dans une des maisons de la Congr\u00e9gation. Si pendant ce temps l\u2019aspirante continue ses \u00e9tudes, il peut \u00eatre prolong\u00e9, selon les besoins. Les aspirantes gardent leurs v\u00eatements la\u00efcs et restent sous la responsabilit\u00e9 d\u2019une s\u0153ur d\u00e9sign\u00e9e. Pendant ce temps, elles participent chaque jour \u00e0 la Sainte Messe et aux offices avec la communaut\u00e9 ainsi qu\u2019aux travaux dans la maison, en dehors de la cl\u00f4ture.<\/p>\t\t\t\t\t<\/div>\n\t\t\t\t\t\t<\/div>\n\t\t\t\t<\/div>\n\t\t\t\t<div class=\"elementor-element elementor-element-5be8ae4 elementor-widget elementor-widget-heading\" data-id=\"5be8ae4\" data-element_type=\"widget\" data-widget_type=\"heading.default\">\n\t\t\t\t<div class=\"elementor-widget-container\">\n\t\t\t<h3 class=\"elementor-heading-title elementor-size-default\">Le postulat<\/h3>\t\t<\/div>\n\t\t\t\t<\/div>\n\t\t\t\t<div class=\"elementor-element elementor-element-47bd285 elementor-widget elementor-widget-text-editor\" data-id=\"47bd285\" data-element_type=\"widget\" data-widget_type=\"text-editor.default\">\n\t\t\t\t<div class=\"elementor-widget-container\">\n\t\t\t\t\t\t\t\t<div class=\"elementor-text-editor elementor-clearfix\">\n\t\t\t\t\t<p>L\u2019aspirante commence son postulat \u00e0 partir de son admission dans la cl\u00f4ture et re\u00e7oit l\u2019habit de postulante : la robe brune, longue \u00e0 mi-jambe. Le postulat dure environ un an et donne l\u2019occasion \u00e0 la postulante d\u2019authentifier sa vocation personnelle. En outre, ce temps permet \u00e0 la Congr\u00e9gation de conna\u00eetre la jeune fille et de v\u00e9rifier si elle peut \u00e9panouir sa vocation dans le charisme et le style de vie de la Congr\u00e9gation. La postulante partage ses journ\u00e9es entre formation spirituelle, pri\u00e8re et travail. Elle fait l\u2019apprentissage de la vie en commun et exp\u00e9rimente quelques apostolats. Elle d\u00e9couvre l\u2019esprit et l\u2019histoire de la Congr\u00e9gation, ainsi que la spiritualit\u00e9 de Sainte Th\u00e9r\u00e8se de l\u2019Enfant J\u00e9sus, particuli\u00e8rement sa \u00ab petite voie \u00bb.<\/p>\t\t\t\t\t<\/div>\n\t\t\t\t\t\t<\/div>\n\t\t\t\t<\/div>\n\t\t\t\t<div class=\"elementor-element elementor-element-48e7235 elementor-widget elementor-widget-image\" data-id=\"48e7235\" data-element_type=\"widget\" data-widget_type=\"image.default\">\n\t\t\t\t<div class=\"elementor-widget-container\">\n\t\t\t\t\t\t\t\t<div class=\"elementor-image\">\n\t\t\t\t\t\t\t\t\t<figure class=\"wp-caption\">\n\t\t\t\t\t\t\t\t\t\t\t<a href=\"https:\/\/www.carmelitesenfantjesus.fr\/sp\/wp-content\/uploads\/entree-postulat-1er-octobre-2022-scaled.jpg\" data-elementor-open-lightbox=\"yes\" data-elementor-lightbox-title=\"entr\u00e9e postulat 1er octobre 2022\">\n\t\t\t\t\t\t\t<img width=\"500\" height=\"321\" src=\"https:\/\/www.carmelitesenfantjesus.fr\/sp\/wp-content\/uploads\/entree-postulat-1er-octobre-2022-500x321.jpg\" class=\"attachment-awb_sm size-awb_sm\" alt=\"\" decoding=\"async\" loading=\"lazy\" srcset=\"https:\/\/www.carmelitesenfantjesus.fr\/sp\/wp-content\/uploads\/entree-postulat-1er-octobre-2022-500x321.jpg 500w, https:\/\/www.carmelitesenfantjesus.fr\/sp\/wp-content\/uploads\/entree-postulat-1er-octobre-2022-300x192.jpg 300w, https:\/\/www.carmelitesenfantjesus.fr\/sp\/wp-content\/uploads\/entree-postulat-1er-octobre-2022-1024x657.jpg 1024w, https:\/\/www.carmelitesenfantjesus.fr\/sp\/wp-content\/uploads\/entree-postulat-1er-octobre-2022-768x493.jpg 768w, https:\/\/www.carmelitesenfantjesus.fr\/sp\/wp-content\/uploads\/entree-postulat-1er-octobre-2022-1536x985.jpg 1536w, https:\/\/www.carmelitesenfantjesus.fr\/sp\/wp-content\/uploads\/entree-postulat-1er-octobre-2022-2048x1314.jpg 2048w, https:\/\/www.carmelitesenfantjesus.fr\/sp\/wp-content\/uploads\/entree-postulat-1er-octobre-2022-800x513.jpg 800w, https:\/\/www.carmelitesenfantjesus.fr\/sp\/wp-content\/uploads\/entree-postulat-1er-octobre-2022-1280x821.jpg 1280w, https:\/\/www.carmelitesenfantjesus.fr\/sp\/wp-content\/uploads\/entree-postulat-1er-octobre-2022-1920x1232.jpg 1920w\" sizes=\"(max-width: 500px) 100vw, 500px\" \/>\t\t\t\t\t\t\t\t<\/a>\n\t\t\t\t\t\t\t\t\t\t\t<figcaption class=\"widget-image-caption wp-caption-text\">C\u00e9r\u00e9monie d' entr\u00e9e au postulat<\/figcaption>\n\t\t\t\t\t\t\t\t\t\t<\/figure>\n\t\t\t\t\t\t\t\t<\/div>\n\t\t\t\t\t\t<\/div>\n\t\t\t\t<\/div>\n\t\t\t\t<div class=\"elementor-element elementor-element-838faf6 elementor-widget elementor-widget-heading\" data-id=\"838faf6\" data-element_type=\"widget\" data-widget_type=\"heading.default\">\n\t\t\t\t<div class=\"elementor-widget-container\">\n\t\t\t<h3 class=\"elementor-heading-title elementor-size-default\">Le noviciat<\/h3>\t\t<\/div>\n\t\t\t\t<\/div>\n\t\t\t\t<div class=\"elementor-element elementor-element-58305d7 elementor-widget elementor-widget-text-editor\" data-id=\"58305d7\" data-element_type=\"widget\" data-widget_type=\"text-editor.default\">\n\t\t\t\t<div class=\"elementor-widget-container\">\n\t\t\t\t\t\t\t\t<div class=\"elementor-text-editor elementor-clearfix\">\n\t\t\t\t\t<p>Apr\u00e8s environ une ann\u00e9e de postulat, la jeune fille qui souhaite s\u2019engager plus avant dans la vie religieuse entre au Noviciat qui durera deux ans, recevant ainsi le voile blanc. La premi\u00e8re ann\u00e9e dite \u00ab ann\u00e9e de noviciat canonique \u00bb offre un climat particuli\u00e8rement propice au discernement : la novice n\u2019exerce aucun apostolat et les contacts avec l\u2019ext\u00e9rieur sont r\u00e9duits afin de favoriser l\u2019union \u00e0 Dieu pour discerner au mieux Sa volont\u00e9. La seconde ann\u00e9e est marqu\u00e9e par une p\u00e9riode de stage o\u00f9 la novice exp\u00e9rimente le rythme de vie d\u2019une s\u0153ur professe, avec ses apostolats et diverses activit\u00e9s, afin d\u2019affiner son discernement.<\/p>\t\t\t\t\t<\/div>\n\t\t\t\t\t\t<\/div>\n\t\t\t\t<\/div>\n\t\t\t\t<div class=\"elementor-element elementor-element-27964eb elementor-widget elementor-widget-image\" data-id=\"27964eb\" data-element_type=\"widget\" data-widget_type=\"image.default\">\n\t\t\t\t<div class=\"elementor-widget-container\">\n\t\t\t\t\t\t\t\t<div class=\"elementor-image\">\n\t\t\t\t\t\t\t\t\t<figure class=\"wp-caption\">\n\t\t\t\t\t\t\t\t\t\t\t<a href=\"https:\/\/www.carmelitesenfantjesus.fr\/sp\/wp-content\/uploads\/NOUS.jpg\" data-elementor-open-lightbox=\"yes\" data-elementor-lightbox-title=\"NOUS\">\n\t\t\t\t\t\t\t<img width=\"500\" height=\"375\" src=\"https:\/\/www.carmelitesenfantjesus.fr\/sp\/wp-content\/uploads\/NOUS-500x375.jpg\" class=\"attachment-awb_sm size-awb_sm\" alt=\"\" decoding=\"async\" loading=\"lazy\" srcset=\"https:\/\/www.carmelitesenfantjesus.fr\/sp\/wp-content\/uploads\/NOUS-500x375.jpg 500w, https:\/\/www.carmelitesenfantjesus.fr\/sp\/wp-content\/uploads\/NOUS-300x225.jpg 300w, https:\/\/www.carmelitesenfantjesus.fr\/sp\/wp-content\/uploads\/NOUS-1024x768.jpg 1024w, https:\/\/www.carmelitesenfantjesus.fr\/sp\/wp-content\/uploads\/NOUS-768x576.jpg 768w, https:\/\/www.carmelitesenfantjesus.fr\/sp\/wp-content\/uploads\/NOUS-1536x1152.jpg 1536w, https:\/\/www.carmelitesenfantjesus.fr\/sp\/wp-content\/uploads\/NOUS-800x600.jpg 800w, https:\/\/www.carmelitesenfantjesus.fr\/sp\/wp-content\/uploads\/NOUS-1280x960.jpg 1280w, https:\/\/www.carmelitesenfantjesus.fr\/sp\/wp-content\/uploads\/NOUS.jpg 1600w\" sizes=\"(max-width: 500px) 100vw, 500px\" \/>\t\t\t\t\t\t\t\t<\/a>\n\t\t\t\t\t\t\t\t\t\t\t<figcaption class=\"widget-image-caption wp-caption-text\">La ma\u00eetresse de formation, deux novices, une postulante<\/figcaption>\n\t\t\t\t\t\t\t\t\t\t<\/figure>\n\t\t\t\t\t\t\t\t<\/div>\n\t\t\t\t\t\t<\/div>\n\t\t\t\t<\/div>\n\t\t\t\t<div class=\"elementor-element elementor-element-6ee1f0e elementor-widget elementor-widget-heading\" data-id=\"6ee1f0e\" data-element_type=\"widget\" data-widget_type=\"heading.default\">\n\t\t\t\t<div class=\"elementor-widget-container\">\n\t\t\t<h3 class=\"elementor-heading-title elementor-size-default\">Les v\u0153ux temporaires<\/h3>\t\t<\/div>\n\t\t\t\t<\/div>\n\t\t\t\t<div class=\"elementor-element elementor-element-9cac2df elementor-widget elementor-widget-text-editor\" data-id=\"9cac2df\" data-element_type=\"widget\" data-widget_type=\"text-editor.default\">\n\t\t\t\t<div class=\"elementor-widget-container\">\n\t\t\t\t\t\t\t\t<div class=\"elementor-text-editor elementor-clearfix\">\n\t\t\t\t\t<p>Au terme du noviciat, la s\u0153ur ayant fait sa demande, et ayant \u00e9t\u00e9 reconnue apte \u00e0 vivre dans la Congr\u00e9gation, est admise \u00e0 prononcer ses premiers v\u0153ux de chastet\u00e9, de pauvret\u00e9 et d&#8217;ob\u00e9issance, selon la r\u00e8gle de vie de la Congr\u00e9gation. Les premiers v\u0153ux sont \u00e9mis pour un an, renouvelables tous les ans. La dur\u00e9e totale de la p\u00e9riode des v\u0153ux temporaires est de quatre \u00e0 neuf ans. Le jour de la premi\u00e8re profession, les nouvelles professes re\u00e7oivent leur nom de religion et l\u2019habit religieux, signe ext\u00e9rieur de la cons\u00e9cration \u00e0 Dieu et t\u00e9moignage de pauvret\u00e9.<\/p><p>La p\u00e9riode de v\u0153ux temporaires \u00e9galement appel\u00e9e \u00ab Juniorat \u00bb, est d\u00e9di\u00e9e \u00e0 une formation approfondie de la vie spirituelle des s\u0153urs, ainsi qu\u2019\u00e0 leur pr\u00e9paration th\u00e9orique et pratique en vue des t\u00e2ches de la Congr\u00e9gation (Can. 659 \u00a71). A cette fin, elles \u00e9tudient la th\u00e9ologie \u00e0 l\u2019universit\u00e9. Pendant la p\u00e9riode des v\u0153ux temporaires la s\u0153ur partage \u00e0 part enti\u00e8re la vie d\u2019une des communaut\u00e9s de la Congr\u00e9gation.<\/p>\t\t\t\t\t<\/div>\n\t\t\t\t\t\t<\/div>\n\t\t\t\t<\/div>\n\t\t\t\t<div class=\"elementor-element elementor-element-552badb elementor-widget elementor-widget-image\" data-id=\"552badb\" data-element_type=\"widget\" data-widget_type=\"image.default\">\n\t\t\t\t<div class=\"elementor-widget-container\">\n\t\t\t\t\t\t\t\t<div class=\"elementor-image\">\n\t\t\t\t\t\t\t\t\t<figure class=\"wp-caption\">\n\t\t\t\t\t\t\t\t\t\t\t<a href=\"https:\/\/www.carmelitesenfantjesus.fr\/sp\/wp-content\/uploads\/DSC0700.jpg\" data-elementor-open-lightbox=\"yes\" data-elementor-lightbox-title=\"_DSC0700\">\n\t\t\t\t\t\t\t<img width=\"500\" height=\"333\" src=\"https:\/\/www.carmelitesenfantjesus.fr\/sp\/wp-content\/uploads\/DSC0700-500x333.jpg\" class=\"attachment-awb_sm size-awb_sm\" alt=\"\" decoding=\"async\" loading=\"lazy\" srcset=\"https:\/\/www.carmelitesenfantjesus.fr\/sp\/wp-content\/uploads\/DSC0700-500x333.jpg 500w, https:\/\/www.carmelitesenfantjesus.fr\/sp\/wp-content\/uploads\/DSC0700-300x200.jpg 300w, https:\/\/www.carmelitesenfantjesus.fr\/sp\/wp-content\/uploads\/DSC0700-1024x681.jpg 1024w, https:\/\/www.carmelitesenfantjesus.fr\/sp\/wp-content\/uploads\/DSC0700-768x511.jpg 768w, https:\/\/www.carmelitesenfantjesus.fr\/sp\/wp-content\/uploads\/DSC0700-1536x1022.jpg 1536w, https:\/\/www.carmelitesenfantjesus.fr\/sp\/wp-content\/uploads\/DSC0700-800x532.jpg 800w, https:\/\/www.carmelitesenfantjesus.fr\/sp\/wp-content\/uploads\/DSC0700-1280x852.jpg 1280w, https:\/\/www.carmelitesenfantjesus.fr\/sp\/wp-content\/uploads\/DSC0700.jpg 1772w\" sizes=\"(max-width: 500px) 100vw, 500px\" \/>\t\t\t\t\t\t\t\t<\/a>\n\t\t\t\t\t\t\t\t\t\t\t<figcaption class=\"widget-image-caption wp-caption-text\">Prosternation sous les p\u00e9tales de roses pendant la c\u00e9r\u00e9monie de la Profession Religieuse<\/figcaption>\n\t\t\t\t\t\t\t\t\t\t<\/figure>\n\t\t\t\t\t\t\t\t<\/div>\n\t\t\t\t\t\t<\/div>\n\t\t\t\t<\/div>\n\t\t\t\t<div class=\"elementor-element elementor-element-78808e5 elementor-widget elementor-widget-heading\" data-id=\"78808e5\" data-element_type=\"widget\" data-widget_type=\"heading.default\">\n\t\t\t\t<div class=\"elementor-widget-container\">\n\t\t\t<h3 class=\"elementor-heading-title elementor-size-default\">Les v\u0153ux perp\u00e9tuels<\/h3>\t\t<\/div>\n\t\t\t\t<\/div>\n\t\t\t\t<div class=\"elementor-element elementor-element-7cc6600 elementor-widget elementor-widget-text-editor\" data-id=\"7cc6600\" data-element_type=\"widget\" data-widget_type=\"text-editor.default\">\n\t\t\t\t<div class=\"elementor-widget-container\">\n\t\t\t\t\t\t\t\t<div class=\"elementor-text-editor elementor-clearfix\">\n\t\t\t\t\t<p>Apr\u00e8s la p\u00e9riode des v\u0153ux temporaires, la professe qui le d\u00e9sire et \u00e9tant admise par la Congr\u00e9gation, prononce ses v\u0153ux perp\u00e9tuels. La profession perp\u00e9tuelle est l\u2019acte par lequel, sous l\u2019action de l\u2019Esprit Saint, la s\u0153ur se consacre d\u00e9finitivement au P\u00e8re par le Christ. Elle s\u2019engage d\u00e9finitivement dans l\u2019Eglise \u00e0 vivre le charisme et la mission des S\u0153urs Carm\u00e9lites de l\u2019Enfant J\u00e9sus. La profession perp\u00e9tuelle marque \u00e0 la fois l\u2019aboutissement des ann\u00e9es de formation initiale, et le point de d\u00e9part de toute sa vie qui se veut enti\u00e8rement li\u00e9e \u00e0 l\u2019amour du Christ \u2013 Fils du P\u00e8re.<\/p><p>La formation initiale est affermie par la formation permanente qui se poursuit durant toute la vie. D\u00e8s le d\u00e9but de leur cheminement dans la Congr\u00e9gation, les s\u0153urs d\u00e9cident fermement d\u2019avancer sur la voie de l\u2019enfance spirituelle en toute libert\u00e9. Elles cherchent \u00e0 acqu\u00e9rir les vertus humaines et chr\u00e9tiennes n\u00e9cessaires \u00e0 toute vie apostolique v\u00e9cue en communion fraternelle. Chaque s\u0153ur est responsable de sa propre formation spirituelle, doctrinale et pratique. Elle approfondit sa connaissance du Christ dans la pri\u00e8re personnelle et communautaire et dans la formation. Elle est attentive \u00e0 parfaire ses comp\u00e9tences et connaissances humaines, spirituelles, doctrinales, professionnelles et \u00e0 les adapter aux apostolats de la Congr\u00e9gation. Les s\u0153urs, par une profonde vie spirituelle, tendent \u00e0 la communion avec Dieu et alors leur rayonnement apostolique devient fructueux et efficace.<\/p>\t\t\t\t\t<\/div>\n\t\t\t\t\t\t<\/div>\n\t\t\t\t<\/div>\n\t\t\t\t<div class=\"elementor-element elementor-element-edb8c87 elementor-widget elementor-widget-image\" data-id=\"edb8c87\" data-element_type=\"widget\" data-widget_type=\"image.default\">\n\t\t\t\t<div class=\"elementor-widget-container\">\n\t\t\t\t\t\t\t\t<div class=\"elementor-image\">\n\t\t\t\t\t\t\t\t\t<figure class=\"wp-caption\">\n\t\t\t\t\t\t\t\t\t\t\t<a href=\"https:\/\/www.carmelitesenfantjesus.fr\/sp\/wp-content\/uploads\/DSC6584.jpg\" data-elementor-open-lightbox=\"yes\" data-elementor-lightbox-title=\"_DSC6584\">\n\t\t\t\t\t\t\t<img width=\"500\" height=\"333\" src=\"https:\/\/www.carmelitesenfantjesus.fr\/sp\/wp-content\/uploads\/DSC6584-500x333.jpg\" class=\"attachment-awb_sm size-awb_sm\" alt=\"\" decoding=\"async\" loading=\"lazy\" srcset=\"https:\/\/www.carmelitesenfantjesus.fr\/sp\/wp-content\/uploads\/DSC6584-500x333.jpg 500w, https:\/\/www.carmelitesenfantjesus.fr\/sp\/wp-content\/uploads\/DSC6584-300x200.jpg 300w, https:\/\/www.carmelitesenfantjesus.fr\/sp\/wp-content\/uploads\/DSC6584-1024x681.jpg 1024w, https:\/\/www.carmelitesenfantjesus.fr\/sp\/wp-content\/uploads\/DSC6584-768x511.jpg 768w, https:\/\/www.carmelitesenfantjesus.fr\/sp\/wp-content\/uploads\/DSC6584-1536x1022.jpg 1536w, https:\/\/www.carmelitesenfantjesus.fr\/sp\/wp-content\/uploads\/DSC6584-800x532.jpg 800w, https:\/\/www.carmelitesenfantjesus.fr\/sp\/wp-content\/uploads\/DSC6584-1280x852.jpg 1280w, https:\/\/www.carmelitesenfantjesus.fr\/sp\/wp-content\/uploads\/DSC6584.jpg 1772w\" sizes=\"(max-width: 500px) 100vw, 500px\" \/>\t\t\t\t\t\t\t\t<\/a>\n\t\t\t\t\t\t\t\t\t\t\t<figcaption class=\"widget-image-caption wp-caption-text\">La communaut\u00e9 des soeurs en liesse \u00e0 l'issue de la c\u00e9r\u00e9monie de la Profession Religieuse<\/figcaption>\n\t\t\t\t\t\t\t\t\t\t<\/figure>\n\t\t\t\t\t\t\t\t<\/div>\n\t\t\t\t\t\t<\/div>\n\t\t\t\t<\/div>\n\t\t\t\t\t\t<\/div>\n\t\t\t\t\t<\/div>\n\t\t<\/div>\n\t\t\t\t\t\t\t\t<\/div>\n\t\t\t\t\t<\/div>\n\t\t<\/section>\n\t\t\t\t\t\t<\/div>\n\t\t\t\t\t\t<\/div>\n\t\t\t\t\t<\/div>\n\t\t","protected":false},"excerpt":{"rendered":"<p>Formation Avant de s\u2019engager d\u00e9finitivement dans la vie religieuse, chaque s\u0153ur suit une formation initiale qui comprend plusieurs \u00e9tapes. L\u2019aspirantat Apr\u00e8s un temps de stage, de retraite ou de contacts r\u00e9guliers avec la Congr\u00e9gation, la jeune fille est invit\u00e9e \u00e0 vivre un temps d\u2019aspirantat qui se passe dans une des maisons de la Congr\u00e9gation. Si [&hellip;]<\/p>\n","protected":false},"author":2,"featured_media":0,"parent":0,"menu_order":0,"comment_status":"closed","ping_status":"closed","template":"","meta":{"ghostkit_customizer_options":"","ghostkit_custom_css":"","ghostkit_custom_js_head":"","ghostkit_custom_js_foot":"","ghostkit_typography":""},"_links":{"self":[{"href":"https:\/\/www.carmelitesenfantjesus.fr\/sp\/wp-json\/wp\/v2\/pages\/390"}],"collection":[{"href":"https:\/\/www.carmelitesenfantjesus.fr\/sp\/wp-json\/wp\/v2\/pages"}],"about":[{"href":"https:\/\/www.carmelitesenfantjesus.fr\/sp\/wp-json\/wp\/v2\/types\/page"}],"author":[{"embeddable":true,"href":"https:\/\/www.carmelitesenfantjesus.fr\/sp\/wp-json\/wp\/v2\/users\/2"}],"replies":[{"embeddable":true,"href":"https:\/\/www.carmelitesenfantjesus.fr\/sp\/wp-json\/wp\/v2\/comments?post=390"}],"version-history":[{"count":87,"href":"https:\/\/www.carmelitesenfantjesus.fr\/sp\/wp-json\/wp\/v2\/pages\/390\/revisions"}],"predecessor-version":[{"id":2498,"href":"https:\/\/www.carmelitesenfantjesus.fr\/sp\/wp-json\/wp\/v2\/pages\/390\/revisions\/2498"}],"wp:attachment":[{"href":"https:\/\/www.carmelitesenfantjesus.fr\/sp\/wp-json\/wp\/v2\/media?parent=390"}],"curies":[{"name":"wp","href":"https:\/\/api.w.org\/{rel}","templated":true}]}}