
{"id":382,"date":"2018-04-12T18:10:21","date_gmt":"2018-04-12T16:10:21","guid":{"rendered":"https:\/\/www.carmelitesenfantjesus.fr\/sp\/?page_id=382"},"modified":"2023-08-03T16:36:58","modified_gmt":"2023-08-03T14:36:58","slug":"enfance-spirituelle","status":"publish","type":"page","link":"https:\/\/www.carmelitesenfantjesus.fr\/sp\/enfance-spirituelle\/","title":{"rendered":"L&#8217;enfance spirituelle"},"content":{"rendered":"\t\t<div data-elementor-type=\"wp-post\" data-elementor-id=\"382\" class=\"elementor elementor-382\" data-elementor-settings=\"[]\">\n\t\t\t\t\t\t<div class=\"elementor-inner\">\n\t\t\t\t\t\t\t<div class=\"elementor-section-wrap\">\n\t\t\t\t\t\t\t<section class=\"elementor-section elementor-top-section elementor-element elementor-element-ff310a5 elementor-section-boxed elementor-section-height-default elementor-section-height-default\" data-id=\"ff310a5\" data-element_type=\"section\">\n\t\t\t\t\t\t<div class=\"elementor-container elementor-column-gap-default\">\n\t\t\t\t\t\t\t<div class=\"elementor-row\">\n\t\t\t\t\t<div class=\"elementor-column elementor-col-100 elementor-top-column elementor-element elementor-element-863bf37\" data-id=\"863bf37\" data-element_type=\"column\">\n\t\t\t<div class=\"elementor-column-wrap elementor-element-populated\">\n\t\t\t\t\t\t\t<div class=\"elementor-widget-wrap\">\n\t\t\t\t\t\t<div class=\"elementor-element elementor-element-eceb863 elementor-widget elementor-widget-heading\" data-id=\"eceb863\" data-element_type=\"widget\" data-widget_type=\"heading.default\">\n\t\t\t\t<div class=\"elementor-widget-container\">\n\t\t\t<h1 class=\"elementor-heading-title elementor-size-default\">Spiritualit\u00e9 de l'Enfance Spirituelle<\/h1>\t\t<\/div>\n\t\t\t\t<\/div>\n\t\t\t\t<div class=\"elementor-element elementor-element-818f4bd elementor-widget elementor-widget-image\" data-id=\"818f4bd\" data-element_type=\"widget\" data-widget_type=\"image.default\">\n\t\t\t\t<div class=\"elementor-widget-container\">\n\t\t\t\t\t\t\t\t<div class=\"elementor-image\">\n\t\t\t\t\t\t\t\t\t\t\t\t<img width=\"202\" height=\"300\" src=\"https:\/\/www.carmelitesenfantjesus.fr\/sp\/wp-content\/uploads\/EJ1-236x350-202x300.png\" class=\"attachment-medium size-medium\" alt=\"\" decoding=\"async\" loading=\"lazy\" srcset=\"https:\/\/www.carmelitesenfantjesus.fr\/sp\/wp-content\/uploads\/EJ1-236x350-202x300.png 202w, https:\/\/www.carmelitesenfantjesus.fr\/sp\/wp-content\/uploads\/EJ1-236x350.png 236w\" sizes=\"(max-width: 202px) 100vw, 202px\" \/>\t\t\t\t\t\t\t\t\t\t\t\t\t\t<\/div>\n\t\t\t\t\t\t<\/div>\n\t\t\t\t<\/div>\n\t\t\t\t<div class=\"elementor-element elementor-element-7c8b350 elementor-widget elementor-widget-text-editor\" data-id=\"7c8b350\" data-element_type=\"widget\" data-widget_type=\"text-editor.default\">\n\t\t\t\t<div class=\"elementor-widget-container\">\n\t\t\t\t\t\t\t\t<div class=\"elementor-text-editor elementor-clearfix\">\n\t\t\t\t\t<p>La spiritualit\u00e9 de notre congr\u00e9gation carm\u00e9litaine, est celle de l&#8217;Enfance Spirituelle. Nous d\u00e9sirons modeler notre vie int\u00e9rieure sur la tr\u00e8s Sainte Personne de\u00a0<strong>l\u2019Enfant J\u00e9sus<\/strong>. Nous cherchons\u00a0 \u00e0 Le suivre en marchant dans la voie de la divine enfance, selon l\u2019esprit de l\u2019\u00c9vangile. C\u2019est J\u00e9sus Lui-m\u00eame qui est aux fondements de cette voie, explicit\u00e9e par la Petite Th\u00e9r\u00e8se.<\/p><p><strong>Sainte Th\u00e9r\u00e8se de l\u2019Enfant J\u00e9sus et de la Sainte Face<\/strong>, patronne de notre Congr\u00e9gation, nous montre par sa vie et ses \u00e9crits un chemin de saintet\u00e9 qui est \u00ab\u00a0<strong>la petite voie de l\u2019enfance spirituelle<\/strong> \u00bb. Ce chemin consiste \u00e0 vivre dans une infinie confiance et un abandon total entre les mains du P\u00e8re \u2013 comme J\u00e9sus, de la Cr\u00e8che \u00e0 la Croix.<\/p><p><em>\u00ab L\u2019enfance spirituelle, qui a sa source dans celle de J\u00e9sus, ne s\u2019exprime pas tant dans les paroles ou des sentiments du c\u0153ur, que dans l\u2019humilit\u00e9 et le sacrifice, dans la simplicit\u00e9 des pens\u00e9es et l\u2019apostolat de la joie parmi les petits de ce monde [\u2026] tandis que la Face ensanglant\u00e9e du Christ est un encouragement au sacrifice quotidien. \u00bb<\/em>\u00a0(Constitutions)<\/p><p><strong>\u00catre enfant de Dieu<\/strong>, c\u2019est vivre dans la simplicit\u00e9 et l\u2019humilit\u00e9 envers notre P\u00e8re du Ciel, accepter la r\u00e9alit\u00e9 de sa faiblesse et s\u2019offrir \u00e0 Dieu tels que nous sommes pour qu\u2019il agisse en nous. De l\u2019accueil de son amour infini jaillit la joie qui rayonne sur ceux qui nous sont confi\u00e9s.<\/p><p><span style=\"text-decoration: underline;\"><strong>Notre charisme est d\u2019unir\u00a0pri\u00e8re contemplative et apostolat\u00a0dans un seul \u00e9lan de vie<\/strong><\/span>. La pri\u00e8re ainsi que l\u2019esprit d\u2019asc\u00e8se nous conduit \u00e0 l\u2019union \u00e0 Dieu et nos apostolats ont pour principal but de guider les \u00e2mes vers Dieu et leur propre salut.<\/p><p>A la suite de la Vierge, avec les saints du Carmel, et \u00e0 l\u2019exemple de Saint Joseph, p\u00e8re adoptif de l\u2019Enfant J\u00e9sus, nous prot\u00e9geons l\u2019esprit de silence et l\u2019\u00e9coute du Verbe Incarn\u00e9. Le scapulaire de Notre-Dame du Mont Carmel, que nous rev\u00eatons, exprime notre attachement filial et notre profonde affection envers la Tr\u00e8s Sainte Vierge Marie, M\u00e8re et et Reine du Carmel.<\/p><p><span style=\"text-decoration: underline;\"><strong>La devise de notre Congr\u00e9gation<\/strong><\/span> est la phrase de Sainte Th\u00e9r\u00e8se de l\u2019Enfant J\u00e9sus : \u00ab\u00a0<strong>Je veux passer mon ciel \u00e0 faire du bien sur la terre<\/strong>\u00a0\u00bb.<\/p>\t\t\t\t\t<\/div>\n\t\t\t\t\t\t<\/div>\n\t\t\t\t<\/div>\n\t\t\t\t<div class=\"elementor-element elementor-element-b881efb elementor-widget elementor-widget-text-editor\" data-id=\"b881efb\" data-element_type=\"widget\" data-widget_type=\"text-editor.default\">\n\t\t\t\t<div class=\"elementor-widget-container\">\n\t\t\t\t\t\t\t\t<div class=\"elementor-text-editor elementor-clearfix\">\n\t\t\t\t\t<p><em>\u00ab Je d\u00e9sire \u00eatre sainte, mais je sens mon impuissance, et je vous demande, \u00f4 mon Dieu ! d\u2019\u00eatre vous-m\u00eame ma saintet\u00e9 ! \u00bb<\/em><br \/>Sainte Th\u00e9r\u00e8se de l\u2019Enfant J\u00e9sus<\/p>\t\t\t\t\t<\/div>\n\t\t\t\t\t\t<\/div>\n\t\t\t\t<\/div>\n\t\t\t\t\t\t<\/div>\n\t\t\t\t\t<\/div>\n\t\t<\/div>\n\t\t\t\t\t\t\t\t<\/div>\n\t\t\t\t\t<\/div>\n\t\t<\/section>\n\t\t\t\t<section class=\"elementor-section elementor-top-section elementor-element elementor-element-98b0aab elementor-section-boxed elementor-section-height-default elementor-section-height-default\" data-id=\"98b0aab\" data-element_type=\"section\">\n\t\t\t\t\t\t<div class=\"elementor-container elementor-column-gap-default\">\n\t\t\t\t\t\t\t<div class=\"elementor-row\">\n\t\t\t\t\t<div class=\"elementor-column elementor-col-100 elementor-top-column elementor-element elementor-element-424c57d\" data-id=\"424c57d\" data-element_type=\"column\">\n\t\t\t<div class=\"elementor-column-wrap elementor-element-populated\">\n\t\t\t\t\t\t\t<div class=\"elementor-widget-wrap\">\n\t\t\t\t\t\t<div class=\"elementor-element elementor-element-4e1f7d5 elementor-widget elementor-widget-image\" data-id=\"4e1f7d5\" data-element_type=\"widget\" data-widget_type=\"image.default\">\n\t\t\t\t<div class=\"elementor-widget-container\">\n\t\t\t\t\t\t\t\t<div class=\"elementor-image\">\n\t\t\t\t\t\t\t\t\t\t\t\t<img width=\"300\" height=\"209\" src=\"https:\/\/www.carmelitesenfantjesus.fr\/sp\/wp-content\/uploads\/Enfant-J\u00e9sus-300x209.jpg\" class=\"attachment-medium size-medium\" alt=\"\" decoding=\"async\" loading=\"lazy\" srcset=\"https:\/\/www.carmelitesenfantjesus.fr\/sp\/wp-content\/uploads\/Enfant-J\u00e9sus-300x209.jpg 300w, https:\/\/www.carmelitesenfantjesus.fr\/sp\/wp-content\/uploads\/Enfant-J\u00e9sus.jpg 497w\" sizes=\"(max-width: 300px) 100vw, 300px\" \/>\t\t\t\t\t\t\t\t\t\t\t\t\t\t<\/div>\n\t\t\t\t\t\t<\/div>\n\t\t\t\t<\/div>\n\t\t\t\t\t\t<\/div>\n\t\t\t\t\t<\/div>\n\t\t<\/div>\n\t\t\t\t\t\t\t\t<\/div>\n\t\t\t\t\t<\/div>\n\t\t<\/section>\n\t\t\t\t<section class=\"elementor-section elementor-top-section elementor-element elementor-element-5723252 elementor-section-boxed elementor-section-height-default elementor-section-height-default\" data-id=\"5723252\" data-element_type=\"section\">\n\t\t\t\t\t\t<div class=\"elementor-container elementor-column-gap-default\">\n\t\t\t\t\t\t\t<div class=\"elementor-row\">\n\t\t\t\t\t<div class=\"elementor-column elementor-col-100 elementor-top-column elementor-element elementor-element-e786910\" data-id=\"e786910\" data-element_type=\"column\">\n\t\t\t<div class=\"elementor-column-wrap elementor-element-populated\">\n\t\t\t\t\t\t\t<div class=\"elementor-widget-wrap\">\n\t\t\t\t\t\t<div class=\"elementor-element elementor-element-a091947 elementor-widget elementor-widget-text-editor\" data-id=\"a091947\" data-element_type=\"widget\" data-widget_type=\"text-editor.default\">\n\t\t\t\t<div class=\"elementor-widget-container\">\n\t\t\t\t\t\t\t\t<div class=\"elementor-text-editor elementor-clearfix\">\n\t\t\t\t\t<p>Tous les 25 du mois, les S\u0153urs prient la Petite Couronne en m\u00e9ditant les 12 myst\u00e8res de l\u2019enfance de J\u00e9sus. Chaque myst\u00e8re approfondit une attitude spirituelle particuli\u00e8re. Ainsi, en s\u2019adonnant \u00e0 l\u2019exercice surnaturel qu\u2019offre ce chemin, les S\u0153urs s\u2019enracinent et grandissent dans la voie de la saintet\u00e9.<\/p>\t\t\t\t\t<\/div>\n\t\t\t\t\t\t<\/div>\n\t\t\t\t<\/div>\n\t\t\t\t\t\t<\/div>\n\t\t\t\t\t<\/div>\n\t\t<\/div>\n\t\t\t\t\t\t\t\t<\/div>\n\t\t\t\t\t<\/div>\n\t\t<\/section>\n\t\t\t\t<section class=\"elementor-section elementor-top-section elementor-element elementor-element-3f87ade elementor-section-boxed elementor-section-height-default elementor-section-height-default\" data-id=\"3f87ade\" data-element_type=\"section\">\n\t\t\t\t\t\t<div class=\"elementor-container elementor-column-gap-default\">\n\t\t\t\t\t\t\t<div class=\"elementor-row\">\n\t\t\t\t\t<div class=\"elementor-column elementor-col-100 elementor-top-column elementor-element elementor-element-1b5741f\" data-id=\"1b5741f\" data-element_type=\"column\">\n\t\t\t<div class=\"elementor-column-wrap elementor-element-populated\">\n\t\t\t\t\t\t\t<div class=\"elementor-widget-wrap\">\n\t\t\t\t\t\t<div class=\"elementor-element elementor-element-c97ef7a elementor-align-center elementor-widget elementor-widget-button\" data-id=\"c97ef7a\" data-element_type=\"widget\" data-widget_type=\"button.default\">\n\t\t\t\t<div class=\"elementor-widget-container\">\n\t\t\t\t\t<div class=\"elementor-button-wrapper\">\n\t\t\t<a href=\"https:\/\/www.sanctuaire-beaune.org\/prieres-du-sanctuaire\" class=\"elementor-button-link elementor-button elementor-size-sm\" role=\"button\">\n\t\t\t\t\t\t<span class=\"elementor-button-content-wrapper\">\n\t\t\t\t\t\t<span class=\"elementor-button-text\">Petite Couronne, cliquez ici<\/span>\n\t\t<\/span>\n\t\t\t\t\t<\/a>\n\t\t<\/div>\n\t\t\t\t<\/div>\n\t\t\t\t<\/div>\n\t\t\t\t\t\t<\/div>\n\t\t\t\t\t<\/div>\n\t\t<\/div>\n\t\t\t\t\t\t\t\t<\/div>\n\t\t\t\t\t<\/div>\n\t\t<\/section>\n\t\t\t\t<section class=\"elementor-section elementor-top-section elementor-element elementor-element-9e71a41 elementor-section-boxed elementor-section-height-default elementor-section-height-default\" data-id=\"9e71a41\" data-element_type=\"section\">\n\t\t\t\t\t\t<div class=\"elementor-container elementor-column-gap-default\">\n\t\t\t\t\t\t\t<div class=\"elementor-row\">\n\t\t\t\t\t<div class=\"elementor-column elementor-col-100 elementor-top-column elementor-element elementor-element-757842f\" data-id=\"757842f\" data-element_type=\"column\">\n\t\t\t<div class=\"elementor-column-wrap elementor-element-populated\">\n\t\t\t\t\t\t\t<div class=\"elementor-widget-wrap\">\n\t\t\t\t\t\t<div class=\"elementor-element elementor-element-e5439c6 elementor-widget elementor-widget-image\" data-id=\"e5439c6\" data-element_type=\"widget\" data-widget_type=\"image.default\">\n\t\t\t\t<div class=\"elementor-widget-container\">\n\t\t\t\t\t\t\t\t<div class=\"elementor-image\">\n\t\t\t\t\t\t\t\t\t\t\t\t<img width=\"203\" height=\"300\" src=\"https:\/\/www.carmelitesenfantjesus.fr\/sp\/wp-content\/uploads\/beaune_EJ-203x300.png\" class=\"attachment-medium size-medium\" alt=\"\" decoding=\"async\" loading=\"lazy\" srcset=\"https:\/\/www.carmelitesenfantjesus.fr\/sp\/wp-content\/uploads\/beaune_EJ-203x300.png 203w, https:\/\/www.carmelitesenfantjesus.fr\/sp\/wp-content\/uploads\/beaune_EJ.png 372w\" sizes=\"(max-width: 203px) 100vw, 203px\" \/>\t\t\t\t\t\t\t\t\t\t\t\t\t\t<\/div>\n\t\t\t\t\t\t<\/div>\n\t\t\t\t<\/div>\n\t\t\t\t\t\t<\/div>\n\t\t\t\t\t<\/div>\n\t\t<\/div>\n\t\t\t\t\t\t\t\t<\/div>\n\t\t\t\t\t<\/div>\n\t\t<\/section>\n\t\t\t\t<section class=\"elementor-section elementor-top-section elementor-element elementor-element-56156a1 elementor-section-boxed elementor-section-height-default elementor-section-height-default\" data-id=\"56156a1\" data-element_type=\"section\">\n\t\t\t\t\t\t<div class=\"elementor-container elementor-column-gap-default\">\n\t\t\t\t\t\t\t<div class=\"elementor-row\">\n\t\t\t\t\t<div class=\"elementor-column elementor-col-100 elementor-top-column elementor-element elementor-element-bde26fb\" data-id=\"bde26fb\" data-element_type=\"column\">\n\t\t\t<div class=\"elementor-column-wrap elementor-element-populated\">\n\t\t\t\t\t\t\t<div class=\"elementor-widget-wrap\">\n\t\t\t\t\t\t<div class=\"elementor-element elementor-element-d3b0c5e elementor-widget elementor-widget-heading\" data-id=\"d3b0c5e\" data-element_type=\"widget\" data-widget_type=\"heading.default\">\n\t\t\t\t<div class=\"elementor-widget-container\">\n\t\t\t<h2 class=\"elementor-heading-title elementor-size-default\">Qu\u2019en est-il de l\u2019Enfant-J\u00e9sus en France ?<\/h2>\t\t<\/div>\n\t\t\t\t<\/div>\n\t\t\t\t\t\t<\/div>\n\t\t\t\t\t<\/div>\n\t\t<\/div>\n\t\t\t\t\t\t\t\t<\/div>\n\t\t\t\t\t<\/div>\n\t\t<\/section>\n\t\t\t\t<section class=\"elementor-section elementor-top-section elementor-element elementor-element-f2fc168 elementor-section-boxed elementor-section-height-default elementor-section-height-default\" data-id=\"f2fc168\" data-element_type=\"section\">\n\t\t\t\t\t\t<div class=\"elementor-container elementor-column-gap-default\">\n\t\t\t\t\t\t\t<div class=\"elementor-row\">\n\t\t\t\t\t<div class=\"elementor-column elementor-col-100 elementor-top-column elementor-element elementor-element-14cebab\" data-id=\"14cebab\" data-element_type=\"column\">\n\t\t\t<div class=\"elementor-column-wrap elementor-element-populated\">\n\t\t\t\t\t\t\t<div class=\"elementor-widget-wrap\">\n\t\t\t\t\t\t<div class=\"elementor-element elementor-element-6272cee elementor-widget elementor-widget-text-editor\" data-id=\"6272cee\" data-element_type=\"widget\" data-widget_type=\"text-editor.default\">\n\t\t\t\t<div class=\"elementor-widget-container\">\n\t\t\t\t\t\t\t\t<div class=\"elementor-text-editor elementor-clearfix\">\n\t\t\t\t\t<p>C\u2019est en 1630, \u00e0 Beaune (Bourgogne), ville des Hospices au service des plus pauvres, et ville de longue tradition religieuse, qu\u2019une jeune carm\u00e9lite, S\u0153ur Marguerite du Saint-Sacrement, noue une relation privil\u00e9gi\u00e9e avec l\u2019Enfant J\u00e9sus qui s\u2019adresse r\u00e9ellement \u00e0 elle et lui demande de\u00a0<em>\u00ab\u00a0faire conna\u00eetre au monde les tr\u00e9sors de Son enfance\u00a0\u00bb.\u00a0<\/em>En 1636, le Christ lui demande de fonder une famille spirituelle, la Famille de l\u2019Enfant-J\u00e9sus\u00a0:\u00a0<em>\u00ab\u00a0puise dans les tr\u00e9sors de mon enfance et rien ne te sera refus\u00e9\u00a0\u00bb.<\/em><\/p><p>En 1637 l\u2019Enfant-J\u00e9sus demande \u00e0 S\u0153ur Marguerite de prier pour l\u2019obtention d\u2019un h\u00e9ritier au tr\u00f4ne de France. Avant m\u00eame que la reine ne le sache, S\u0153ur Marguerite annonce pour l\u2019ann\u00e9e suivante la naissance du dauphin Louis Dieudonn\u00e9, qui deviendra Louis XIV.<\/p><p>La d\u00e9votion \u00e0 l\u2019Enfant-J\u00e9sus de Beaune acquiert un grand rayonnement. Parmi les membres de la Famille, Gaston de Renty, grand personnage de l\u2019\u00e9tat, offre en 1643 la statue de bois de l\u2019Enfant-J\u00e9sus, le\u00a0<strong>\u00ab\u00a0Roi de Gr\u00e2ce\u00a0\u00bb.<\/strong>\u00a0C\u2019est le tr\u00e9sor cach\u00e9 de Beaune. On ne compte plus jusqu\u2019\u00e0 nos jours les t\u00e9moignages de reconnaissance laiss\u00e9s par ceux qui ont vu leurs demandes exauc\u00e9es.<\/p><p>En 2014, Mgr Minnerath, archev\u00eaque de Dijon, \u00e9rige l\u2019ancien carmel de Beaune en sanctuaire dioc\u00e9sain. Autour du culte de l\u2019Enfant-J\u00e9sus, le Sanctuaire a pour mission de promouvoir une spiritualit\u00e9 de l\u2019enfance et une pastorale de la famille.<\/p>\t\t\t\t\t<\/div>\n\t\t\t\t\t\t<\/div>\n\t\t\t\t<\/div>\n\t\t\t\t\t\t<\/div>\n\t\t\t\t\t<\/div>\n\t\t<\/div>\n\t\t\t\t\t\t\t\t<\/div>\n\t\t\t\t\t<\/div>\n\t\t<\/section>\n\t\t\t\t<section class=\"elementor-section elementor-top-section elementor-element elementor-element-efcafd9 elementor-section-boxed elementor-section-height-default elementor-section-height-default\" data-id=\"efcafd9\" data-element_type=\"section\">\n\t\t\t\t\t\t<div class=\"elementor-container elementor-column-gap-default\">\n\t\t\t\t\t\t\t<div class=\"elementor-row\">\n\t\t\t\t\t<div class=\"elementor-column elementor-col-100 elementor-top-column elementor-element elementor-element-39d66fc\" data-id=\"39d66fc\" data-element_type=\"column\">\n\t\t\t<div class=\"elementor-column-wrap elementor-element-populated\">\n\t\t\t\t\t\t\t<div class=\"elementor-widget-wrap\">\n\t\t\t\t\t\t<div class=\"elementor-element elementor-element-fbe52b7 elementor-widget elementor-widget-image\" data-id=\"fbe52b7\" data-element_type=\"widget\" data-widget_type=\"image.default\">\n\t\t\t\t<div class=\"elementor-widget-container\">\n\t\t\t\t\t\t\t\t<div class=\"elementor-image\">\n\t\t\t\t\t\t\t\t\t\t\t\t<img width=\"245\" height=\"300\" src=\"https:\/\/www.carmelitesenfantjesus.fr\/sp\/wp-content\/uploads\/EJ3-368x450-245x300.png\" class=\"attachment-medium size-medium\" alt=\"\" decoding=\"async\" loading=\"lazy\" srcset=\"https:\/\/www.carmelitesenfantjesus.fr\/sp\/wp-content\/uploads\/EJ3-368x450-245x300.png 245w, https:\/\/www.carmelitesenfantjesus.fr\/sp\/wp-content\/uploads\/EJ3-368x450.png 368w\" sizes=\"(max-width: 245px) 100vw, 245px\" \/>\t\t\t\t\t\t\t\t\t\t\t\t\t\t<\/div>\n\t\t\t\t\t\t<\/div>\n\t\t\t\t<\/div>\n\t\t\t\t\t\t<\/div>\n\t\t\t\t\t<\/div>\n\t\t<\/div>\n\t\t\t\t\t\t\t\t<\/div>\n\t\t\t\t\t<\/div>\n\t\t<\/section>\n\t\t\t\t<section class=\"elementor-section elementor-top-section elementor-element elementor-element-0ecb8af elementor-section-boxed elementor-section-height-default elementor-section-height-default\" data-id=\"0ecb8af\" data-element_type=\"section\">\n\t\t\t\t\t\t<div class=\"elementor-container elementor-column-gap-default\">\n\t\t\t\t\t\t\t<div class=\"elementor-row\">\n\t\t\t\t\t<div class=\"elementor-column elementor-col-100 elementor-top-column elementor-element elementor-element-7aa0eca\" data-id=\"7aa0eca\" data-element_type=\"column\">\n\t\t\t<div class=\"elementor-column-wrap elementor-element-populated\">\n\t\t\t\t\t\t\t<div class=\"elementor-widget-wrap\">\n\t\t\t\t\t\t<div class=\"elementor-element elementor-element-ea1a653 elementor-widget elementor-widget-heading\" data-id=\"ea1a653\" data-element_type=\"widget\" data-widget_type=\"heading.default\">\n\t\t\t\t<div class=\"elementor-widget-container\">\n\t\t\t<h2 class=\"elementor-heading-title elementor-size-default\">D\u2019o\u00f9 provient la statue de l\u2019Enfant J\u00e9sus de Prague ?<\/h2>\t\t<\/div>\n\t\t\t\t<\/div>\n\t\t\t\t\t\t<\/div>\n\t\t\t\t\t<\/div>\n\t\t<\/div>\n\t\t\t\t\t\t\t\t<\/div>\n\t\t\t\t\t<\/div>\n\t\t<\/section>\n\t\t\t\t<section class=\"elementor-section elementor-top-section elementor-element elementor-element-281927b elementor-section-boxed elementor-section-height-default elementor-section-height-default\" data-id=\"281927b\" data-element_type=\"section\">\n\t\t\t\t\t\t<div class=\"elementor-container elementor-column-gap-default\">\n\t\t\t\t\t\t\t<div class=\"elementor-row\">\n\t\t\t\t\t<div class=\"elementor-column elementor-col-100 elementor-top-column elementor-element elementor-element-e05ce58\" data-id=\"e05ce58\" data-element_type=\"column\">\n\t\t\t<div class=\"elementor-column-wrap elementor-element-populated\">\n\t\t\t\t\t\t\t<div class=\"elementor-widget-wrap\">\n\t\t\t\t\t\t<div class=\"elementor-element elementor-element-947bf32 elementor-widget elementor-widget-text-editor\" data-id=\"947bf32\" data-element_type=\"widget\" data-widget_type=\"text-editor.default\">\n\t\t\t\t<div class=\"elementor-widget-container\">\n\t\t\t\t\t\t\t\t<div class=\"elementor-text-editor elementor-clearfix\">\n\t\t\t\t\t<p><strong>Origines&nbsp;: a<\/strong>lors que c&#8217;est \u00e0 Prague qu&#8217;elle devint le support de l&#8217;expansion de la d\u00e9votion envers l&#8217;enfance de J\u00e9sus, la statuette serait en r\u00e9alit\u00e9 originaire d&#8217;Espagne. Elle serait l&#8217;\u0153uvre d&#8217;un moine qui l&#8217;a sculpt\u00e9e sur l&#8217;ordre de J\u00e9sus et elle aurait appartenu \u00e0 sainte&nbsp;<a href=\"https:\/\/fr.wikipedia.org\/wiki\/Th%C3%A9r%C3%A8se_d%27Avila\">Th\u00e9r\u00e8se d&#8217;Avila<\/a>, laquelle l&#8217;aurait transmise \u00e0 une amie, Maria Maximiliena Manrique de Lara y Mendoza, dame d&#8217;honneur de l&#8217;imp\u00e9ratrice n\u00e9e&nbsp;<a href=\"https:\/\/fr.wikipedia.org\/wiki\/Marie_d%27Espagne\">Marie d&#8217;Espagne<\/a>. C&#8217;est sa fille, Polyx\u00e8ne de Pernstein, princesse de Lobkowicz, qui l&#8217;aurait rapport\u00e9e \u00e0 Prague.<\/p>\n<p>L&#8217;\u00e9glise&nbsp;<a href=\"https:\/\/fr.wikipedia.org\/w\/index.php?title=%C3%89glise_Sainte-Marie-de-la-Victoire_ou_Notre_Dame_de_la_Victoire_%28Prague%29&amp;action=edit&amp;redlink=1\">Sainte-Marie-de-la-Victoire<\/a>&nbsp;o\u00f9 se trouve la statuette, s&#8217;appelait auparavant \u00e9glise de la&nbsp;<a href=\"https:\/\/fr.wikipedia.org\/wiki\/Sainte_Trinit%C3%A9\">Sainte Trinit\u00e9<\/a>. Elle fut donn\u00e9e par l&#8217;empereur&nbsp;<a href=\"https:\/\/fr.wikipedia.org\/wiki\/Ferdinand_II_du_Saint-Empire\">Ferdinand II du Saint-Empire<\/a>&nbsp;et le conseil municipal de Prague aux&nbsp;<a href=\"https:\/\/fr.wikipedia.org\/wiki\/Ordre_du_Carmel\">P\u00e8res carmes<\/a>&nbsp;qui s&#8217;\u00e9taient install\u00e9s dans la ville \u00e0 partir du 22 septembre&nbsp;<a href=\"https:\/\/fr.wikipedia.org\/wiki\/1624\">1624<\/a>. Durant une bataille des arm\u00e9es catholiques imp\u00e9riales contre les Protestants, le P\u00e8re Dominique, un carme envoy\u00e9 par le pape&nbsp;<a href=\"https:\/\/fr.wikipedia.org\/wiki\/Paul_V\">Paul V<\/a>&nbsp;\u00e0 la demande de l&#8217;empereur Ferdinand II, avait&nbsp;<a href=\"https:\/\/fr.wikipedia.org\/wiki\/Bataille_de_la_Montagne_Blanche\">mis en \u00e9vidence une image pieuse<\/a>&nbsp;ab\u00eem\u00e9e par les troupes protestantes afin d&#8217;encourager le z\u00e8le des Imp\u00e9riaux.<\/p>\n<p>Par reconnaissance, l&#8217;empereur&nbsp;<a href=\"https:\/\/fr.wikipedia.org\/wiki\/Ferdinand_II_du_Saint-Empire\">Ferdinand II<\/a>&nbsp;installa les Carmes \u00e0 Prague en 1624, et ceux-ci apport\u00e8rent avec eux la d\u00e9votion \u00e0 l&#8217;enfance de J\u00e9sus. Tant qu&#8217;il \u00e9tait \u00e0 Prague, l&#8217;empereur veilla au bien-\u00eatre mat\u00e9riel des Carmes mais la situation devint plus difficile apr\u00e8s son d\u00e9part. C&#8217;est dans ce contexte que la statuette est offerte par&nbsp;<a href=\"https:\/\/fr.wikipedia.org\/w\/index.php?title=Polyx%C3%A8ne_de_Pernstein&amp;action=edit&amp;redlink=1\">Polyx\u00e8ne de Pernstein<\/a>, au couvent des&nbsp;<a href=\"https:\/\/fr.wikipedia.org\/wiki\/Carm%C3%A9lites\">Carm\u00e9lites<\/a>&nbsp;de Prague en&nbsp;<a href=\"https:\/\/fr.wikipedia.org\/wiki\/1628\">1628<\/a>, ann\u00e9e de la mort de son \u00e9poux, g\u00e9n\u00e9ralissime des arm\u00e9es imp\u00e9riales qui avait pris part \u00e0 la bataille contre les Protestants.<\/p>\n<p><strong>D\u00e9veloppement de la d\u00e9votion \u00e0 l&#8217;enfance de J\u00e9sus<\/strong> : La statuette servit d\u00e8s lors de support \u00e0 la d\u00e9votion des&nbsp;<a href=\"https:\/\/fr.wikipedia.org\/wiki\/Ordre_du_Carmel\">Carmes<\/a>&nbsp;envers l&#8217;enfance&nbsp;<a href=\"https:\/\/fr.wikipedia.org\/wiki\/Enfant-J%C3%A9sus\">du Christ<\/a>&nbsp;qui acquit rapidement la r\u00e9putation d&#8217;\u00eatre tr\u00e8s riche en&nbsp;<a href=\"https:\/\/fr.wikipedia.org\/wiki\/Gr%C3%A2ce_%28religion_chr%C3%A9tienne%29\">gr\u00e2ces<\/a>. Mais les vicissitudes de la&nbsp;<a href=\"https:\/\/fr.wikipedia.org\/wiki\/Guerre_de_Trente_Ans\">guerre de Trente Ans<\/a>&nbsp;provoqu\u00e8rent le retour des troupes protestantes en 1631. La statue eut alors les mains bris\u00e9es par les &#8220;pr\u00e9dicants&#8221;, et fut oubli\u00e9e durant quelques ann\u00e9es.<\/p>\n<p>En 1637, le p\u00e8re Cyrille de la M\u00e8re de Dieu revint \u00e0 Prague. Il obtint du&nbsp;<a href=\"https:\/\/fr.wikipedia.org\/wiki\/Prieur\">prieur<\/a>&nbsp;la permission de r\u00e9installer la statue dans un&nbsp;<a href=\"https:\/\/fr.wikipedia.org\/wiki\/Oratoire_%28%C3%A9difice_religieux%29\">oratoire<\/a>. Le prieur refusa en revanche de faire r\u00e9parer les mains de la statuette car la r\u00e9paration \u00e9tait trop co\u00fbteuse. Un ancien commissaire g\u00e9n\u00e9ral de l&#8217;administration imp\u00e9riale, Daniel Wolf, accepta de prendre \u00e0 ses frais la r\u00e9paration alors m\u00eame qu&#8217;il connaissait une situation financi\u00e8re tendue. \u00c0 peine r\u00e9par\u00e9e, la statue fut \u00e0 nouveau ab\u00eem\u00e9e, et le m\u00eame Daniel Wolf se proposa une nouvelle fois. Sit\u00f4t arriv\u00e9 chez lui avec la statue, il se vit remettre par l&#8217;administration imp\u00e9riale une somme importante qu&#8217;il attendait depuis fort longtemps.<\/p>\n<p>De nombreux faits miraculeux encourag\u00e8rent \u00e0 nouveau la d\u00e9votion envers&nbsp;<a href=\"https:\/\/fr.wikipedia.org\/wiki\/Enfant-J%C3%A9sus\">l&#8217;enfance de J\u00e9sus<\/a>&nbsp;\u00e0 travers la statue et celle-ci acquit une nouvelle r\u00e9putation.<\/p>\n<p>Le 14 janvier 1644, f\u00eate du Saint&nbsp;<a href=\"https:\/\/fr.wikipedia.org\/w\/index.php?title=Nom_de_J%C3%A9sus&amp;action=edit&amp;redlink=1\">Nom de J\u00e9sus<\/a>, fut inaugur\u00e9e une nouvelle&nbsp;<a href=\"https:\/\/fr.wikipedia.org\/wiki\/Chapelle\">chapelle<\/a>&nbsp;con\u00e7ue pour abriter la statue.<\/p>\n<p>La d\u00e9votion ne cessa alors de s&#8217;amplifier et la statue re\u00e7ut la visite de&nbsp;<a href=\"https:\/\/fr.wikipedia.org\/wiki\/Ferdinand_III_du_Saint-Empire\">Ferdinand III<\/a>&nbsp;ou encore du comte Philippe de Mansfeld. Arriv\u00e9s \u00e0&nbsp;<a href=\"https:\/\/fr.wikipedia.org\/wiki\/Prague\">Prague<\/a>&nbsp;le 26 juillet 1648, les troupes su\u00e9doises furent frapp\u00e9es par la ferveur de la d\u00e9votion entourant la statue. En 1655, en signe d&#8217;hommage, le comte Bernard de Martinitz, grand marquis de Boh\u00eame, offrit une couronne d&#8217;or \u00e0 l&#8217;Enfant-J\u00e9sus.<\/p>\n<p>Le 19 mars 1655, une nouvelle chapelle fut achev\u00e9e et inaugur\u00e9e. Le d\u00e9veloppement de la d\u00e9votion envers l&#8217;Enfant-J\u00e9sus de Prague devait beaucoup au p\u00e8re Cyrille de la M\u00e8re de Dieu&nbsp;: celui-ci mourut le 4 f\u00e9vrier 1675, sans que la d\u00e9votion ne s&#8217;\u00e9teigne pour autant.<\/p>\n<p>Un nouveau sup\u00e9rieur, le P\u00e8re Emmeric, publia en&nbsp;<a href=\"https:\/\/fr.wikipedia.org\/wiki\/1737\">1737<\/a>&nbsp;un ouvrage retra\u00e7ant l&#8217;historique de la statuette, de la d\u00e9votion dont elle est le support et des&nbsp;<a href=\"https:\/\/fr.wikipedia.org\/wiki\/Miracle\">miracles<\/a>&nbsp;qui l&#8217;accompagnent, intitul\u00e9&nbsp;<em>Du grand et du petit monde de Prague<\/em>.<\/p>\n<p>Le 13 janvier 1741, la statue fut solennellement plac\u00e9e au-dessus du nouvel autel lat\u00e9ral, plus grand, construit \u00e0 droite de la&nbsp;<a href=\"https:\/\/fr.wikipedia.org\/wiki\/Chaire_%28%C3%A9glise%29\">chaire<\/a>.<\/p>\n<p>Le p\u00e8lerinage continua \u00e0 s&#8217;\u00e9panouir jusqu&#8217;\u00e0 l&#8217;arriv\u00e9e du&nbsp;<a href=\"https:\/\/fr.wikipedia.org\/wiki\/Jos%C3%A9phisme\">jos\u00e9phisme<\/a>&nbsp;\u00e0 Prague. Ce mouvement, initi\u00e9 par l&#8217;empereur&nbsp;<a href=\"https:\/\/fr.wikipedia.org\/wiki\/Joseph_II_du_Saint-Empire\">Joseph II du Saint-Empire<\/a>, entra\u00eena la fermeture de soixante-dix \u00e9glises, chapelles et couvents \u00e0 Prague, dont le couvent des Carmes qui fut transform\u00e9 en gymnase public.<\/p>\n<p><strong>Nouveau d\u00e9ploiement du p\u00e8lerinage \u00e0 partir de 1878<\/strong>&nbsp;\u00c0 partir de&nbsp;<a href=\"https:\/\/fr.wikipedia.org\/wiki\/1878\">1878<\/a>, l&#8217;\u00e9glise fut toutefois restaur\u00e9e et un nouvel autel mis en place. Le cardinal&nbsp;<a href=\"https:\/\/fr.wikipedia.org\/wiki\/Karel_Ka%C5%A1par\">Kaspar<\/a>,&nbsp;<a href=\"https:\/\/fr.wikipedia.org\/wiki\/Archidioc%C3%A8se_de_Prague\">archev\u00eaque de Prague<\/a>&nbsp;encouragea la renaissance de la d\u00e9votion \u00e0 l&#8217;Enfant-J\u00e9sus \u00e0 Prague m\u00eame.<\/p>\n<p>L&#8217;\u00e8re&nbsp;<a href=\"https:\/\/fr.wikipedia.org\/wiki\/Communisme\">communiste<\/a>&nbsp;entoura de silence l&#8217;Enfant-J\u00e9sus de Prague mais sa d\u00e9votion se poursuivit ailleurs en Europe et dans le monde. Depuis la chute du&nbsp;<a href=\"https:\/\/fr.wikipedia.org\/wiki\/Rideau_de_fer\">rideau de fer<\/a>, la statuette re\u00e7oit \u00e0 nouveau la visite de nombreux p\u00e8lerins et touristes.<\/p>\n<p>Lors du voyage qu&#8217;il effectua en&nbsp;<a href=\"https:\/\/fr.wikipedia.org\/wiki\/R%C3%A9publique_tch%C3%A8que\">R\u00e9publique tch\u00e8que<\/a>&nbsp;en septembre 2009, le pape&nbsp;<a href=\"https:\/\/fr.wikipedia.org\/wiki\/Beno%C3%AEt_XVI\">Beno\u00eet XVI<\/a>&nbsp;se recueillit ainsi aux pieds de la statue le 28 septembre.<\/p>\n<p><strong>La d\u00e9votion \u00e0 l&#8217;Enfant-J\u00e9sus de Prague \u00e0 travers le monde<\/strong>&nbsp;En raison de l&#8217;histoire tourment\u00e9e de Prague, la d\u00e9votion \u00e0 l&#8217;Enfant-J\u00e9sus tomba plusieurs fois dans l&#8217;oubli. La v\u00e9n\u00e9ration de l&#8217;effigie et, \u00e0 travers elle, de l&#8217;enfance de J\u00e9sus, s&#8217;\u00e9tait toutefois r\u00e9pandue en Europe puis dans le monde. Pour cette raison, on peut trouver de nombreuses statues de l&#8217;Enfant J\u00e9sus dans divers lieux de&nbsp;<a href=\"https:\/\/fr.wikipedia.org\/wiki\/Culte_catholique\">culte catholiques<\/a>.<\/p>\t\t\t\t\t<\/div>\n\t\t\t\t\t\t<\/div>\n\t\t\t\t<\/div>\n\t\t\t\t\t\t<\/div>\n\t\t\t\t\t<\/div>\n\t\t<\/div>\n\t\t\t\t\t\t\t\t<\/div>\n\t\t\t\t\t<\/div>\n\t\t<\/section>\n\t\t\t\t\t\t<\/div>\n\t\t\t\t\t\t<\/div>\n\t\t\t\t\t<\/div>\n\t\t","protected":false},"excerpt":{"rendered":"<p>Spiritualit\u00e9 de l&#8217;Enfance Spirituelle La spiritualit\u00e9 de notre congr\u00e9gation carm\u00e9litaine, est celle de l&#8217;Enfance Spirituelle. Nous d\u00e9sirons modeler notre vie int\u00e9rieure sur la tr\u00e8s Sainte Personne de\u00a0l\u2019Enfant J\u00e9sus. Nous cherchons\u00a0 \u00e0 Le suivre en marchant dans la voie de la divine enfance, selon l\u2019esprit de l\u2019\u00c9vangile. C\u2019est J\u00e9sus Lui-m\u00eame qui est aux fondements de cette [&hellip;]<\/p>\n","protected":false},"author":2,"featured_media":0,"parent":0,"menu_order":0,"comment_status":"closed","ping_status":"closed","template":"","meta":{"ghostkit_customizer_options":"","ghostkit_custom_css":"","ghostkit_custom_js_head":"","ghostkit_custom_js_foot":"","ghostkit_typography":""},"_links":{"self":[{"href":"https:\/\/www.carmelitesenfantjesus.fr\/sp\/wp-json\/wp\/v2\/pages\/382"}],"collection":[{"href":"https:\/\/www.carmelitesenfantjesus.fr\/sp\/wp-json\/wp\/v2\/pages"}],"about":[{"href":"https:\/\/www.carmelitesenfantjesus.fr\/sp\/wp-json\/wp\/v2\/types\/page"}],"author":[{"embeddable":true,"href":"https:\/\/www.carmelitesenfantjesus.fr\/sp\/wp-json\/wp\/v2\/users\/2"}],"replies":[{"embeddable":true,"href":"https:\/\/www.carmelitesenfantjesus.fr\/sp\/wp-json\/wp\/v2\/comments?post=382"}],"version-history":[{"count":47,"href":"https:\/\/www.carmelitesenfantjesus.fr\/sp\/wp-json\/wp\/v2\/pages\/382\/revisions"}],"predecessor-version":[{"id":2450,"href":"https:\/\/www.carmelitesenfantjesus.fr\/sp\/wp-json\/wp\/v2\/pages\/382\/revisions\/2450"}],"wp:attachment":[{"href":"https:\/\/www.carmelitesenfantjesus.fr\/sp\/wp-json\/wp\/v2\/media?parent=382"}],"curies":[{"name":"wp","href":"https:\/\/api.w.org\/{rel}","templated":true}]}}