
{"id":294,"date":"2018-04-12T16:34:19","date_gmt":"2018-04-12T14:34:19","guid":{"rendered":"https:\/\/www.carmelitesenfantjesus.fr\/sp\/?page_id=294"},"modified":"2023-07-05T14:44:36","modified_gmt":"2023-07-05T12:44:36","slug":"histoire-de-la-congregation","status":"publish","type":"page","link":"https:\/\/www.carmelitesenfantjesus.fr\/sp\/histoire-de-la-congregation\/","title":{"rendered":"Histoire de la Congr\u00e9gation"},"content":{"rendered":"\t\t<div data-elementor-type=\"wp-post\" data-elementor-id=\"294\" class=\"elementor elementor-294\" data-elementor-settings=\"[]\">\n\t\t\t\t\t\t<div class=\"elementor-inner\">\n\t\t\t\t\t\t\t<div class=\"elementor-section-wrap\">\n\t\t\t\t\t\t\t<section class=\"elementor-section elementor-top-section elementor-element elementor-element-b2976fb elementor-section-boxed elementor-section-height-default elementor-section-height-default\" data-id=\"b2976fb\" data-element_type=\"section\">\n\t\t\t\t\t\t<div class=\"elementor-container elementor-column-gap-default\">\n\t\t\t\t\t\t\t<div class=\"elementor-row\">\n\t\t\t\t\t<div class=\"elementor-column elementor-col-100 elementor-top-column elementor-element elementor-element-efd7b07\" data-id=\"efd7b07\" data-element_type=\"column\">\n\t\t\t<div class=\"elementor-column-wrap elementor-element-populated\">\n\t\t\t\t\t\t\t<div class=\"elementor-widget-wrap\">\n\t\t\t\t\t\t<div class=\"elementor-element elementor-element-dde680d elementor-widget elementor-widget-heading\" data-id=\"dde680d\" data-element_type=\"widget\" data-widget_type=\"heading.default\">\n\t\t\t\t<div class=\"elementor-widget-container\">\n\t\t\t<h1 class=\"elementor-heading-title elementor-size-default\">Histoire de notre Congr\u00e9gation<\/h1>\t\t<\/div>\n\t\t\t\t<\/div>\n\t\t\t\t<div class=\"elementor-element elementor-element-98e8fb5 elementor-widget elementor-widget-text-editor\" data-id=\"98e8fb5\" data-element_type=\"widget\" data-widget_type=\"text-editor.default\">\n\t\t\t\t<div class=\"elementor-widget-container\">\n\t\t\t\t\t\t\t\t<div class=\"elementor-text-editor elementor-clearfix\">\n\t\t\t\t\t<p>Nos<strong> Fondateurs<\/strong><\/p>\t\t\t\t\t<\/div>\n\t\t\t\t\t\t<\/div>\n\t\t\t\t<\/div>\n\t\t\t\t\t\t<\/div>\n\t\t\t\t\t<\/div>\n\t\t<\/div>\n\t\t\t\t\t\t\t\t<\/div>\n\t\t\t\t\t<\/div>\n\t\t<\/section>\n\t\t\t\t<section class=\"elementor-section elementor-top-section elementor-element elementor-element-57ea3ef elementor-section-boxed elementor-section-height-default elementor-section-height-default\" data-id=\"57ea3ef\" data-element_type=\"section\">\n\t\t\t\t\t\t<div class=\"elementor-container elementor-column-gap-default\">\n\t\t\t\t\t\t\t<div class=\"elementor-row\">\n\t\t\t\t\t<div class=\"elementor-column elementor-col-66 elementor-top-column elementor-element elementor-element-5a71b89\" data-id=\"5a71b89\" data-element_type=\"column\">\n\t\t\t<div class=\"elementor-column-wrap elementor-element-populated\">\n\t\t\t\t\t\t\t<div class=\"elementor-widget-wrap\">\n\t\t\t\t\t\t<div class=\"elementor-element elementor-element-97d8b97 elementor-widget elementor-widget-text-editor\" data-id=\"97d8b97\" data-element_type=\"widget\" data-widget_type=\"text-editor.default\">\n\t\t\t\t<div class=\"elementor-widget-container\">\n\t\t\t\t\t\t\t\t<div class=\"elementor-text-editor elementor-clearfix\">\n\t\t\t\t\t<p>En 1921, dans le contexte de renaissance spirituelle et sociale de la Pologne comme pays ind\u00e9pendant, le P\u00e8re Anselme devient premier provincial des Carmes de la Province de Pologne de nouveau reconstruite. Il voit le besoin d\u2019une congr\u00e9gation apostolique qui aurait comme but de faire conna\u00eetre l\u2019esprit du Carmel dans les milieux les plus d\u00e9laiss\u00e9s spirituellement et mat\u00e9riellement. Il d\u00e9sire fonder une communaut\u00e9 carm\u00e9litaine apostolique.<\/p>\t\t\t\t\t<\/div>\n\t\t\t\t\t\t<\/div>\n\t\t\t\t<\/div>\n\t\t\t\t\t\t<\/div>\n\t\t\t\t\t<\/div>\n\t\t<\/div>\n\t\t\t\t<div class=\"elementor-column elementor-col-33 elementor-top-column elementor-element elementor-element-31b7382\" data-id=\"31b7382\" data-element_type=\"column\">\n\t\t\t<div class=\"elementor-column-wrap elementor-element-populated\">\n\t\t\t\t\t\t\t<div class=\"elementor-widget-wrap\">\n\t\t\t\t\t\t<div class=\"elementor-element elementor-element-4ef079c elementor-hidden-phone elementor-widget elementor-widget-image\" data-id=\"4ef079c\" data-element_type=\"widget\" data-widget_type=\"image.default\">\n\t\t\t\t<div class=\"elementor-widget-container\">\n\t\t\t\t\t\t\t\t<div class=\"elementor-image\">\n\t\t\t\t\t\t\t\t\t\t\t\t<img decoding=\"async\" src=\"https:\/\/www.carmelitesenfantjesus.fr\/sp\/wp-content\/uploads\/elementor\/thumbs\/Ojciec-1-noprkz8t1eaez3tjnw6nfs4bsm5349bwj6pejo7vnk.jpg\" title=\"Ojciec-1\" alt=\"Ojciec-1\" \/>\t\t\t\t\t\t\t\t\t\t\t\t\t\t<\/div>\n\t\t\t\t\t\t<\/div>\n\t\t\t\t<\/div>\n\t\t\t\t\t\t<\/div>\n\t\t\t\t\t<\/div>\n\t\t<\/div>\n\t\t\t\t\t\t\t\t<\/div>\n\t\t\t\t\t<\/div>\n\t\t<\/section>\n\t\t\t\t<section class=\"elementor-section elementor-top-section elementor-element elementor-element-e842920 elementor-section-boxed elementor-section-height-default elementor-section-height-default\" data-id=\"e842920\" data-element_type=\"section\">\n\t\t\t\t\t\t<div class=\"elementor-container elementor-column-gap-default\">\n\t\t\t\t\t\t\t<div class=\"elementor-row\">\n\t\t\t\t\t<div class=\"elementor-column elementor-col-33 elementor-top-column elementor-element elementor-element-d98f0ca\" data-id=\"d98f0ca\" data-element_type=\"column\">\n\t\t\t<div class=\"elementor-column-wrap elementor-element-populated\">\n\t\t\t\t\t\t\t<div class=\"elementor-widget-wrap\">\n\t\t\t\t\t\t<div class=\"elementor-element elementor-element-20e43d2 elementor-hidden-phone elementor-widget elementor-widget-image\" data-id=\"20e43d2\" data-element_type=\"widget\" data-widget_type=\"image.default\">\n\t\t\t\t<div class=\"elementor-widget-container\">\n\t\t\t\t\t\t\t\t<div class=\"elementor-image\">\n\t\t\t\t\t\t\t\t\t\t\t\t<img decoding=\"async\" src=\"https:\/\/www.carmelitesenfantjesus.fr\/sp\/wp-content\/uploads\/elementor\/thumbs\/M.Theresa-KIEROCINSKA-1-noprl06p20gnbxzx4junl2nasgzahxbnwjr566bh08.jpg\" title=\"M.Theresa-KIEROCINSKA-1\" alt=\"M.Theresa-KIEROCINSKA-1\" \/>\t\t\t\t\t\t\t\t\t\t\t\t\t\t<\/div>\n\t\t\t\t\t\t<\/div>\n\t\t\t\t<\/div>\n\t\t\t\t\t\t<\/div>\n\t\t\t\t\t<\/div>\n\t\t<\/div>\n\t\t\t\t<div class=\"elementor-column elementor-col-66 elementor-top-column elementor-element elementor-element-caf79f7\" data-id=\"caf79f7\" data-element_type=\"column\">\n\t\t\t<div class=\"elementor-column-wrap elementor-element-populated\">\n\t\t\t\t\t\t\t<div class=\"elementor-widget-wrap\">\n\t\t\t\t\t\t<div class=\"elementor-element elementor-element-155be84 elementor-widget elementor-widget-text-editor\" data-id=\"155be84\" data-element_type=\"widget\" data-widget_type=\"text-editor.default\">\n\t\t\t\t<div class=\"elementor-widget-container\">\n\t\t\t\t\t\t\t\t<div class=\"elementor-text-editor elementor-clearfix\">\n\t\t\t\t\t<p>Janina Kierocinska dans sa jeunesse d\u00e9sire se consacrer \u00e0 Dieu dans la vie religieuse, mais son p\u00e8re s\u2019y oppose. En 1909, elle rencontre le P\u00e8re Anselme qui devient son directeur spirituel et lui fait conna\u00eetre la spiritualit\u00e9 carm\u00e9litaine. Sous sa conduite, elle devient membre du Tiers Ordre du Carmel \u00e0 Cracovie, tout en gardant le d\u00e9sire de devenir carm\u00e9lite. C\u2019est seulement apr\u00e8s la mort de son p\u00e8re en 1921, qu\u2019elle r\u00e9alisera son r\u00eave.<\/p>\t\t\t\t\t<\/div>\n\t\t\t\t\t\t<\/div>\n\t\t\t\t<\/div>\n\t\t\t\t\t\t<\/div>\n\t\t\t\t\t<\/div>\n\t\t<\/div>\n\t\t\t\t\t\t\t\t<\/div>\n\t\t\t\t\t<\/div>\n\t\t<\/section>\n\t\t\t\t<section class=\"elementor-section elementor-top-section elementor-element elementor-element-07f3cb8 elementor-section-boxed elementor-section-height-default elementor-section-height-default\" data-id=\"07f3cb8\" data-element_type=\"section\">\n\t\t\t\t\t\t<div class=\"elementor-container elementor-column-gap-default\">\n\t\t\t\t\t\t\t<div class=\"elementor-row\">\n\t\t\t\t\t<div class=\"elementor-column elementor-col-100 elementor-top-column elementor-element elementor-element-760ef5b\" data-id=\"760ef5b\" data-element_type=\"column\">\n\t\t\t<div class=\"elementor-column-wrap elementor-element-populated\">\n\t\t\t\t\t\t\t<div class=\"elementor-widget-wrap\">\n\t\t\t\t\t\t<div class=\"elementor-element elementor-element-ac9d998 elementor-widget elementor-widget-text-editor\" data-id=\"ac9d998\" data-element_type=\"widget\" data-widget_type=\"text-editor.default\">\n\t\t\t\t<div class=\"elementor-widget-container\">\n\t\t\t\t\t\t\t\t<div class=\"elementor-text-editor elementor-clearfix\">\n\t\t\t\t\t<p>Le P\u00e8re Anselme propose \u00e0 Janina de devenir la premi\u00e8re sup\u00e9rieure de la nouvelle communaut\u00e9 carm\u00e9litaine apostolique. Elle accueille cette proposition en tant que volont\u00e9 de Dieu pour elle.<\/p><p>Le 31 d\u00e9cembre 1921, dans la chapelle des carm\u00e9lites d\u00e9chauss\u00e9es \u00e0 Cracovie, elle re\u00e7oit, avec cinq autres candidates, l\u2019habit du Carmel et le nouveau nom : M\u00e8re Th\u00e9r\u00e8se de Saint Joseph.<\/p><p>Le P\u00e8re Anselme donne aux s\u0153urs comme mod\u00e8le de vie la personne de l\u2019Enfant J\u00e9sus ainsi que la petite voie de Sainte Th\u00e9r\u00e8se de l\u2019Enfant J\u00e9sus. Leurs \u0153uvres apostoliques seront enracin\u00e9es dans la vie de pri\u00e8re selon la r\u00e8gle du Carmel.<\/p><p>Dans sa premi\u00e8re hom\u00e9lie, notre P\u00e8re fondateur parlait ainsi : \u00ab [\u2026] On ne construit ni sur la bonne volont\u00e9, ni-m\u00eame sur vos vertus, mais seulement sur Dieu ! Et si ce projet plait \u00e0 Dieu, il est s\u00fbr qu\u2019il va durer et cro\u00eetre. [\u2026] Vous devez attiser l\u2019amour dans les \u00e2mes, c\u2019est l\u2019apostolat v\u00e9ritable. Par cet amour, vous attirerez les \u00e2mes vers Dieu [\u2026] \u00bb.<\/p><p>La mission des s\u0153urs commence \u00e0 Sosnowiec, proche de Cracovie dans le milieu des ouvriers, o\u00f9 r\u00e8gne une grande pauvret\u00e9 mat\u00e9rielle et morale. Les premi\u00e8res ann\u00e9es sont extr\u00eamement difficiles pour une nouvelle communaut\u00e9 n\u2019ayant ni maison, ni moyens mat\u00e9riels. M\u00e8re Th\u00e9r\u00e8se s\u2019abandonnant enti\u00e8rement \u00e0 la Divine Providence, ne perd jamais confiance et optimisme. Elle trouve sans cesse aupr\u00e8s du tabernacle la force h\u00e9ro\u00efque pour faire face aux nombreuses difficult\u00e9s, et guider cette nouvelle communaut\u00e9.<\/p><p>La Pologne traverse une p\u00e9riode d\u2019une tr\u00e8s grande pauvret\u00e9 mat\u00e9rielle et spirituelle : ch\u00f4mage, analphab\u00e9tisme, mauvaises conditions sociales. Ath\u00e9isme et anticl\u00e9ricalisme se r\u00e9pandent beaucoup.<\/p><p>Dans cette d\u00e9g\u00e9n\u00e9rescence &#8211; tout en menant une vie de pri\u00e8re &#8211; les s\u0153urs d\u00e9veloppent sans tarder de nombreux apostolats aupr\u00e8s des plus d\u00e9munis : patronage, repas pour les enfants pauvres ; plus tard, elles organisent une \u00e9cole primaire, ateliers de broderie et couture, pr\u00e9paration aux sacrements des enfants d\u00e9laiss\u00e9s ainsi qu\u2019un orphelinat.<\/p><p>\u00a0<\/p>\t\t\t\t\t<\/div>\n\t\t\t\t\t\t<\/div>\n\t\t\t\t<\/div>\n\t\t\t\t<div class=\"elementor-element elementor-element-bc92c67 elementor-widget elementor-widget-image\" data-id=\"bc92c67\" data-element_type=\"widget\" data-widget_type=\"image.default\">\n\t\t\t\t<div class=\"elementor-widget-container\">\n\t\t\t\t\t\t\t\t<div class=\"elementor-image\">\n\t\t\t\t\t\t\t\t\t\t\t\t<img width=\"500\" height=\"329\" src=\"https:\/\/www.carmelitesenfantjesus.fr\/sp\/wp-content\/uploads\/02-Matka-Teresa-Kieroci\u0144ska-w\u015br\u00f3d-dzieci-szkolnych-i-dziewczyn-z-kurs\u00f3w-szycia-i-haftu-Sosnowiec-1930-r.jpg\" class=\"attachment-awb_sm size-awb_sm\" alt=\"\" decoding=\"async\" loading=\"lazy\" srcset=\"https:\/\/www.carmelitesenfantjesus.fr\/sp\/wp-content\/uploads\/02-Matka-Teresa-Kieroci\u0144ska-w\u015br\u00f3d-dzieci-szkolnych-i-dziewczyn-z-kurs\u00f3w-szycia-i-haftu-Sosnowiec-1930-r.jpg 700w, https:\/\/www.carmelitesenfantjesus.fr\/sp\/wp-content\/uploads\/02-Matka-Teresa-Kieroci\u0144ska-w\u015br\u00f3d-dzieci-szkolnych-i-dziewczyn-z-kurs\u00f3w-szycia-i-haftu-Sosnowiec-1930-r-300x197.jpg 300w\" sizes=\"(max-width: 500px) 100vw, 500px\" \/>\t\t\t\t\t\t\t\t\t\t\t\t\t\t<\/div>\n\t\t\t\t\t\t<\/div>\n\t\t\t\t<\/div>\n\t\t\t\t<div class=\"elementor-element elementor-element-bf3f178 elementor-widget elementor-widget-text-editor\" data-id=\"bf3f178\" data-element_type=\"widget\" data-widget_type=\"text-editor.default\">\n\t\t\t\t<div class=\"elementor-widget-container\">\n\t\t\t\t\t\t\t\t<div class=\"elementor-text-editor elementor-clearfix\">\n\t\t\t\t\t<p>Pendant la seconde guerre mondiale, les s\u0153urs se d\u00e9vouent \u00e9galement aupr\u00e8s des enfants juifs et rendent de nombreux services aux soldats de la r\u00e9sistance.<\/p>\n<p>Plus tard les s\u0153urs s\u2019engagent en tant que cat\u00e9chistes, organisent les \u00e9coles maternelles et se donnent dans les \u0153uvres caritatives.<\/p>\n<p>M\u00e8re Th\u00e9r\u00e8se, in\u00e9branlable dans sa foi et pleinement confiante en Dieu, encourage ses S\u0153urs \u00e0 une g\u00e9n\u00e9rosit\u00e9 sans retour. Elle puise son \u00e9nergie dans la d\u00e9votion \u00e0 la Sainte Face de J\u00e9sus, qui deviendra l\u2019h\u00e9ritage spirituel de la Congr\u00e9gation. M\u00e8re Th\u00e9r\u00e8se guidera la congr\u00e9gation durant 25 ans.<\/p>\n<p><\/p>\t\t\t\t\t<\/div>\n\t\t\t\t\t\t<\/div>\n\t\t\t\t<\/div>\n\t\t\t\t<div class=\"elementor-element elementor-element-8363579 elementor-widget elementor-widget-image\" data-id=\"8363579\" data-element_type=\"widget\" data-widget_type=\"image.default\">\n\t\t\t\t<div class=\"elementor-widget-container\">\n\t\t\t\t\t\t\t\t<div class=\"elementor-image\">\n\t\t\t\t\t\t\t\t\t\t\t\t<img width=\"321\" height=\"157\" src=\"https:\/\/www.carmelitesenfantjesus.fr\/sp\/wp-content\/uploads\/Matka-2.jpg\" class=\"attachment-full size-full\" alt=\"\" decoding=\"async\" loading=\"lazy\" srcset=\"https:\/\/www.carmelitesenfantjesus.fr\/sp\/wp-content\/uploads\/Matka-2.jpg 321w, https:\/\/www.carmelitesenfantjesus.fr\/sp\/wp-content\/uploads\/Matka-2-300x147.jpg 300w\" sizes=\"(max-width: 321px) 100vw, 321px\" \/>\t\t\t\t\t\t\t\t\t\t\t\t\t\t<\/div>\n\t\t\t\t\t\t<\/div>\n\t\t\t\t<\/div>\n\t\t\t\t<div class=\"elementor-element elementor-element-01cf22b elementor-widget elementor-widget-text-editor\" data-id=\"01cf22b\" data-element_type=\"widget\" data-widget_type=\"text-editor.default\">\n\t\t\t\t<div class=\"elementor-widget-container\">\n\t\t\t\t\t\t\t\t<div class=\"elementor-text-editor elementor-clearfix\">\n\t\t\t\t\t<p>Le jour de sa naissance au ciel, le 12 juillet 1946, M\u00e8re Th\u00e9r\u00e8se dit \u00e0 ses s\u0153urs : \u00ab Je prierai apr\u00e8s ma mort pour vous obtenir ce que je n\u2019ai pas pu vous donner pendant ma vie \u00bb.<\/p><p>En septembre de la m\u00eame ann\u00e9e, le P\u00e8re Anselme rentre apr\u00e8s un s\u00e9jour de plusieurs ann\u00e9es \u00e0 Rome. Une nouvelle p\u00e9riode de croissance et de formation commence. Les fondations se multiplient, des vocations naissent. Le P\u00e8re Anselme continue de transmettre le charisme de l\u2019enfance spirituelle, jusqu\u2019au jour o\u00f9 il part contempler Celui \u00ab dans l\u2019amour duquel il s\u2019exerce toute sa vie \u00bb, le 15 octobre 1969.<\/p><p>Aujourd\u2019hui, notre Congr\u00e9gation compte environ de 460 S\u0153urs, r\u00e9parties dans onze pays : en Pologne (majoritairement), Bi\u00e9lorussie, France, Lettonie, Tch\u00e9quie, Slovaquie, Italie, Ukraine, et aussi en Afrique, au Burundi, Rwanda et Cameroun.<\/p><p>Nous sommes pr\u00e9sentes en France depuis 1991. Successivement au Lavandou, \u00e0 Sanary, \u00e0 Montpellier, en Avignon, \u00e0 Bagn\u00e8res-de-Bigorre, \u00e0 Beaune et \u00e0 Toulon. Actuellement nous avons trois communaut\u00e9s en France.<\/p><p>Le proc\u00e8s de b\u00e9atification de M\u00e8re Th\u00e9r\u00e8se de Saint Joseph a \u00e9t\u00e9 ouvert en 1983. Le 22 f\u00e9vrier 1993, elle a \u00e9t\u00e9 reconnue \u00ab juste parmi les nations \u00bb puis a \u00e9t\u00e9\u00a0<span style=\"font-family: Rosario, sans-serif; font-size: 16px; font-style: normal; font-variant-ligatures: normal; font-variant-caps: normal; font-weight: 400;\">d\u00e9clar\u00e9e v\u00e9n\u00e9rable<\/span><span style=\"font-size: 16px;\">\u00a0le 2 mai 2013 par le Pape Fran\u00e7ois.<\/span><\/p><p>Le proc\u00e8s de b\u00e9atification du P\u00e8re Anselme a \u00e9t\u00e9 ouvert le 2 f\u00e9vrier 2002.<\/p><p>Par d\u00e9cret en date du 28 novembre 2012, publi\u00e9 le 30 novembre au Journal Officiel, le Minist\u00e8re de l\u2019int\u00e9rieur a l\u00e9galement reconnu comme Congr\u00e9gation les S\u0153urs Carm\u00e9lites de l\u2019Enfant-J\u00e9sus.<\/p><p>Dans la fid\u00e9lit\u00e9 \u00e0 l\u2019Evangile, les S\u0153urs Carm\u00e9lites de l\u2019Enfant J\u00e9sus s\u2019exercent \u00e0 mettre en pratique l\u2019enseignement re\u00e7u de leurs fondateurs, dont les proc\u00e8s de b\u00e9atification sont en cours.<\/p>\t\t\t\t\t<\/div>\n\t\t\t\t\t\t<\/div>\n\t\t\t\t<\/div>\n\t\t\t\t\t\t<\/div>\n\t\t\t\t\t<\/div>\n\t\t<\/div>\n\t\t\t\t\t\t\t\t<\/div>\n\t\t\t\t\t<\/div>\n\t\t<\/section>\n\t\t\t\t\t\t<\/div>\n\t\t\t\t\t\t<\/div>\n\t\t\t\t\t<\/div>\n\t\t","protected":false},"excerpt":{"rendered":"<p>Histoire de notre Congr\u00e9gation Nos Fondateurs En 1921, dans le contexte de renaissance spirituelle et sociale de la Pologne comme pays ind\u00e9pendant, le P\u00e8re Anselme devient premier provincial des Carmes de la Province de Pologne de nouveau reconstruite. Il voit le besoin d\u2019une congr\u00e9gation apostolique qui aurait comme but de faire conna\u00eetre l\u2019esprit du Carmel [&hellip;]<\/p>\n","protected":false},"author":2,"featured_media":0,"parent":0,"menu_order":0,"comment_status":"closed","ping_status":"closed","template":"","meta":{"ghostkit_customizer_options":"","ghostkit_custom_css":"","ghostkit_custom_js_head":"","ghostkit_custom_js_foot":"","ghostkit_typography":""},"_links":{"self":[{"href":"https:\/\/www.carmelitesenfantjesus.fr\/sp\/wp-json\/wp\/v2\/pages\/294"}],"collection":[{"href":"https:\/\/www.carmelitesenfantjesus.fr\/sp\/wp-json\/wp\/v2\/pages"}],"about":[{"href":"https:\/\/www.carmelitesenfantjesus.fr\/sp\/wp-json\/wp\/v2\/types\/page"}],"author":[{"embeddable":true,"href":"https:\/\/www.carmelitesenfantjesus.fr\/sp\/wp-json\/wp\/v2\/users\/2"}],"replies":[{"embeddable":true,"href":"https:\/\/www.carmelitesenfantjesus.fr\/sp\/wp-json\/wp\/v2\/comments?post=294"}],"version-history":[{"count":43,"href":"https:\/\/www.carmelitesenfantjesus.fr\/sp\/wp-json\/wp\/v2\/pages\/294\/revisions"}],"predecessor-version":[{"id":2371,"href":"https:\/\/www.carmelitesenfantjesus.fr\/sp\/wp-json\/wp\/v2\/pages\/294\/revisions\/2371"}],"wp:attachment":[{"href":"https:\/\/www.carmelitesenfantjesus.fr\/sp\/wp-json\/wp\/v2\/media?parent=294"}],"curies":[{"name":"wp","href":"https:\/\/api.w.org\/{rel}","templated":true}]}}