
{"id":2234,"date":"2023-06-01T14:00:38","date_gmt":"2023-06-01T12:00:38","guid":{"rendered":"https:\/\/www.carmelitesenfantjesus.fr\/sp\/?page_id=2234"},"modified":"2023-07-05T15:49:17","modified_gmt":"2023-07-05T13:49:17","slug":"les-saints-du-carmel","status":"publish","type":"page","link":"https:\/\/www.carmelitesenfantjesus.fr\/sp\/les-saints-du-carmel\/","title":{"rendered":"Les saints du Carmel"},"content":{"rendered":"\t\t<div data-elementor-type=\"wp-page\" data-elementor-id=\"2234\" class=\"elementor elementor-2234\" data-elementor-settings=\"[]\">\n\t\t\t\t\t\t<div class=\"elementor-inner\">\n\t\t\t\t\t\t\t<div class=\"elementor-section-wrap\">\n\t\t\t\t\t\t\t<section class=\"elementor-section elementor-top-section elementor-element elementor-element-3725231 elementor-section-boxed elementor-section-height-default elementor-section-height-default\" data-id=\"3725231\" data-element_type=\"section\">\n\t\t\t\t\t\t<div class=\"elementor-container elementor-column-gap-default\">\n\t\t\t\t\t\t\t<div class=\"elementor-row\">\n\t\t\t\t\t<div class=\"elementor-column elementor-col-100 elementor-top-column elementor-element elementor-element-04aa653\" data-id=\"04aa653\" data-element_type=\"column\">\n\t\t\t<div class=\"elementor-column-wrap elementor-element-populated\">\n\t\t\t\t\t\t\t<div class=\"elementor-widget-wrap\">\n\t\t\t\t\t\t<div class=\"elementor-element elementor-element-54cfaf3 elementor-widget elementor-widget-heading\" data-id=\"54cfaf3\" data-element_type=\"widget\" data-widget_type=\"heading.default\">\n\t\t\t\t<div class=\"elementor-widget-container\">\n\t\t\t<h2 class=\"elementor-heading-title elementor-size-default\">Les saints du Carmel<\/h2>\t\t<\/div>\n\t\t\t\t<\/div>\n\t\t\t\t\t\t<\/div>\n\t\t\t\t\t<\/div>\n\t\t<\/div>\n\t\t\t\t\t\t\t\t<\/div>\n\t\t\t\t\t<\/div>\n\t\t<\/section>\n\t\t\t\t<section class=\"elementor-section elementor-top-section elementor-element elementor-element-c237781 elementor-section-boxed elementor-section-height-default elementor-section-height-default\" data-id=\"c237781\" data-element_type=\"section\">\n\t\t\t\t\t\t<div class=\"elementor-container elementor-column-gap-default\">\n\t\t\t\t\t\t\t<div class=\"elementor-row\">\n\t\t\t\t\t<div class=\"elementor-column elementor-col-100 elementor-top-column elementor-element elementor-element-0eae4a9\" data-id=\"0eae4a9\" data-element_type=\"column\">\n\t\t\t<div class=\"elementor-column-wrap elementor-element-populated\">\n\t\t\t\t\t\t\t<div class=\"elementor-widget-wrap\">\n\t\t\t\t\t\t<div class=\"elementor-element elementor-element-3b049d2 elementor-widget elementor-widget-spacer\" data-id=\"3b049d2\" data-element_type=\"widget\" data-widget_type=\"spacer.default\">\n\t\t\t\t<div class=\"elementor-widget-container\">\n\t\t\t\t\t<div class=\"elementor-spacer\">\n\t\t\t<div class=\"elementor-spacer-inner\"><\/div>\n\t\t<\/div>\n\t\t\t\t<\/div>\n\t\t\t\t<\/div>\n\t\t\t\t\t\t<\/div>\n\t\t\t\t\t<\/div>\n\t\t<\/div>\n\t\t\t\t\t\t\t\t<\/div>\n\t\t\t\t\t<\/div>\n\t\t<\/section>\n\t\t\t\t<section class=\"elementor-section elementor-top-section elementor-element elementor-element-f3b5eb2 elementor-section-boxed elementor-section-height-default elementor-section-height-default\" data-id=\"f3b5eb2\" data-element_type=\"section\">\n\t\t\t\t\t\t<div class=\"elementor-container elementor-column-gap-default\">\n\t\t\t\t\t\t\t<div class=\"elementor-row\">\n\t\t\t\t\t<div class=\"elementor-column elementor-col-100 elementor-top-column elementor-element elementor-element-c8b605d\" data-id=\"c8b605d\" data-element_type=\"column\">\n\t\t\t<div class=\"elementor-column-wrap elementor-element-populated\">\n\t\t\t\t\t\t\t<div class=\"elementor-widget-wrap\">\n\t\t\t\t\t\t<div class=\"elementor-element elementor-element-5f8e946 elementor-widget elementor-widget-text-editor\" data-id=\"5f8e946\" data-element_type=\"widget\" data-widget_type=\"text-editor.default\">\n\t\t\t\t<div class=\"elementor-widget-container\">\n\t\t\t\t\t\t\t\t<div class=\"elementor-text-editor elementor-clearfix\">\n\t\t\t\t\t<p><strong>Notre Congr\u00e9gation de spiritualit\u00e9 carm\u00e9litaine s&#8217;enracine dans les enseignements et les \u00e9crits des saints du Carmel.<\/strong><\/p>\t\t\t\t\t<\/div>\n\t\t\t\t\t\t<\/div>\n\t\t\t\t<\/div>\n\t\t\t\t\t\t<\/div>\n\t\t\t\t\t<\/div>\n\t\t<\/div>\n\t\t\t\t\t\t\t\t<\/div>\n\t\t\t\t\t<\/div>\n\t\t<\/section>\n\t\t\t\t<section class=\"elementor-section elementor-top-section elementor-element elementor-element-26163c7 elementor-section-boxed elementor-section-height-default elementor-section-height-default\" data-id=\"26163c7\" data-element_type=\"section\">\n\t\t\t\t\t\t<div class=\"elementor-container elementor-column-gap-default\">\n\t\t\t\t\t\t\t<div class=\"elementor-row\">\n\t\t\t\t\t<div class=\"elementor-column elementor-col-100 elementor-top-column elementor-element elementor-element-06bc2f5\" data-id=\"06bc2f5\" data-element_type=\"column\">\n\t\t\t<div class=\"elementor-column-wrap elementor-element-populated\">\n\t\t\t\t\t\t\t<div class=\"elementor-widget-wrap\">\n\t\t\t\t\t\t<section class=\"elementor-section elementor-inner-section elementor-element elementor-element-b37feb5 elementor-section-boxed elementor-section-height-default elementor-section-height-default\" data-id=\"b37feb5\" data-element_type=\"section\">\n\t\t\t\t\t\t<div class=\"elementor-container elementor-column-gap-default\">\n\t\t\t\t\t\t\t<div class=\"elementor-row\">\n\t\t\t\t\t<div class=\"elementor-column elementor-col-50 elementor-inner-column elementor-element elementor-element-59fa473\" data-id=\"59fa473\" data-element_type=\"column\">\n\t\t\t<div class=\"elementor-column-wrap elementor-element-populated\">\n\t\t\t\t\t\t\t<div class=\"elementor-widget-wrap\">\n\t\t\t\t\t\t<div class=\"elementor-element elementor-element-dc21449 elementor-widget elementor-widget-text-editor\" data-id=\"dc21449\" data-element_type=\"widget\" data-widget_type=\"text-editor.default\">\n\t\t\t\t<div class=\"elementor-widget-container\">\n\t\t\t\t\t\t\t\t<div class=\"elementor-text-editor elementor-clearfix\">\n\t\t\t\t\t<p><strong>Sainte Th\u00e9r\u00e8se de l\u2019Enfant-J\u00e9sus et de la Sainte Face<\/strong><\/p><p>Sainte Patronne de notre congr\u00e9gation, cette jeune carm\u00e9lite du XIX\u00e8me si\u00e8cle, docteur de l\u2019Eglise, nous a livr\u00e9 sa \u00ab\u00a0petite voie\u00a0\u00bb de l\u2019Enfance Spirituelle qui est \u00ab\u00a0le chemin de la confiance et du total abandon\u00a0\u00bb.<\/p><p><em>\u00ab\u00a0C\u2019est la confiance et rien que la confiance qui doit nous conduire \u00e0 l\u2019amour\u00a0\u00bb.<\/em><\/p>\t\t\t\t\t<\/div>\n\t\t\t\t\t\t<\/div>\n\t\t\t\t<\/div>\n\t\t\t\t\t\t<\/div>\n\t\t\t\t\t<\/div>\n\t\t<\/div>\n\t\t\t\t<div class=\"elementor-column elementor-col-50 elementor-inner-column elementor-element elementor-element-f120985\" data-id=\"f120985\" data-element_type=\"column\">\n\t\t\t<div class=\"elementor-column-wrap elementor-element-populated\">\n\t\t\t\t\t\t\t<div class=\"elementor-widget-wrap\">\n\t\t\t\t\t\t<div class=\"elementor-element elementor-element-420699f elementor-widget elementor-widget-image\" data-id=\"420699f\" data-element_type=\"widget\" data-widget_type=\"image.default\">\n\t\t\t\t<div class=\"elementor-widget-container\">\n\t\t\t\t\t\t\t\t<div class=\"elementor-image\">\n\t\t\t\t\t\t\t\t\t\t\t\t<img width=\"234\" height=\"300\" src=\"https:\/\/www.carmelitesenfantjesus.fr\/sp\/wp-content\/uploads\/ste-therese-EJ-234x300.jpg\" class=\"attachment-medium size-medium\" alt=\"\" decoding=\"async\" loading=\"lazy\" srcset=\"https:\/\/www.carmelitesenfantjesus.fr\/sp\/wp-content\/uploads\/ste-therese-EJ-234x300.jpg 234w, https:\/\/www.carmelitesenfantjesus.fr\/sp\/wp-content\/uploads\/ste-therese-EJ-600x768.jpg 600w, https:\/\/www.carmelitesenfantjesus.fr\/sp\/wp-content\/uploads\/ste-therese-EJ-768x984.jpg 768w, https:\/\/www.carmelitesenfantjesus.fr\/sp\/wp-content\/uploads\/ste-therese-EJ-1199x1536.jpg 1199w, https:\/\/www.carmelitesenfantjesus.fr\/sp\/wp-content\/uploads\/ste-therese-EJ-1599x2048.jpg 1599w, https:\/\/www.carmelitesenfantjesus.fr\/sp\/wp-content\/uploads\/ste-therese-EJ-500x640.jpg 500w, https:\/\/www.carmelitesenfantjesus.fr\/sp\/wp-content\/uploads\/ste-therese-EJ-800x1025.jpg 800w, https:\/\/www.carmelitesenfantjesus.fr\/sp\/wp-content\/uploads\/ste-therese-EJ-1280x1639.jpg 1280w, https:\/\/www.carmelitesenfantjesus.fr\/sp\/wp-content\/uploads\/ste-therese-EJ.jpg 1856w\" sizes=\"(max-width: 234px) 100vw, 234px\" \/>\t\t\t\t\t\t\t\t\t\t\t\t\t\t<\/div>\n\t\t\t\t\t\t<\/div>\n\t\t\t\t<\/div>\n\t\t\t\t\t\t<\/div>\n\t\t\t\t\t<\/div>\n\t\t<\/div>\n\t\t\t\t\t\t\t\t<\/div>\n\t\t\t\t\t<\/div>\n\t\t<\/section>\n\t\t\t\t\t\t<\/div>\n\t\t\t\t\t<\/div>\n\t\t<\/div>\n\t\t\t\t\t\t\t\t<\/div>\n\t\t\t\t\t<\/div>\n\t\t<\/section>\n\t\t\t\t<section class=\"elementor-section elementor-top-section elementor-element elementor-element-6f5d47f elementor-section-boxed elementor-section-height-default elementor-section-height-default\" data-id=\"6f5d47f\" data-element_type=\"section\">\n\t\t\t\t\t\t<div class=\"elementor-container elementor-column-gap-default\">\n\t\t\t\t\t\t\t<div class=\"elementor-row\">\n\t\t\t\t\t<div class=\"elementor-column elementor-col-100 elementor-top-column elementor-element elementor-element-b6e7e7f\" data-id=\"b6e7e7f\" data-element_type=\"column\">\n\t\t\t<div class=\"elementor-column-wrap elementor-element-populated\">\n\t\t\t\t\t\t\t<div class=\"elementor-widget-wrap\">\n\t\t\t\t\t\t<section class=\"elementor-section elementor-inner-section elementor-element elementor-element-50e4830 elementor-section-boxed elementor-section-height-default elementor-section-height-default\" data-id=\"50e4830\" data-element_type=\"section\">\n\t\t\t\t\t\t<div class=\"elementor-container elementor-column-gap-default\">\n\t\t\t\t\t\t\t<div class=\"elementor-row\">\n\t\t\t\t\t<div class=\"elementor-column elementor-col-50 elementor-inner-column elementor-element elementor-element-9e2ad6f\" data-id=\"9e2ad6f\" data-element_type=\"column\">\n\t\t\t<div class=\"elementor-column-wrap elementor-element-populated\">\n\t\t\t\t\t\t\t<div class=\"elementor-widget-wrap\">\n\t\t\t\t\t\t<div class=\"elementor-element elementor-element-d7ee46b elementor-widget elementor-widget-image\" data-id=\"d7ee46b\" data-element_type=\"widget\" data-widget_type=\"image.default\">\n\t\t\t\t<div class=\"elementor-widget-container\">\n\t\t\t\t\t\t\t\t<div class=\"elementor-image\">\n\t\t\t\t\t\t\t\t\t\t\t\t<img width=\"247\" height=\"300\" src=\"https:\/\/www.carmelitesenfantjesus.fr\/sp\/wp-content\/uploads\/st-Elie-247x300.jpg\" class=\"attachment-medium size-medium\" alt=\"\" decoding=\"async\" loading=\"lazy\" srcset=\"https:\/\/www.carmelitesenfantjesus.fr\/sp\/wp-content\/uploads\/st-Elie-247x300.jpg 247w, https:\/\/www.carmelitesenfantjesus.fr\/sp\/wp-content\/uploads\/st-Elie.jpg 494w\" sizes=\"(max-width: 247px) 100vw, 247px\" \/>\t\t\t\t\t\t\t\t\t\t\t\t\t\t<\/div>\n\t\t\t\t\t\t<\/div>\n\t\t\t\t<\/div>\n\t\t\t\t\t\t<\/div>\n\t\t\t\t\t<\/div>\n\t\t<\/div>\n\t\t\t\t<div class=\"elementor-column elementor-col-50 elementor-inner-column elementor-element elementor-element-caf59ab\" data-id=\"caf59ab\" data-element_type=\"column\">\n\t\t\t<div class=\"elementor-column-wrap elementor-element-populated\">\n\t\t\t\t\t\t\t<div class=\"elementor-widget-wrap\">\n\t\t\t\t\t\t<div class=\"elementor-element elementor-element-95d5e1b elementor-widget elementor-widget-text-editor\" data-id=\"95d5e1b\" data-element_type=\"widget\" data-widget_type=\"text-editor.default\">\n\t\t\t\t<div class=\"elementor-widget-container\">\n\t\t\t\t\t\t\t\t<div class=\"elementor-text-editor elementor-clearfix\">\n\t\t\t\t\t<p><strong>Saint Elie<\/strong><\/p><p>Proph\u00e8te du IX\u00e8me si\u00e8cle, il est consid\u00e9r\u00e9 comme l\u2019arch\u00e9type du moine. Il inspira de nombreux ermites qui s\u2019implant\u00e8rent sur les pentes du Mont Carmel au lieu-dit \u00ab\u00a0la source d\u2019Elie\u00a0\u00bb, avant de se regrouper sous une r\u00e8gle commune au XIII\u00e8me si\u00e8cle. L\u2019exp\u00e9rience spirituelle d\u2019Elie au Mont Horeb marque profond\u00e9ment l\u2019esprit du Carmel. C\u2019est dans le silence, le \u00ab\u00a0murmure d\u2019une brise l\u00e9g\u00e8re\u00a0\u00bb que nous sommes invit\u00e9s \u00e0 vivre en pr\u00e9sence du Seigneur.<\/p>\t\t\t\t\t<\/div>\n\t\t\t\t\t\t<\/div>\n\t\t\t\t<\/div>\n\t\t\t\t\t\t<\/div>\n\t\t\t\t\t<\/div>\n\t\t<\/div>\n\t\t\t\t\t\t\t\t<\/div>\n\t\t\t\t\t<\/div>\n\t\t<\/section>\n\t\t\t\t\t\t<\/div>\n\t\t\t\t\t<\/div>\n\t\t<\/div>\n\t\t\t\t\t\t\t\t<\/div>\n\t\t\t\t\t<\/div>\n\t\t<\/section>\n\t\t\t\t<section class=\"elementor-section elementor-top-section elementor-element elementor-element-726ab47 elementor-section-boxed elementor-section-height-default elementor-section-height-default\" data-id=\"726ab47\" data-element_type=\"section\">\n\t\t\t\t\t\t<div class=\"elementor-container elementor-column-gap-default\">\n\t\t\t\t\t\t\t<div class=\"elementor-row\">\n\t\t\t\t\t<div class=\"elementor-column elementor-col-100 elementor-top-column elementor-element elementor-element-b0ab588\" data-id=\"b0ab588\" data-element_type=\"column\">\n\t\t\t<div class=\"elementor-column-wrap elementor-element-populated\">\n\t\t\t\t\t\t\t<div class=\"elementor-widget-wrap\">\n\t\t\t\t\t\t<section class=\"elementor-section elementor-inner-section elementor-element elementor-element-79d45ce elementor-section-boxed elementor-section-height-default elementor-section-height-default\" data-id=\"79d45ce\" data-element_type=\"section\">\n\t\t\t\t\t\t<div class=\"elementor-container elementor-column-gap-default\">\n\t\t\t\t\t\t\t<div class=\"elementor-row\">\n\t\t\t\t\t<div class=\"elementor-column elementor-col-50 elementor-inner-column elementor-element elementor-element-7e91731\" data-id=\"7e91731\" data-element_type=\"column\">\n\t\t\t<div class=\"elementor-column-wrap elementor-element-populated\">\n\t\t\t\t\t\t\t<div class=\"elementor-widget-wrap\">\n\t\t\t\t\t\t<div class=\"elementor-element elementor-element-7aa257b elementor-widget elementor-widget-text-editor\" data-id=\"7aa257b\" data-element_type=\"widget\" data-widget_type=\"text-editor.default\">\n\t\t\t\t<div class=\"elementor-widget-container\">\n\t\t\t\t\t\t\t\t<div class=\"elementor-text-editor elementor-clearfix\">\n\t\t\t\t\t<p><strong>Sainte Th\u00e9r\u00e8se de J\u00e9sus<\/strong><\/p><p>N\u00e9e \u00e0 Avila en 1515, Teresa de Ahumada entre au Monast\u00e8re de l\u2019Incarnation avant de r\u00e9former le Carmel avec Jean de la Croix. Elle fonde des couvents de carm\u00e9lites d\u00e9chauss\u00e9es afin de favoriser l\u2019union au Christ, notamment aux moyens de la cl\u00f4ture et du silence. Ma\u00eetresse de vie spirituelle, elle montre \u00ab le chemin de la perfection \u00bb aux \u00e2mes en qu\u00eate d\u2019absolu, et invite \u00e0 une &#8220;d\u00e9termination tr\u00e8s d\u00e9termin\u00e9e&#8221; de suivre le Christ, sans s\u2019arr\u00eater en chemin.<\/p><p><em>\u00ab\u00a0Que rien ne te trouble, que rien ne t&#8217;\u00e9pouvante, tout passe, Dieu ne change pas, la patience obtient tout\u00a0; celui qui poss\u00e8de Dieu ne manque de rien\u00a0: Dieu seul suffit\u00a0\u00bb.<\/em><\/p>\t\t\t\t\t<\/div>\n\t\t\t\t\t\t<\/div>\n\t\t\t\t<\/div>\n\t\t\t\t\t\t<\/div>\n\t\t\t\t\t<\/div>\n\t\t<\/div>\n\t\t\t\t<div class=\"elementor-column elementor-col-50 elementor-inner-column elementor-element elementor-element-8a68d22\" data-id=\"8a68d22\" data-element_type=\"column\">\n\t\t\t<div class=\"elementor-column-wrap elementor-element-populated\">\n\t\t\t\t\t\t\t<div class=\"elementor-widget-wrap\">\n\t\t\t\t\t\t<div class=\"elementor-element elementor-element-d519bda elementor-widget elementor-widget-image\" data-id=\"d519bda\" data-element_type=\"widget\" data-widget_type=\"image.default\">\n\t\t\t\t<div class=\"elementor-widget-container\">\n\t\t\t\t\t\t\t\t<div class=\"elementor-image\">\n\t\t\t\t\t\t\t\t\t\t\t\t<img width=\"240\" height=\"300\" src=\"https:\/\/www.carmelitesenfantjesus.fr\/sp\/wp-content\/uploads\/ste-therese-avila-240x300.jpg\" class=\"attachment-medium size-medium\" alt=\"\" decoding=\"async\" loading=\"lazy\" srcset=\"https:\/\/www.carmelitesenfantjesus.fr\/sp\/wp-content\/uploads\/ste-therese-avila-240x300.jpg 240w, https:\/\/www.carmelitesenfantjesus.fr\/sp\/wp-content\/uploads\/ste-therese-avila.jpg 480w\" sizes=\"(max-width: 240px) 100vw, 240px\" \/>\t\t\t\t\t\t\t\t\t\t\t\t\t\t<\/div>\n\t\t\t\t\t\t<\/div>\n\t\t\t\t<\/div>\n\t\t\t\t\t\t<\/div>\n\t\t\t\t\t<\/div>\n\t\t<\/div>\n\t\t\t\t\t\t\t\t<\/div>\n\t\t\t\t\t<\/div>\n\t\t<\/section>\n\t\t\t\t\t\t<\/div>\n\t\t\t\t\t<\/div>\n\t\t<\/div>\n\t\t\t\t\t\t\t\t<\/div>\n\t\t\t\t\t<\/div>\n\t\t<\/section>\n\t\t\t\t<section class=\"elementor-section elementor-top-section elementor-element elementor-element-1881d0a elementor-section-boxed elementor-section-height-default elementor-section-height-default\" data-id=\"1881d0a\" data-element_type=\"section\">\n\t\t\t\t\t\t<div class=\"elementor-container elementor-column-gap-default\">\n\t\t\t\t\t\t\t<div class=\"elementor-row\">\n\t\t\t\t\t<div class=\"elementor-column elementor-col-100 elementor-top-column elementor-element elementor-element-1b1d758\" data-id=\"1b1d758\" data-element_type=\"column\">\n\t\t\t<div class=\"elementor-column-wrap elementor-element-populated\">\n\t\t\t\t\t\t\t<div class=\"elementor-widget-wrap\">\n\t\t\t\t\t\t<section class=\"elementor-section elementor-inner-section elementor-element elementor-element-d601d40 elementor-section-boxed elementor-section-height-default elementor-section-height-default\" data-id=\"d601d40\" data-element_type=\"section\">\n\t\t\t\t\t\t<div class=\"elementor-container elementor-column-gap-default\">\n\t\t\t\t\t\t\t<div class=\"elementor-row\">\n\t\t\t\t\t<div class=\"elementor-column elementor-col-50 elementor-inner-column elementor-element elementor-element-87cc4bb\" data-id=\"87cc4bb\" data-element_type=\"column\">\n\t\t\t<div class=\"elementor-column-wrap elementor-element-populated\">\n\t\t\t\t\t\t\t<div class=\"elementor-widget-wrap\">\n\t\t\t\t\t\t<div class=\"elementor-element elementor-element-0fb9947 elementor-widget elementor-widget-image\" data-id=\"0fb9947\" data-element_type=\"widget\" data-widget_type=\"image.default\">\n\t\t\t\t<div class=\"elementor-widget-container\">\n\t\t\t\t\t\t\t\t<div class=\"elementor-image\">\n\t\t\t\t\t\t\t\t\t\t\t\t<img width=\"199\" height=\"300\" src=\"https:\/\/www.carmelitesenfantjesus.fr\/sp\/wp-content\/uploads\/st-jean-de-la-croix-199x300.jpg\" class=\"attachment-medium size-medium\" alt=\"\" decoding=\"async\" loading=\"lazy\" srcset=\"https:\/\/www.carmelitesenfantjesus.fr\/sp\/wp-content\/uploads\/st-jean-de-la-croix-199x300.jpg 199w, https:\/\/www.carmelitesenfantjesus.fr\/sp\/wp-content\/uploads\/st-jean-de-la-croix-500x752.jpg 500w, https:\/\/www.carmelitesenfantjesus.fr\/sp\/wp-content\/uploads\/st-jean-de-la-croix.jpg 509w\" sizes=\"(max-width: 199px) 100vw, 199px\" \/>\t\t\t\t\t\t\t\t\t\t\t\t\t\t<\/div>\n\t\t\t\t\t\t<\/div>\n\t\t\t\t<\/div>\n\t\t\t\t\t\t<\/div>\n\t\t\t\t\t<\/div>\n\t\t<\/div>\n\t\t\t\t<div class=\"elementor-column elementor-col-50 elementor-inner-column elementor-element elementor-element-b87e52b\" data-id=\"b87e52b\" data-element_type=\"column\">\n\t\t\t<div class=\"elementor-column-wrap elementor-element-populated\">\n\t\t\t\t\t\t\t<div class=\"elementor-widget-wrap\">\n\t\t\t\t\t\t<div class=\"elementor-element elementor-element-c0ef90a elementor-widget elementor-widget-text-editor\" data-id=\"c0ef90a\" data-element_type=\"widget\" data-widget_type=\"text-editor.default\">\n\t\t\t\t<div class=\"elementor-widget-container\">\n\t\t\t\t\t\t\t\t<div class=\"elementor-text-editor elementor-clearfix\">\n\t\t\t\t\t<p><strong>Saint Jean de la Croix<\/strong><\/p><p>R\u00e9formateur de l\u2019Ordre aux c\u00f4t\u00e9s de Sainte Th\u00e9r\u00e8se d\u2019Avila, il souffre l\u2019incompr\u00e9hension et la jalousie de la part de ses fr\u00e8res. Alors qu\u2019il est mis au cachot, il \u00e9crit ses plus c\u00e9l\u00e8bres po\u00e8mes mystiques, conduisant l\u2019\u00e2me \u00e0 travers \u00ab\u00a0la nuit obscure\u00a0\u00bb jusqu\u2019\u00e0 l\u2019union transformante en Dieu.<\/p><p><em>\u00ab\u00a0Le plus petit acte de pur amour a plus de prix aux yeux de Dieu, il est plus profitable \u00e0 l\u2019Eglise et \u00e0 l\u2019\u00e2me elle-m\u00eame que toutes les autres \u0153uvres r\u00e9unies.\u00a0\u00bb<\/em><\/p>\t\t\t\t\t<\/div>\n\t\t\t\t\t\t<\/div>\n\t\t\t\t<\/div>\n\t\t\t\t\t\t<\/div>\n\t\t\t\t\t<\/div>\n\t\t<\/div>\n\t\t\t\t\t\t\t\t<\/div>\n\t\t\t\t\t<\/div>\n\t\t<\/section>\n\t\t\t\t\t\t<\/div>\n\t\t\t\t\t<\/div>\n\t\t<\/div>\n\t\t\t\t\t\t\t\t<\/div>\n\t\t\t\t\t<\/div>\n\t\t<\/section>\n\t\t\t\t\t\t<\/div>\n\t\t\t\t\t\t<\/div>\n\t\t\t\t\t<\/div>\n\t\t","protected":false},"excerpt":{"rendered":"<p>Les saints du Carmel Notre Congr\u00e9gation de spiritualit\u00e9 carm\u00e9litaine s&#8217;enracine dans les enseignements et les \u00e9crits des saints du Carmel. Sainte Th\u00e9r\u00e8se de l\u2019Enfant-J\u00e9sus et de la Sainte Face Sainte Patronne de notre congr\u00e9gation, cette jeune carm\u00e9lite du XIX\u00e8me si\u00e8cle, docteur de l\u2019Eglise, nous a livr\u00e9 sa \u00ab\u00a0petite voie\u00a0\u00bb de l\u2019Enfance Spirituelle qui est \u00ab\u00a0le [&hellip;]<\/p>\n","protected":false},"author":2,"featured_media":0,"parent":0,"menu_order":0,"comment_status":"closed","ping_status":"closed","template":"","meta":{"ghostkit_customizer_options":"","ghostkit_custom_css":"","ghostkit_custom_js_head":"","ghostkit_custom_js_foot":"","ghostkit_typography":""},"_links":{"self":[{"href":"https:\/\/www.carmelitesenfantjesus.fr\/sp\/wp-json\/wp\/v2\/pages\/2234"}],"collection":[{"href":"https:\/\/www.carmelitesenfantjesus.fr\/sp\/wp-json\/wp\/v2\/pages"}],"about":[{"href":"https:\/\/www.carmelitesenfantjesus.fr\/sp\/wp-json\/wp\/v2\/types\/page"}],"author":[{"embeddable":true,"href":"https:\/\/www.carmelitesenfantjesus.fr\/sp\/wp-json\/wp\/v2\/users\/2"}],"replies":[{"embeddable":true,"href":"https:\/\/www.carmelitesenfantjesus.fr\/sp\/wp-json\/wp\/v2\/comments?post=2234"}],"version-history":[{"count":37,"href":"https:\/\/www.carmelitesenfantjesus.fr\/sp\/wp-json\/wp\/v2\/pages\/2234\/revisions"}],"predecessor-version":[{"id":2417,"href":"https:\/\/www.carmelitesenfantjesus.fr\/sp\/wp-json\/wp\/v2\/pages\/2234\/revisions\/2417"}],"wp:attachment":[{"href":"https:\/\/www.carmelitesenfantjesus.fr\/sp\/wp-json\/wp\/v2\/media?parent=2234"}],"curies":[{"name":"wp","href":"https:\/\/api.w.org\/{rel}","templated":true}]}}