
{"id":2156,"date":"2023-05-31T18:22:16","date_gmt":"2023-05-31T16:22:16","guid":{"rendered":"https:\/\/www.carmelitesenfantjesus.fr\/sp\/?page_id=2156"},"modified":"2023-07-05T14:45:48","modified_gmt":"2023-07-05T12:45:48","slug":"elementor-2156","status":"publish","type":"page","link":"https:\/\/www.carmelitesenfantjesus.fr\/sp\/elementor-2156\/","title":{"rendered":"Famille Carm\u00e9litaine"},"content":{"rendered":"\t\t<div data-elementor-type=\"wp-page\" data-elementor-id=\"2156\" class=\"elementor elementor-2156\" data-elementor-settings=\"[]\">\n\t\t\t\t\t\t<div class=\"elementor-inner\">\n\t\t\t\t\t\t\t<div class=\"elementor-section-wrap\">\n\t\t\t\t\t\t\t<section class=\"elementor-section elementor-top-section elementor-element elementor-element-bf50c42 elementor-section-boxed elementor-section-height-default elementor-section-height-default\" data-id=\"bf50c42\" data-element_type=\"section\">\n\t\t\t\t\t\t<div class=\"elementor-container elementor-column-gap-default\">\n\t\t\t\t\t\t\t<div class=\"elementor-row\">\n\t\t\t\t\t<div class=\"elementor-column elementor-col-100 elementor-top-column elementor-element elementor-element-d1b3fda\" data-id=\"d1b3fda\" data-element_type=\"column\">\n\t\t\t<div class=\"elementor-column-wrap elementor-element-populated\">\n\t\t\t\t\t\t\t<div class=\"elementor-widget-wrap\">\n\t\t\t\t\t\t<div class=\"elementor-element elementor-element-194c636 elementor-widget elementor-widget-heading\" data-id=\"194c636\" data-element_type=\"widget\" data-widget_type=\"heading.default\">\n\t\t\t\t<div class=\"elementor-widget-container\">\n\t\t\t<h2 class=\"elementor-heading-title elementor-size-default\">La  famille carm\u00e9litaine<\/h2>\t\t<\/div>\n\t\t\t\t<\/div>\n\t\t\t\t\t\t<\/div>\n\t\t\t\t\t<\/div>\n\t\t<\/div>\n\t\t\t\t\t\t\t\t<\/div>\n\t\t\t\t\t<\/div>\n\t\t<\/section>\n\t\t\t\t<section class=\"elementor-section elementor-top-section elementor-element elementor-element-76a348c elementor-section-boxed elementor-section-height-default elementor-section-height-default\" data-id=\"76a348c\" data-element_type=\"section\">\n\t\t\t\t\t\t<div class=\"elementor-container elementor-column-gap-default\">\n\t\t\t\t\t\t\t<div class=\"elementor-row\">\n\t\t\t\t\t<div class=\"elementor-column elementor-col-100 elementor-top-column elementor-element elementor-element-9a1c520\" data-id=\"9a1c520\" data-element_type=\"column\">\n\t\t\t<div class=\"elementor-column-wrap elementor-element-populated\">\n\t\t\t\t\t\t\t<div class=\"elementor-widget-wrap\">\n\t\t\t\t\t\t<div class=\"elementor-element elementor-element-a7760e3 elementor-widget elementor-widget-text-editor\" data-id=\"a7760e3\" data-element_type=\"widget\" data-widget_type=\"text-editor.default\">\n\t\t\t\t<div class=\"elementor-widget-container\">\n\t\t\t\t\t\t\t\t<div class=\"elementor-text-editor elementor-clearfix\">\n\t\t\t\t\t<p>\u00a0<\/p><p><span style=\"color: #993300;\"><strong>Notre congr\u00e9gation, agr\u00e9g\u00e9e \u00e0 l\u2019Ordre des Carmes D\u00e9chaux, s\u2019appuie sur\u00a0la r\u00e8gle du Carmel.<\/strong> <\/span><\/p><p><span style=\"color: #993300;\">Au 13<sup>\u00e8me<\/sup> si\u00e8cle, des ermites vivant sur le Mont Carmel se sont regroup\u00e9s et ont demand\u00e9 \u00e0 Albert, alors patriarche de J\u00e9rusalem, de leur r\u00e9diger une r\u00e8gle de vie. Notre vie, \u00e0 l\u2019exemple de ces premiers moines, se veut \u00e0 la fois contemplative et apostolique. La recherche de la solitude et du silence, indispensables \u00e0 la croissance de toute vie spirituelle, sont au c\u0153ur de notre vie. L\u2019apostolat d\u00e9coule naturellement de la contemplation et du climat de recueillement auxquels nous tendons, o\u00f9 Dieu veut se faire Tout \u00e0 Tous. Ainsi se d\u00e9gagent de la spiritualit\u00e9 du Carmel, trois piliers\u00a0:<\/span><\/p>\t\t\t\t\t<\/div>\n\t\t\t\t\t\t<\/div>\n\t\t\t\t<\/div>\n\t\t\t\t\t\t<\/div>\n\t\t\t\t\t<\/div>\n\t\t<\/div>\n\t\t\t\t\t\t\t\t<\/div>\n\t\t\t\t\t<\/div>\n\t\t<\/section>\n\t\t\t\t<section class=\"elementor-section elementor-top-section elementor-element elementor-element-1515ac5 elementor-section-boxed elementor-section-height-default elementor-section-height-default\" data-id=\"1515ac5\" data-element_type=\"section\">\n\t\t\t\t\t\t<div class=\"elementor-container elementor-column-gap-default\">\n\t\t\t\t\t\t\t<div class=\"elementor-row\">\n\t\t\t\t\t<div class=\"elementor-column elementor-col-100 elementor-top-column elementor-element elementor-element-bbdeb1d\" data-id=\"bbdeb1d\" data-element_type=\"column\">\n\t\t\t<div class=\"elementor-column-wrap elementor-element-populated\">\n\t\t\t\t\t\t\t<div class=\"elementor-widget-wrap\">\n\t\t\t\t\t\t<div class=\"elementor-element elementor-element-8f6bac6 elementor-widget elementor-widget-text-editor\" data-id=\"8f6bac6\" data-element_type=\"widget\" data-widget_type=\"text-editor.default\">\n\t\t\t\t<div class=\"elementor-widget-container\">\n\t\t\t\t\t\t\t\t<div class=\"elementor-text-editor elementor-clearfix\">\n\t\t\t\t\t<ul>\n<li><strong><span style=\"color: #000000;\">La vie de pri\u00e8re :<\/span><\/strong><\/li>\n<\/ul>\n<p><span style=\"color: #993300;\">La R\u00e8gle du Carmel nous invite \u00e0 la pri\u00e8re continuelle&nbsp;:<\/span><\/p>\n<p><span style=\"color: #993300;\">\u00ab&nbsp;Que chacun demeure dans sa cellule ou pr\u00e8s d\u2019elle, m\u00e9ditant jour et nuit la loi du Seigneur [Ps 1,2&nbsp;; Jos 1,8] et veillant dans la pri\u00e8re [1 P 4,7], \u00e0 moins qu\u2019il ne soit occup\u00e9 en raison d\u2019autres justes causes.&nbsp;\u00bb<\/span><\/p>\n<p><span style=\"color: #993300;\">\u00ab&nbsp;Que le glaive de l\u2019Esprit, qui est la parole de Dieu [Ep 6, 17], habite en abondance [Col 10,8] en votre bouche et en votre c\u0153ur [Rm 10,8] et que tout ce que vous avez \u00e0 faire soit fait selon la parole du Seigneur [Col 3,17&nbsp;; 1 Co 10,31].&nbsp;\u00bb<\/span><\/p>\n<p><span style=\"color: #993300;\">Au Carmel, l\u2019oraison silencieuse est la forme privil\u00e9gi\u00e9e pour appendre \u00e0 demeurer dans la pri\u00e8re continuelle.<\/span><\/p>\n<p><span style=\"color: #993300;\">\u00ab&nbsp;L\u2019oraison est un \u00e9change d\u2019amiti\u00e9 o\u00f9 l\u2019on s\u2019entretient souvent seul \u00e0 seul avec ce Dieu dont nous savons qu\u2019Il nous aime.&nbsp;\u00bb (Sainte Th\u00e9r\u00e8se d\u2019Avila, <em>Vie <\/em>chap. 8)<\/span><\/p>\n<ul>\n<li><strong><span style=\"color: #000000;\">La vie communautaire :<\/span><\/strong><\/li>\n<\/ul>\n<p><span style=\"color: #993300;\">La vie fraternelle est au c\u0153ur de la vie du Carmel&nbsp;: vivre en pr\u00e9sence de Dieu change notre regard sur les autres et nous apprend \u00e0 vivre le nouveau commandement de l\u2019amour \u00ab&nbsp;Aimez-vous les uns les autres comme je vous ai aim\u00e9s&nbsp;\u00bb. (Jn 13, 34)<\/span><\/p>\n<ul>\n<li><strong><span style=\"color: #000000;\">Le travail et la vie apostolique :<\/span><\/strong><\/li>\n<\/ul>\n<p><span style=\"color: #993300;\">La devise du Carmel manifeste la compl\u00e9mentarit\u00e9 d\u2019une vocation \u00e0 la foi contemplative et apostolique&nbsp;: \u00ab&nbsp;Il est vivant le Seigneur devant qui je me tiens.&nbsp;\u00bb (1 Rois 18,15) \u00e0 laquelle s\u2019ajoute \u00ab&nbsp;Je suis rempli d\u2019un z\u00e8le jaloux pour le Seigneur Sabaoth&nbsp;\u00bb (1 Rois 19,14).<\/span><\/p>\n<p><span style=\"color: #993300;\">Enfin, \u00ab&nbsp;le Carmel est tout marial&nbsp;\u00bb, c\u2019est pourquoi nous portons le Scapulaire. Se rev\u00eatir de l\u2019habit de la Bienheureuse Vierge Marie du Mont Carmel signifie la prendre comme mod\u00e8le de notre vie spirituelle, comme M\u00e8re et comme S\u0153ur pour nous conduire \u00e0 J\u00e9sus.<\/span><\/p>\n<p style=\"text-align: center;\"><em><strong><span style=\"color: #993300;\">\u00ab&nbsp;Fleur du Carmel, Vigne fleurie, Beaut\u00e9 du Ciel<\/span><\/strong><\/em><br><em><strong><span style=\"color: #993300;\">Vierge f\u00e9conde, M\u00e8re douce et toute pure, \u00c9toile de la mer<\/span><\/strong><\/em><br><em><strong><span style=\"color: #993300;\">Donne-nous un signe de ta maternelle protection<\/span><\/strong><\/em><br><em><strong><span style=\"color: #993300;\">Fleur du Carmel, Vigne fleurie, Beaut\u00e9 du Ciel&nbsp;\u00bb<\/span><\/strong><\/em><\/p>\n<p style=\"text-align: center;\"><span style=\"color: #993300;\"><em>Pri\u00e8re \u00e0 ND du Mont Carmel<\/em><\/span><span style=\"color: #993300;\">&nbsp;<\/span><\/p>\t\t\t\t\t<\/div>\n\t\t\t\t\t\t<\/div>\n\t\t\t\t<\/div>\n\t\t\t\t\t\t<\/div>\n\t\t\t\t\t<\/div>\n\t\t<\/div>\n\t\t\t\t\t\t\t\t<\/div>\n\t\t\t\t\t<\/div>\n\t\t<\/section>\n\t\t\t\t<section class=\"elementor-section elementor-top-section elementor-element elementor-element-1219955 elementor-section-boxed elementor-section-height-default elementor-section-height-default\" data-id=\"1219955\" data-element_type=\"section\">\n\t\t\t\t\t\t<div class=\"elementor-container elementor-column-gap-default\">\n\t\t\t\t\t\t\t<div class=\"elementor-row\">\n\t\t\t\t\t<div class=\"elementor-column elementor-col-100 elementor-top-column elementor-element elementor-element-f0762f3\" data-id=\"f0762f3\" data-element_type=\"column\">\n\t\t\t<div class=\"elementor-column-wrap elementor-element-populated\">\n\t\t\t\t\t\t\t<div class=\"elementor-widget-wrap\">\n\t\t\t\t\t\t<div class=\"elementor-element elementor-element-9299f93 elementor-widget elementor-widget-heading\" data-id=\"9299f93\" data-element_type=\"widget\" data-widget_type=\"heading.default\">\n\t\t\t\t<div class=\"elementor-widget-container\">\n\t\t\t<h2 class=\"elementor-heading-title elementor-size-default\">Liens vers les sites du Carmel :<\/h2>\t\t<\/div>\n\t\t\t\t<\/div>\n\t\t\t\t\t\t<\/div>\n\t\t\t\t\t<\/div>\n\t\t<\/div>\n\t\t\t\t\t\t\t\t<\/div>\n\t\t\t\t\t<\/div>\n\t\t<\/section>\n\t\t\t\t<section class=\"elementor-section elementor-top-section elementor-element elementor-element-727e782 elementor-section-boxed elementor-section-height-default elementor-section-height-default\" data-id=\"727e782\" data-element_type=\"section\">\n\t\t\t\t\t\t<div class=\"elementor-container elementor-column-gap-default\">\n\t\t\t\t\t\t\t<div class=\"elementor-row\">\n\t\t\t\t\t<div class=\"elementor-column elementor-col-100 elementor-top-column elementor-element elementor-element-f6cd746\" data-id=\"f6cd746\" data-element_type=\"column\">\n\t\t\t<div class=\"elementor-column-wrap elementor-element-populated\">\n\t\t\t\t\t\t\t<div class=\"elementor-widget-wrap\">\n\t\t\t\t\t\t<div class=\"elementor-element elementor-element-49d16ef elementor-widget elementor-widget-heading\" data-id=\"49d16ef\" data-element_type=\"widget\" data-widget_type=\"heading.default\">\n\t\t\t\t<div class=\"elementor-widget-container\">\n\t\t\t<h2 class=\"elementor-heading-title elementor-size-default\"><a href=\"https:\/\/www.carmel.asso.fr\/\">Le Carmel en France<\/a><\/h2>\t\t<\/div>\n\t\t\t\t<\/div>\n\t\t\t\t\t\t<\/div>\n\t\t\t\t\t<\/div>\n\t\t<\/div>\n\t\t\t\t\t\t\t\t<\/div>\n\t\t\t\t\t<\/div>\n\t\t<\/section>\n\t\t\t\t<section class=\"elementor-section elementor-top-section elementor-element elementor-element-5007021 elementor-section-boxed elementor-section-height-default elementor-section-height-default\" data-id=\"5007021\" data-element_type=\"section\">\n\t\t\t\t\t\t<div class=\"elementor-container elementor-column-gap-default\">\n\t\t\t\t\t\t\t<div class=\"elementor-row\">\n\t\t\t\t\t<div class=\"elementor-column elementor-col-100 elementor-top-column elementor-element elementor-element-d03f60b\" data-id=\"d03f60b\" data-element_type=\"column\">\n\t\t\t<div class=\"elementor-column-wrap elementor-element-populated\">\n\t\t\t\t\t\t\t<div class=\"elementor-widget-wrap\">\n\t\t\t\t\t\t<div class=\"elementor-element elementor-element-9375f8e elementor-widget elementor-widget-heading\" data-id=\"9375f8e\" data-element_type=\"widget\" data-widget_type=\"heading.default\">\n\t\t\t\t<div class=\"elementor-widget-container\">\n\t\t\t<h2 class=\"elementor-heading-title elementor-size-default\"><a href=\"https:\/\/editionsducarmel.com\/index.php\">Les \u00c9ditions du Carmel<\/a><\/h2>\t\t<\/div>\n\t\t\t\t<\/div>\n\t\t\t\t\t\t<\/div>\n\t\t\t\t\t<\/div>\n\t\t<\/div>\n\t\t\t\t\t\t\t\t<\/div>\n\t\t\t\t\t<\/div>\n\t\t<\/section>\n\t\t\t\t<section class=\"elementor-section elementor-top-section elementor-element elementor-element-b206f74 elementor-section-boxed elementor-section-height-default elementor-section-height-default\" data-id=\"b206f74\" data-element_type=\"section\">\n\t\t\t\t\t\t<div class=\"elementor-container elementor-column-gap-default\">\n\t\t\t\t\t\t\t<div class=\"elementor-row\">\n\t\t\t\t\t<div class=\"elementor-column elementor-col-100 elementor-top-column elementor-element elementor-element-288f388\" data-id=\"288f388\" data-element_type=\"column\">\n\t\t\t<div class=\"elementor-column-wrap elementor-element-populated\">\n\t\t\t\t\t\t\t<div class=\"elementor-widget-wrap\">\n\t\t\t\t\t\t<div class=\"elementor-element elementor-element-bf6ad3d elementor-widget elementor-widget-spacer\" data-id=\"bf6ad3d\" data-element_type=\"widget\" data-widget_type=\"spacer.default\">\n\t\t\t\t<div class=\"elementor-widget-container\">\n\t\t\t\t\t<div class=\"elementor-spacer\">\n\t\t\t<div class=\"elementor-spacer-inner\"><\/div>\n\t\t<\/div>\n\t\t\t\t<\/div>\n\t\t\t\t<\/div>\n\t\t\t\t\t\t<\/div>\n\t\t\t\t\t<\/div>\n\t\t<\/div>\n\t\t\t\t\t\t\t\t<\/div>\n\t\t\t\t\t<\/div>\n\t\t<\/section>\n\t\t\t\t\t\t<\/div>\n\t\t\t\t\t\t<\/div>\n\t\t\t\t\t<\/div>\n\t\t","protected":false},"excerpt":{"rendered":"<p>La famille carm\u00e9litaine \u00a0 Notre congr\u00e9gation, agr\u00e9g\u00e9e \u00e0 l\u2019Ordre des Carmes D\u00e9chaux, s\u2019appuie sur\u00a0la r\u00e8gle du Carmel. Au 13\u00e8me si\u00e8cle, des ermites vivant sur le Mont Carmel se sont regroup\u00e9s et ont demand\u00e9 \u00e0 Albert, alors patriarche de J\u00e9rusalem, de leur r\u00e9diger une r\u00e8gle de vie. Notre vie, \u00e0 l\u2019exemple de ces premiers moines, se [&hellip;]<\/p>\n","protected":false},"author":2,"featured_media":0,"parent":0,"menu_order":0,"comment_status":"closed","ping_status":"closed","template":"","meta":{"ghostkit_customizer_options":"","ghostkit_custom_css":"","ghostkit_custom_js_head":"","ghostkit_custom_js_foot":"","ghostkit_typography":""},"_links":{"self":[{"href":"https:\/\/www.carmelitesenfantjesus.fr\/sp\/wp-json\/wp\/v2\/pages\/2156"}],"collection":[{"href":"https:\/\/www.carmelitesenfantjesus.fr\/sp\/wp-json\/wp\/v2\/pages"}],"about":[{"href":"https:\/\/www.carmelitesenfantjesus.fr\/sp\/wp-json\/wp\/v2\/types\/page"}],"author":[{"embeddable":true,"href":"https:\/\/www.carmelitesenfantjesus.fr\/sp\/wp-json\/wp\/v2\/users\/2"}],"replies":[{"embeddable":true,"href":"https:\/\/www.carmelitesenfantjesus.fr\/sp\/wp-json\/wp\/v2\/comments?post=2156"}],"version-history":[{"count":30,"href":"https:\/\/www.carmelitesenfantjesus.fr\/sp\/wp-json\/wp\/v2\/pages\/2156\/revisions"}],"predecessor-version":[{"id":2374,"href":"https:\/\/www.carmelitesenfantjesus.fr\/sp\/wp-json\/wp\/v2\/pages\/2156\/revisions\/2374"}],"wp:attachment":[{"href":"https:\/\/www.carmelitesenfantjesus.fr\/sp\/wp-json\/wp\/v2\/media?parent=2156"}],"curies":[{"name":"wp","href":"https:\/\/api.w.org\/{rel}","templated":true}]}}