
{"id":2020,"date":"2023-05-17T10:11:15","date_gmt":"2023-05-17T08:11:15","guid":{"rendered":"https:\/\/www.carmelitesenfantjesus.fr\/sp\/?page_id=2020"},"modified":"2024-05-01T16:31:32","modified_gmt":"2024-05-01T14:31:32","slug":"journee-type","status":"publish","type":"page","link":"https:\/\/www.carmelitesenfantjesus.fr\/sp\/journee-type\/","title":{"rendered":"Journ\u00e9e-type"},"content":{"rendered":"\t\t<div data-elementor-type=\"wp-page\" data-elementor-id=\"2020\" class=\"elementor elementor-2020\" data-elementor-settings=\"[]\">\n\t\t\t\t\t\t<div class=\"elementor-inner\">\n\t\t\t\t\t\t\t<div class=\"elementor-section-wrap\">\n\t\t\t\t\t\t\t<section class=\"elementor-section elementor-top-section elementor-element elementor-element-3e7bc86 elementor-section-boxed elementor-section-height-default elementor-section-height-default\" data-id=\"3e7bc86\" data-element_type=\"section\">\n\t\t\t\t\t\t<div class=\"elementor-container elementor-column-gap-default\">\n\t\t\t\t\t\t\t<div class=\"elementor-row\">\n\t\t\t\t\t<div class=\"elementor-column elementor-col-100 elementor-top-column elementor-element elementor-element-3dc36d7\" data-id=\"3dc36d7\" data-element_type=\"column\">\n\t\t\t<div class=\"elementor-column-wrap elementor-element-populated\">\n\t\t\t\t\t\t\t<div class=\"elementor-widget-wrap\">\n\t\t\t\t\t\t<div class=\"elementor-element elementor-element-cea7577 elementor-widget elementor-widget-heading\" data-id=\"cea7577\" data-element_type=\"widget\" data-widget_type=\"heading.default\">\n\t\t\t\t<div class=\"elementor-widget-container\">\n\t\t\t<h2 class=\"elementor-heading-title elementor-size-default\">Une journ\u00e9e avec les s\u0153urs carm\u00e9lites de l'Enfant-J\u00e9sus<\/h2>\t\t<\/div>\n\t\t\t\t<\/div>\n\t\t\t\t<div class=\"elementor-element elementor-element-398bf76 elementor-widget elementor-widget-spacer\" data-id=\"398bf76\" data-element_type=\"widget\" data-widget_type=\"spacer.default\">\n\t\t\t\t<div class=\"elementor-widget-container\">\n\t\t\t\t\t<div class=\"elementor-spacer\">\n\t\t\t<div class=\"elementor-spacer-inner\"><\/div>\n\t\t<\/div>\n\t\t\t\t<\/div>\n\t\t\t\t<\/div>\n\t\t\t\t\t\t<\/div>\n\t\t\t\t\t<\/div>\n\t\t<\/div>\n\t\t\t\t\t\t\t\t<\/div>\n\t\t\t\t\t<\/div>\n\t\t<\/section>\n\t\t\t\t<section class=\"elementor-section elementor-top-section elementor-element elementor-element-982b9a0 elementor-section-boxed elementor-section-height-default elementor-section-height-default\" data-id=\"982b9a0\" data-element_type=\"section\">\n\t\t\t\t\t\t<div class=\"elementor-container elementor-column-gap-default\">\n\t\t\t\t\t\t\t<div class=\"elementor-row\">\n\t\t\t\t\t<div class=\"elementor-column elementor-col-100 elementor-top-column elementor-element elementor-element-779ddb8\" data-id=\"779ddb8\" data-element_type=\"column\">\n\t\t\t<div class=\"elementor-column-wrap elementor-element-populated\">\n\t\t\t\t\t\t\t<div class=\"elementor-widget-wrap\">\n\t\t\t\t\t\t<div class=\"elementor-element elementor-element-df9cc31 elementor-widget elementor-widget-image-gallery\" data-id=\"df9cc31\" data-element_type=\"widget\" data-widget_type=\"image-gallery.default\">\n\t\t\t\t<div class=\"elementor-widget-container\">\n\t\t\t\t\t<div class=\"elementor-image-gallery\">\n\t\t\t<div id='gallery-1' class='gallery galleryid-2020 gallery-columns-5 gallery-size-thumbnail'><figure class='gallery-item'>\n\t\t\t<div class='gallery-icon landscape'>\n\t\t\t\t<a data-elementor-open-lightbox=\"yes\" data-elementor-lightbox-slideshow=\"df9cc31\" data-elementor-lightbox-title=\"IMG_3032\" href='https:\/\/www.carmelitesenfantjesus.fr\/sp\/wp-content\/uploads\/IMG_3032.jpg'><img width=\"150\" height=\"150\" src=\"https:\/\/www.carmelitesenfantjesus.fr\/sp\/wp-content\/uploads\/IMG_3032-150x150.jpg\" class=\"attachment-thumbnail size-thumbnail\" alt=\"\" decoding=\"async\" loading=\"lazy\" srcset=\"https:\/\/www.carmelitesenfantjesus.fr\/sp\/wp-content\/uploads\/IMG_3032-150x150.jpg 150w, https:\/\/www.carmelitesenfantjesus.fr\/sp\/wp-content\/uploads\/IMG_3032-560x560.jpg 560w\" sizes=\"(max-width: 150px) 100vw, 150px\" \/><\/a>\n\t\t\t<\/div><\/figure><figure class='gallery-item'>\n\t\t\t<div class='gallery-icon landscape'>\n\t\t\t\t<a data-elementor-open-lightbox=\"yes\" data-elementor-lightbox-slideshow=\"df9cc31\" data-elementor-lightbox-title=\"-\" href='https:\/\/www.carmelitesenfantjesus.fr\/sp\/wp-content\/uploads\/slider8.jpg'><img width=\"150\" height=\"150\" src=\"https:\/\/www.carmelitesenfantjesus.fr\/sp\/wp-content\/uploads\/slider8-150x150.jpg\" class=\"attachment-thumbnail size-thumbnail\" alt=\"\" decoding=\"async\" loading=\"lazy\" \/><\/a>\n\t\t\t<\/div><\/figure><figure class='gallery-item'>\n\t\t\t<div class='gallery-icon landscape'>\n\t\t\t\t<a data-elementor-open-lightbox=\"yes\" data-elementor-lightbox-slideshow=\"df9cc31\" data-elementor-lightbox-title=\"IMG_3105\" href='https:\/\/www.carmelitesenfantjesus.fr\/sp\/wp-content\/uploads\/IMG_3105.jpg'><img width=\"150\" height=\"150\" src=\"https:\/\/www.carmelitesenfantjesus.fr\/sp\/wp-content\/uploads\/IMG_3105-150x150.jpg\" class=\"attachment-thumbnail size-thumbnail\" alt=\"\" decoding=\"async\" loading=\"lazy\" srcset=\"https:\/\/www.carmelitesenfantjesus.fr\/sp\/wp-content\/uploads\/IMG_3105-150x150.jpg 150w, https:\/\/www.carmelitesenfantjesus.fr\/sp\/wp-content\/uploads\/IMG_3105-560x560.jpg 560w\" sizes=\"(max-width: 150px) 100vw, 150px\" \/><\/a>\n\t\t\t<\/div><\/figure><figure class='gallery-item'>\n\t\t\t<div class='gallery-icon landscape'>\n\t\t\t\t<a data-elementor-open-lightbox=\"yes\" data-elementor-lightbox-slideshow=\"df9cc31\" data-elementor-lightbox-title=\"DSC09724\" href='https:\/\/www.carmelitesenfantjesus.fr\/sp\/wp-content\/uploads\/DSC09724.jpg'><img width=\"150\" height=\"150\" src=\"https:\/\/www.carmelitesenfantjesus.fr\/sp\/wp-content\/uploads\/DSC09724-150x150.jpg\" class=\"attachment-thumbnail size-thumbnail\" alt=\"\" decoding=\"async\" loading=\"lazy\" \/><\/a>\n\t\t\t<\/div><\/figure><figure class='gallery-item'>\n\t\t\t<div class='gallery-icon landscape'>\n\t\t\t\t<a data-elementor-open-lightbox=\"yes\" data-elementor-lightbox-slideshow=\"df9cc31\" data-elementor-lightbox-title=\"-\" href='https:\/\/www.carmelitesenfantjesus.fr\/sp\/wp-content\/uploads\/120_resultat.jpg'><img width=\"150\" height=\"150\" src=\"https:\/\/www.carmelitesenfantjesus.fr\/sp\/wp-content\/uploads\/120_resultat-150x150.jpg\" class=\"attachment-thumbnail size-thumbnail\" alt=\"\" decoding=\"async\" loading=\"lazy\" srcset=\"https:\/\/www.carmelitesenfantjesus.fr\/sp\/wp-content\/uploads\/120_resultat-150x150.jpg 150w, https:\/\/www.carmelitesenfantjesus.fr\/sp\/wp-content\/uploads\/120_resultat-560x560.jpg 560w\" sizes=\"(max-width: 150px) 100vw, 150px\" \/><\/a>\n\t\t\t<\/div><\/figure>\n\t\t<\/div>\n\t\t<\/div>\n\t\t\t\t<\/div>\n\t\t\t\t<\/div>\n\t\t\t\t\t\t<\/div>\n\t\t\t\t\t<\/div>\n\t\t<\/div>\n\t\t\t\t\t\t\t\t<\/div>\n\t\t\t\t\t<\/div>\n\t\t<\/section>\n\t\t\t\t<section class=\"elementor-section elementor-top-section elementor-element elementor-element-d6eb8b5 elementor-section-boxed elementor-section-height-default elementor-section-height-default\" data-id=\"d6eb8b5\" data-element_type=\"section\">\n\t\t\t\t\t\t<div class=\"elementor-container elementor-column-gap-default\">\n\t\t\t\t\t\t\t<div class=\"elementor-row\">\n\t\t\t\t\t<div class=\"elementor-column elementor-col-100 elementor-top-column elementor-element elementor-element-3b2e11b\" data-id=\"3b2e11b\" data-element_type=\"column\">\n\t\t\t<div class=\"elementor-column-wrap elementor-element-populated\">\n\t\t\t\t\t\t\t<div class=\"elementor-widget-wrap\">\n\t\t\t\t\t\t<div class=\"elementor-element elementor-element-bc1755b elementor-widget elementor-widget-spacer\" data-id=\"bc1755b\" data-element_type=\"widget\" data-widget_type=\"spacer.default\">\n\t\t\t\t<div class=\"elementor-widget-container\">\n\t\t\t\t\t<div class=\"elementor-spacer\">\n\t\t\t<div class=\"elementor-spacer-inner\"><\/div>\n\t\t<\/div>\n\t\t\t\t<\/div>\n\t\t\t\t<\/div>\n\t\t\t\t\t\t<\/div>\n\t\t\t\t\t<\/div>\n\t\t<\/div>\n\t\t\t\t\t\t\t\t<\/div>\n\t\t\t\t\t<\/div>\n\t\t<\/section>\n\t\t\t\t<section class=\"elementor-section elementor-top-section elementor-element elementor-element-55717df elementor-section-boxed elementor-section-height-default elementor-section-height-default\" data-id=\"55717df\" data-element_type=\"section\">\n\t\t\t\t\t\t<div class=\"elementor-container elementor-column-gap-default\">\n\t\t\t\t\t\t\t<div class=\"elementor-row\">\n\t\t\t\t\t<div class=\"elementor-column elementor-col-100 elementor-top-column elementor-element elementor-element-c180aa0\" data-id=\"c180aa0\" data-element_type=\"column\">\n\t\t\t<div class=\"elementor-column-wrap elementor-element-populated\">\n\t\t\t\t\t\t\t<div class=\"elementor-widget-wrap\">\n\t\t\t\t\t\t<div class=\"elementor-element elementor-element-7113b8f elementor-widget elementor-widget-text-editor\" data-id=\"7113b8f\" data-element_type=\"widget\" data-widget_type=\"text-editor.default\">\n\t\t\t\t<div class=\"elementor-widget-container\">\n\t\t\t\t\t\t\t\t<div class=\"elementor-text-editor elementor-clearfix\">\n\t\t\t\t\t<p><strong>6h<\/strong> Lever<\/p><p><strong>6h30<\/strong> Office des Lectures et des Laudes, Oraison, Chapelet<\/p><p><strong>8h10<\/strong> Petit D\u00e9jeuner<\/p><p><strong>8h30<\/strong> Lecture spirituelle<\/p><p><strong>9h<\/strong> Travail \/ Apostolat (1h d&#8217;\u00e9tude pour les s\u0153urs en formation)<\/p><p><strong>12h<\/strong> Ang\u00e9lus, pri\u00e8res communautaires, office du milieu du jour<\/p><p><strong>12h30<\/strong> D\u00e9jeuner en silence<\/p><p><strong>13h<\/strong> R\u00e9cr\u00e9ation communautaire<\/p><p><strong>14h<\/strong> Grand silence<\/p><p><strong>15h<\/strong> Travail \/ Apostolat (45&#8242; d&#8217;\u00e9tude pour les s\u0153urs en formation)<\/p><p><strong>17h30<\/strong> Oraison, V\u00eapres, Messe<\/p><p><strong>19h30<\/strong> Diner, r\u00e9cr\u00e9ation<\/p><p><strong>20h30<\/strong> Complies, grand silence<\/p>\t\t\t\t\t<\/div>\n\t\t\t\t\t\t<\/div>\n\t\t\t\t<\/div>\n\t\t\t\t\t\t<\/div>\n\t\t\t\t\t<\/div>\n\t\t<\/div>\n\t\t\t\t\t\t\t\t<\/div>\n\t\t\t\t\t<\/div>\n\t\t<\/section>\n\t\t\t\t<section class=\"elementor-section elementor-top-section elementor-element elementor-element-30fc930 elementor-section-boxed elementor-section-height-default elementor-section-height-default\" data-id=\"30fc930\" data-element_type=\"section\">\n\t\t\t\t\t\t<div class=\"elementor-container elementor-column-gap-default\">\n\t\t\t\t\t\t\t<div class=\"elementor-row\">\n\t\t\t\t\t<div class=\"elementor-column elementor-col-100 elementor-top-column elementor-element elementor-element-5c50211\" data-id=\"5c50211\" data-element_type=\"column\">\n\t\t\t<div class=\"elementor-column-wrap elementor-element-populated\">\n\t\t\t\t\t\t\t<div class=\"elementor-widget-wrap\">\n\t\t\t\t\t\t<div class=\"elementor-element elementor-element-b4bd149 elementor-widget elementor-widget-text-editor\" data-id=\"b4bd149\" data-element_type=\"widget\" data-widget_type=\"text-editor.default\">\n\t\t\t\t<div class=\"elementor-widget-container\">\n\t\t\t\t\t\t\t\t<div class=\"elementor-text-editor elementor-clearfix\">\n\t\t\t\t\t<p><em>Ces horaires sont susceptibles de varier en fonction des activit\u00e9s des maisons.<\/em><\/p>\t\t\t\t\t<\/div>\n\t\t\t\t\t\t<\/div>\n\t\t\t\t<\/div>\n\t\t\t\t\t\t<\/div>\n\t\t\t\t\t<\/div>\n\t\t<\/div>\n\t\t\t\t\t\t\t\t<\/div>\n\t\t\t\t\t<\/div>\n\t\t<\/section>\n\t\t\t\t\t\t<\/div>\n\t\t\t\t\t\t<\/div>\n\t\t\t\t\t<\/div>\n\t\t","protected":false},"excerpt":{"rendered":"<p>Une journ\u00e9e avec les s\u0153urs carm\u00e9lites de l&#8217;Enfant-J\u00e9sus 6h Lever 6h30 Office des Lectures et des Laudes, Oraison, Chapelet 8h10 Petit D\u00e9jeuner 8h30 Lecture spirituelle 9h Travail \/ Apostolat (1h d&#8217;\u00e9tude pour les s\u0153urs en formation) 12h Ang\u00e9lus, pri\u00e8res communautaires, office du milieu du jour 12h30 D\u00e9jeuner en silence 13h R\u00e9cr\u00e9ation communautaire 14h Grand silence [&hellip;]<\/p>\n","protected":false},"author":2,"featured_media":0,"parent":0,"menu_order":0,"comment_status":"closed","ping_status":"closed","template":"","meta":{"ghostkit_customizer_options":"","ghostkit_custom_css":"","ghostkit_custom_js_head":"","ghostkit_custom_js_foot":"","ghostkit_typography":""},"_links":{"self":[{"href":"https:\/\/www.carmelitesenfantjesus.fr\/sp\/wp-json\/wp\/v2\/pages\/2020"}],"collection":[{"href":"https:\/\/www.carmelitesenfantjesus.fr\/sp\/wp-json\/wp\/v2\/pages"}],"about":[{"href":"https:\/\/www.carmelitesenfantjesus.fr\/sp\/wp-json\/wp\/v2\/types\/page"}],"author":[{"embeddable":true,"href":"https:\/\/www.carmelitesenfantjesus.fr\/sp\/wp-json\/wp\/v2\/users\/2"}],"replies":[{"embeddable":true,"href":"https:\/\/www.carmelitesenfantjesus.fr\/sp\/wp-json\/wp\/v2\/comments?post=2020"}],"version-history":[{"count":58,"href":"https:\/\/www.carmelitesenfantjesus.fr\/sp\/wp-json\/wp\/v2\/pages\/2020\/revisions"}],"predecessor-version":[{"id":2507,"href":"https:\/\/www.carmelitesenfantjesus.fr\/sp\/wp-json\/wp\/v2\/pages\/2020\/revisions\/2507"}],"wp:attachment":[{"href":"https:\/\/www.carmelitesenfantjesus.fr\/sp\/wp-json\/wp\/v2\/media?parent=2020"}],"curies":[{"name":"wp","href":"https:\/\/api.w.org\/{rel}","templated":true}]}}